{"id":20,"date":"2023-07-21T09:03:41","date_gmt":"2023-07-21T09:03:41","guid":{"rendered":"http:\/\/la-cle-des-champs\/?page_id=20"},"modified":"2023-09-13T11:47:37","modified_gmt":"2023-09-13T11:47:37","slug":"activites","status":"publish","type":"page","link":"http:\/\/beta.lacledeschamps-hotels.com\/kv1726-ovh\/activites\/","title":{"rendered":"Activit\u00e9s"},"content":{"rendered":"\t\t<div data-elementor-type=\"wp-page\" data-elementor-id=\"20\" class=\"elementor elementor-20\" data-elementor-post-type=\"page\">\n\t\t\t\t\t\t<section class=\"elementor-section elementor-top-section elementor-element elementor-element-a60f8ae elementor-section-height-min-height elementor-section-boxed elementor-section-height-default elementor-section-items-middle\" data-id=\"a60f8ae\" data-element_type=\"section\" data-e-type=\"section\" data-settings=\"{&quot;background_background&quot;:&quot;classic&quot;}\">\n\t\t\t\t\t\t\t<div class=\"elementor-background-overlay\"><\/div>\n\t\t\t\t\t\t\t<div class=\"elementor-container elementor-column-gap-default\">\n\t\t\t\t\t<div class=\"elementor-column elementor-col-100 elementor-top-column elementor-element elementor-element-e1f9107\" data-id=\"e1f9107\" data-element_type=\"column\" data-e-type=\"column\">\n\t\t\t<div class=\"elementor-widget-wrap elementor-element-populated\">\n\t\t\t\t\t\t<div class=\"elementor-element elementor-element-df9e2d3 elementor-widget elementor-widget-heading\" data-id=\"df9e2d3\" data-element_type=\"widget\" data-e-type=\"widget\" data-widget_type=\"heading.default\">\n\t\t\t\t<div class=\"elementor-widget-container\">\n\t\t\t\t\t<span class=\"elementor-heading-title elementor-size-default\">Nos activit\u00e9s<\/span>\t\t\t\t<\/div>\n\t\t\t\t<\/div>\n\t\t\t\t<div class=\"elementor-element elementor-element-41df50f elementor-widget elementor-widget-heading\" data-id=\"41df50f\" data-element_type=\"widget\" data-e-type=\"widget\" data-widget_type=\"heading.default\">\n\t\t\t\t<div class=\"elementor-widget-container\">\n\t\t\t\t\t<span class=\"elementor-heading-title elementor-size-default\">H\u00f4tel \u00e0 Montm\u00e9lian<\/span>\t\t\t\t<\/div>\n\t\t\t\t<\/div>\n\t\t\t\t\t<\/div>\n\t\t<\/div>\n\t\t\t\t\t<\/div>\n\t\t<\/section>\n\t\t\t\t<section class=\"elementor-section elementor-top-section elementor-element elementor-element-8e4d7b8 elementor-section-boxed elementor-section-height-default elementor-section-height-default\" data-id=\"8e4d7b8\" data-element_type=\"section\" data-e-type=\"section\" data-settings=\"{&quot;background_background&quot;:&quot;classic&quot;}\">\n\t\t\t\t\t\t<div class=\"elementor-container elementor-column-gap-default\">\n\t\t\t\t\t<div class=\"elementor-column elementor-col-100 elementor-top-column elementor-element elementor-element-0072c81\" data-id=\"0072c81\" data-element_type=\"column\" data-e-type=\"column\">\n\t\t\t<div class=\"elementor-widget-wrap elementor-element-populated\">\n\t\t\t\t\t\t<div class=\"elementor-element elementor-element-d8cb66a elementor-widget elementor-widget-heading\" data-id=\"d8cb66a\" data-element_type=\"widget\" data-e-type=\"widget\" data-widget_type=\"heading.default\">\n\t\t\t\t<div class=\"elementor-widget-container\">\n\t\t\t\t\t<h1 class=\"elementor-heading-title elementor-size-default\">D\u00e9couvrez nos activit\u00e9s<\/h1>\t\t\t\t<\/div>\n\t\t\t\t<\/div>\n\t\t\t\t<div class=\"elementor-element elementor-element-50356b1 elementor-widget elementor-widget-text-editor\" data-id=\"50356b1\" data-element_type=\"widget\" data-e-type=\"widget\" data-widget_type=\"text-editor.default\">\n\t\t\t\t<div class=\"elementor-widget-container\">\n\t\t\t\t\t\t\t\t\tSitu\u00e9 \u00e0 Montm\u00e9lian, La <a href=\"http:\/\/beta.lacledeschamps-hotels.com\/kv1726-ovh\/\" style=\"color: #fff;\"><strong>Cl\u00e9 des Champs<\/strong><\/a> vous propose une multitude d&#8217;activit\u00e9s captivantes lors de votre s\u00e9jour.\nNich\u00e9 au c\u0153ur d&#8217;un environnement naturel exceptionnel, notre h\u00f4tel vous offre un acc\u00e8s privil\u00e9gi\u00e9 \u00e0 une vari\u00e9t\u00e9 d&#8217;exp\u00e9riences passionnantes. Que vous soyez amateur de randonn\u00e9e, de d\u00e9couvertes culturelles ou de moments de d\u00e9tente, notre r\u00e9gion regorge d&#8217;activit\u00e9s pour satisfaire tous les go\u00fbts.\t\t\t\t\t\t\t\t<\/div>\n\t\t\t\t<\/div>\n\t\t\t\t\t<\/div>\n\t\t<\/div>\n\t\t\t\t\t<\/div>\n\t\t<\/section>\n\t\t\t\t<section class=\"elementor-section elementor-top-section elementor-element elementor-element-b91c1f5 elementor-section-boxed elementor-section-height-default elementor-section-height-default\" data-id=\"b91c1f5\" data-element_type=\"section\" data-e-type=\"section\">\n\t\t\t\t\t\t<div class=\"elementor-container elementor-column-gap-default\">\n\t\t\t\t\t<div class=\"elementor-column elementor-col-100 elementor-top-column elementor-element elementor-element-3077ca1\" data-id=\"3077ca1\" data-element_type=\"column\" data-e-type=\"column\">\n\t\t\t<div class=\"elementor-widget-wrap elementor-element-populated\">\n\t\t\t\t\t\t<div class=\"elementor-element elementor-element-b5a7247 elementor-widget elementor-widget-menu-anchor\" data-id=\"b5a7247\" data-element_type=\"widget\" data-e-type=\"widget\" data-widget_type=\"menu-anchor.default\">\n\t\t\t\t<div class=\"elementor-widget-container\">\n\t\t\t\t\t\t\t<div class=\"elementor-menu-anchor\" id=\"vin\"><\/div>\n\t\t\t\t\t\t<\/div>\n\t\t\t\t<\/div>\n\t\t\t\t\t<\/div>\n\t\t<\/div>\n\t\t\t\t\t<\/div>\n\t\t<\/section>\n\t\t\t\t<section class=\"elementor-section elementor-top-section elementor-element elementor-element-ad1e125 elementor-section-full_width elementor-reverse-tablet elementor-reverse-mobile elementor-section-height-default elementor-section-height-default\" data-id=\"ad1e125\" data-element_type=\"section\" data-e-type=\"section\">\n\t\t\t\t\t\t<div class=\"elementor-container elementor-column-gap-default\">\n\t\t\t\t\t<div class=\"elementor-column elementor-col-50 elementor-top-column elementor-element elementor-element-8516aa3\" data-id=\"8516aa3\" data-element_type=\"column\" data-e-type=\"column\">\n\t\t\t<div class=\"elementor-widget-wrap elementor-element-populated\">\n\t\t\t\t\t\t<section class=\"elementor-section elementor-inner-section elementor-element elementor-element-3e79ea2 elementor-section-boxed elementor-section-height-default elementor-section-height-default\" data-id=\"3e79ea2\" data-element_type=\"section\" data-e-type=\"section\" data-settings=\"{&quot;background_background&quot;:&quot;classic&quot;,&quot;motion_fx_motion_fx_scrolling&quot;:&quot;yes&quot;,&quot;motion_fx_translateY_effect&quot;:&quot;yes&quot;,&quot;motion_fx_translateY_direction&quot;:&quot;negative&quot;,&quot;motion_fx_translateY_speed&quot;:{&quot;unit&quot;:&quot;px&quot;,&quot;size&quot;:1,&quot;sizes&quot;:[]},&quot;motion_fx_devices&quot;:[&quot;desktop&quot;],&quot;motion_fx_translateY_affectedRange&quot;:{&quot;unit&quot;:&quot;%&quot;,&quot;size&quot;:&quot;&quot;,&quot;sizes&quot;:{&quot;start&quot;:0,&quot;end&quot;:100}}}\">\n\t\t\t\t\t\t<div class=\"elementor-container elementor-column-gap-default\">\n\t\t\t\t\t<div class=\"elementor-column elementor-col-100 elementor-inner-column elementor-element elementor-element-354f326\" data-id=\"354f326\" data-element_type=\"column\" data-e-type=\"column\">\n\t\t\t<div class=\"elementor-widget-wrap elementor-element-populated\">\n\t\t\t\t\t\t<div class=\"elementor-element elementor-element-37d5775 elementor-invisible elementor-widget elementor-widget-heading\" data-id=\"37d5775\" data-element_type=\"widget\" data-e-type=\"widget\" data-settings=\"{&quot;motion_fx_motion_fx_scrolling&quot;:&quot;yes&quot;,&quot;motion_fx_translateY_effect&quot;:&quot;yes&quot;,&quot;motion_fx_translateY_speed&quot;:{&quot;unit&quot;:&quot;px&quot;,&quot;size&quot;:0.3,&quot;sizes&quot;:[]},&quot;_animation&quot;:&quot;fadeInDown&quot;,&quot;motion_fx_devices&quot;:[&quot;desktop&quot;],&quot;motion_fx_translateY_affectedRange&quot;:{&quot;unit&quot;:&quot;%&quot;,&quot;size&quot;:&quot;&quot;,&quot;sizes&quot;:{&quot;start&quot;:0,&quot;end&quot;:100}}}\" data-widget_type=\"heading.default\">\n\t\t\t\t<div class=\"elementor-widget-container\">\n\t\t\t\t\t<h2 class=\"elementor-heading-title elementor-size-default\">Autour du vin<\/h2>\t\t\t\t<\/div>\n\t\t\t\t<\/div>\n\t\t\t\t<div class=\"elementor-element elementor-element-159dea2 elementor-widget elementor-widget-text-editor\" data-id=\"159dea2\" data-element_type=\"widget\" data-e-type=\"widget\" data-widget_type=\"text-editor.default\">\n\t\t\t\t<div class=\"elementor-widget-container\">\n\t\t\t\t\t\t\t\t\t<p>\u00c0 quelques pas de notre h\u00f4tel, vous pourrez visiter des <strong>domaines viticoles<\/strong> et rencontrer des <strong>vignerons passionn\u00e9s<\/strong> qui vous feront d\u00e9couvrir leurs vignobles. Participez \u00e0 des <strong>d\u00e9gustations<\/strong> et laissez-vous guider par les ar\u00f4mes subtils et les saveurs exquises des <strong>vins locaux<\/strong>.<br \/>Les amateurs de vin pourront \u00e9galement se promener dans les vignobles environnants pour admirer les <strong>magnifiques paysages de vignes<\/strong> en terrasses qui s&#8217;\u00e9tendent \u00e0 perte de vue.<\/p>\t\t\t\t\t\t\t\t<\/div>\n\t\t\t\t<\/div>\n\t\t\t\t\t<\/div>\n\t\t<\/div>\n\t\t\t\t\t<\/div>\n\t\t<\/section>\n\t\t\t\t\t<\/div>\n\t\t<\/div>\n\t\t\t\t<div class=\"elementor-column elementor-col-50 elementor-top-column elementor-element elementor-element-14d2ee6\" data-id=\"14d2ee6\" data-element_type=\"column\" data-e-type=\"column\">\n\t\t\t<div class=\"elementor-widget-wrap elementor-element-populated\">\n\t\t\t\t\t\t<div class=\"elementor-element elementor-element-9694ed2 elementor-widget elementor-widget-image\" data-id=\"9694ed2\" data-element_type=\"widget\" data-e-type=\"widget\" data-settings=\"{&quot;motion_fx_motion_fx_scrolling&quot;:&quot;yes&quot;,&quot;motion_fx_translateY_effect&quot;:&quot;yes&quot;,&quot;motion_fx_translateY_speed&quot;:{&quot;unit&quot;:&quot;px&quot;,&quot;size&quot;:1,&quot;sizes&quot;:[]},&quot;motion_fx_devices&quot;:[&quot;desktop&quot;],&quot;motion_fx_translateY_affectedRange&quot;:{&quot;unit&quot;:&quot;%&quot;,&quot;size&quot;:&quot;&quot;,&quot;sizes&quot;:{&quot;start&quot;:0,&quot;end&quot;:100}}}\" data-widget_type=\"image.default\">\n\t\t\t\t<div class=\"elementor-widget-container\">\n\t\t\t\t\t\t\t\t\t\t\t\t\t\t\t<img fetchpriority=\"high\" decoding=\"async\" width=\"750\" height=\"500\" src=\"http:\/\/beta.lacledeschamps-hotels.com\/kv1726-ovh\/wp-content\/uploads\/2023\/07\/vin-dans-vignoble-region-viticole-moravie-du-sud-republique-tcheque-1024x683.jpg\" class=\"attachment-large size-large wp-image-765\" alt=\"\" srcset=\"http:\/\/beta.lacledeschamps-hotels.com\/kv1726-ovh\/wp-content\/uploads\/2023\/07\/vin-dans-vignoble-region-viticole-moravie-du-sud-republique-tcheque-1024x683.jpg 1024w, http:\/\/beta.lacledeschamps-hotels.com\/kv1726-ovh\/wp-content\/uploads\/2023\/07\/vin-dans-vignoble-region-viticole-moravie-du-sud-republique-tcheque-300x200.jpg 300w, http:\/\/beta.lacledeschamps-hotels.com\/kv1726-ovh\/wp-content\/uploads\/2023\/07\/vin-dans-vignoble-region-viticole-moravie-du-sud-republique-tcheque-768x512.jpg 768w, http:\/\/beta.lacledeschamps-hotels.com\/kv1726-ovh\/wp-content\/uploads\/2023\/07\/vin-dans-vignoble-region-viticole-moravie-du-sud-republique-tcheque-1536x1024.jpg 1536w, http:\/\/beta.lacledeschamps-hotels.com\/kv1726-ovh\/wp-content\/uploads\/2023\/07\/vin-dans-vignoble-region-viticole-moravie-du-sud-republique-tcheque-2048x1365.jpg 2048w, http:\/\/beta.lacledeschamps-hotels.com\/kv1726-ovh\/wp-content\/uploads\/2023\/07\/vin-dans-vignoble-region-viticole-moravie-du-sud-republique-tcheque-360x240.jpg 360w\" sizes=\"(max-width: 750px) 100vw, 750px\" \/>\t\t\t\t\t\t\t\t\t\t\t\t\t\t\t<\/div>\n\t\t\t\t<\/div>\n\t\t\t\t\t<\/div>\n\t\t<\/div>\n\t\t\t\t\t<\/div>\n\t\t<\/section>\n\t\t\t\t<section class=\"elementor-section elementor-top-section elementor-element elementor-element-ccd4d2a elementor-section-boxed elementor-section-height-default elementor-section-height-default\" data-id=\"ccd4d2a\" data-element_type=\"section\" data-e-type=\"section\" data-settings=\"{&quot;background_background&quot;:&quot;classic&quot;}\">\n\t\t\t\t\t\t<div class=\"elementor-container elementor-column-gap-default\">\n\t\t\t\t\t<div class=\"elementor-column elementor-col-100 elementor-top-column elementor-element elementor-element-e5e1c04\" data-id=\"e5e1c04\" data-element_type=\"column\" data-e-type=\"column\">\n\t\t\t<div class=\"elementor-widget-wrap elementor-element-populated\">\n\t\t\t\t\t\t<div class=\"elementor-element elementor-element-92f8ef7 elementor-invisible elementor-widget elementor-widget-heading\" data-id=\"92f8ef7\" data-element_type=\"widget\" data-e-type=\"widget\" data-settings=\"{&quot;_animation&quot;:&quot;fadeInDown&quot;}\" data-widget_type=\"heading.default\">\n\t\t\t\t<div class=\"elementor-widget-container\">\n\t\t\t\t\t<h3 class=\"elementor-heading-title elementor-size-default\">Profitez des activit\u00e9s viticoles autour de Montm\u00e9lian <\/h3>\t\t\t\t<\/div>\n\t\t\t\t<\/div>\n\t\t\t\t\t<\/div>\n\t\t<\/div>\n\t\t\t\t\t<\/div>\n\t\t<\/section>\n\t\t\t\t<section class=\"elementor-section elementor-top-section elementor-element elementor-element-9b7e726 elementor-section-boxed elementor-section-height-default elementor-section-height-default\" data-id=\"9b7e726\" data-element_type=\"section\" data-e-type=\"section\" data-settings=\"{&quot;background_background&quot;:&quot;classic&quot;}\">\n\t\t\t\t\t\t<div class=\"elementor-container elementor-column-gap-default\">\n\t\t\t\t\t<div class=\"elementor-column elementor-col-33 elementor-top-column elementor-element elementor-element-728dc7a\" data-id=\"728dc7a\" data-element_type=\"column\" data-e-type=\"column\" data-settings=\"{&quot;motion_fx_motion_fx_scrolling&quot;:&quot;yes&quot;,&quot;motion_fx_translateY_effect&quot;:&quot;yes&quot;,&quot;motion_fx_translateY_direction&quot;:&quot;negative&quot;,&quot;motion_fx_translateY_speed&quot;:{&quot;unit&quot;:&quot;px&quot;,&quot;size&quot;:1,&quot;sizes&quot;:[]},&quot;motion_fx_devices&quot;:[&quot;desktop&quot;],&quot;motion_fx_translateY_affectedRange&quot;:{&quot;unit&quot;:&quot;%&quot;,&quot;size&quot;:&quot;&quot;,&quot;sizes&quot;:{&quot;start&quot;:0,&quot;end&quot;:100}}}\">\n\t\t\t<div class=\"elementor-widget-wrap elementor-element-populated\">\n\t\t\t\t\t\t<div class=\"elementor-element elementor-element-a933dc8 elementor-widget elementor-widget-image\" data-id=\"a933dc8\" data-element_type=\"widget\" data-e-type=\"widget\" data-settings=\"{&quot;motion_fx_motion_fx_scrolling&quot;:&quot;yes&quot;,&quot;motion_fx_devices&quot;:[&quot;desktop&quot;,&quot;tablet&quot;,&quot;mobile&quot;]}\" data-widget_type=\"image.default\">\n\t\t\t\t<div class=\"elementor-widget-container\">\n\t\t\t\t\t\t\t\t\t\t\t\t\t\t\t<img decoding=\"async\" width=\"750\" height=\"409\" src=\"http:\/\/beta.lacledeschamps-hotels.com\/kv1726-ovh\/wp-content\/uploads\/2023\/07\/montagemusee.jpg\" class=\"attachment-large size-large wp-image-771\" alt=\"\" srcset=\"http:\/\/beta.lacledeschamps-hotels.com\/kv1726-ovh\/wp-content\/uploads\/2023\/07\/montagemusee.jpg 1000w, http:\/\/beta.lacledeschamps-hotels.com\/kv1726-ovh\/wp-content\/uploads\/2023\/07\/montagemusee-300x164.jpg 300w, http:\/\/beta.lacledeschamps-hotels.com\/kv1726-ovh\/wp-content\/uploads\/2023\/07\/montagemusee-768x419.jpg 768w\" sizes=\"(max-width: 750px) 100vw, 750px\" \/>\t\t\t\t\t\t\t\t\t\t\t\t\t\t\t<\/div>\n\t\t\t\t<\/div>\n\t\t\t\t<div class=\"elementor-element elementor-element-2bbc33e elementor-widget elementor-widget-heading\" data-id=\"2bbc33e\" data-element_type=\"widget\" data-e-type=\"widget\" data-widget_type=\"heading.default\">\n\t\t\t\t<div class=\"elementor-widget-container\">\n\t\t\t\t\t<span class=\"elementor-heading-title elementor-size-default\">Mus\u00e9e de la Vigne et du Vin de Savoie<\/span>\t\t\t\t<\/div>\n\t\t\t\t<\/div>\n\t\t\t\t<div class=\"elementor-element elementor-element-76303be elementor-invisible elementor-widget elementor-widget-text-editor\" data-id=\"76303be\" data-element_type=\"widget\" data-e-type=\"widget\" data-settings=\"{&quot;_animation&quot;:&quot;fadeIn&quot;}\" data-widget_type=\"text-editor.default\">\n\t\t\t\t<div class=\"elementor-widget-container\">\n\t\t\t\t\t\t\t\t\t<p>Le mus\u00e9e d\u00e9di\u00e9 \u00e0 la <strong>viticulture<\/strong> en Savoie est id\u00e9alement implant\u00e9 \u00e0 Montm\u00e9lian, longtemps qualifi\u00e9e de \u00ab<strong> Capitale du vignoble<\/strong> \u00bb, pour son r\u00f4le pass\u00e9 dans le n\u00e9goce du vin et pour ses <strong>coteaux typiques<\/strong> qui produisent des vins r\u00e9put\u00e9s.<\/p>\t\t\t\t\t\t\t\t<\/div>\n\t\t\t\t<\/div>\n\t\t\t\t<div class=\"elementor-element elementor-element-ad7085e elementor-align-center elementor-mobile-align-center elementor-tablet-align-center elementor-widget elementor-widget-button\" data-id=\"ad7085e\" data-element_type=\"widget\" data-e-type=\"widget\" data-widget_type=\"button.default\">\n\t\t\t\t<div class=\"elementor-widget-container\">\n\t\t\t\t\t\t\t\t\t<div class=\"elementor-button-wrapper\">\n\t\t\t\t\t<a class=\"elementor-button elementor-button-link elementor-size-sm\" href=\"https:\/\/www.savoie-mont-blanc.com\/sites-culturels\/musee-de-la-vigne-et-du-vin-de-savoie-5318387\/\" target=\"_blank\">\n\t\t\t\t\t\t<span class=\"elementor-button-content-wrapper\">\n\t\t\t\t\t\t\t\t\t<span class=\"elementor-button-text\">D\u00e9couvrir<\/span>\n\t\t\t\t\t<\/span>\n\t\t\t\t\t<\/a>\n\t\t\t\t<\/div>\n\t\t\t\t\t\t\t\t<\/div>\n\t\t\t\t<\/div>\n\t\t\t\t\t<\/div>\n\t\t<\/div>\n\t\t\t\t<div class=\"elementor-column elementor-col-33 elementor-top-column elementor-element elementor-element-4998152\" data-id=\"4998152\" data-element_type=\"column\" data-e-type=\"column\" data-settings=\"{&quot;motion_fx_motion_fx_scrolling&quot;:&quot;yes&quot;,&quot;motion_fx_translateY_effect&quot;:&quot;yes&quot;,&quot;motion_fx_translateY_speed&quot;:{&quot;unit&quot;:&quot;px&quot;,&quot;size&quot;:1,&quot;sizes&quot;:[]},&quot;motion_fx_devices&quot;:[&quot;desktop&quot;],&quot;motion_fx_translateY_affectedRange&quot;:{&quot;unit&quot;:&quot;%&quot;,&quot;size&quot;:&quot;&quot;,&quot;sizes&quot;:{&quot;start&quot;:0,&quot;end&quot;:100}}}\">\n\t\t\t<div class=\"elementor-widget-wrap elementor-element-populated\">\n\t\t\t\t\t\t<div class=\"elementor-element elementor-element-66e02d0 elementor-hidden-desktop elementor-hidden-tablet elementor-widget elementor-widget-image\" data-id=\"66e02d0\" data-element_type=\"widget\" data-e-type=\"widget\" data-widget_type=\"image.default\">\n\t\t\t\t<div class=\"elementor-widget-container\">\n\t\t\t\t\t\t\t\t\t\t\t\t\t\t\t<img decoding=\"async\" width=\"620\" height=\"450\" src=\"http:\/\/beta.lacledeschamps-hotels.com\/kv1726-ovh\/wp-content\/uploads\/2023\/07\/0-7528006.jpg\" class=\"attachment-large size-large wp-image-770\" alt=\"\" srcset=\"http:\/\/beta.lacledeschamps-hotels.com\/kv1726-ovh\/wp-content\/uploads\/2023\/07\/0-7528006.jpg 620w, http:\/\/beta.lacledeschamps-hotels.com\/kv1726-ovh\/wp-content\/uploads\/2023\/07\/0-7528006-300x218.jpg 300w\" sizes=\"(max-width: 620px) 100vw, 620px\" \/>\t\t\t\t\t\t\t\t\t\t\t\t\t\t\t<\/div>\n\t\t\t\t<\/div>\n\t\t\t\t<div class=\"elementor-element elementor-element-3ce3822 elementor-widget elementor-widget-heading\" data-id=\"3ce3822\" data-element_type=\"widget\" data-e-type=\"widget\" data-widget_type=\"heading.default\">\n\t\t\t\t<div class=\"elementor-widget-container\">\n\t\t\t\t\t<span class=\"elementor-heading-title elementor-size-default\">Balade en Segway dans les vignes<\/span>\t\t\t\t<\/div>\n\t\t\t\t<\/div>\n\t\t\t\t<div class=\"elementor-element elementor-element-d7c25b1 elementor-invisible elementor-widget elementor-widget-text-editor\" data-id=\"d7c25b1\" data-element_type=\"widget\" data-e-type=\"widget\" data-settings=\"{&quot;_animation&quot;:&quot;fadeIn&quot;}\" data-widget_type=\"text-editor.default\">\n\t\t\t\t<div class=\"elementor-widget-container\">\n\t\t\t\t\t\t\t\t\t<p>Au pied du <strong>Mont Granier<\/strong>, en Chartreuse, dans une nature pr\u00e9serv\u00e9e, avec une <strong>balade en Segway<\/strong> vous cheminerez entre village et les <strong>vignobles savoyards<\/strong>.<br \/>Cette balade vous permettra de d\u00e9couvrir les <strong>vignobles<\/strong> d&#8217;Apremont et Abymes.<\/p>\t\t\t\t\t\t\t\t<\/div>\n\t\t\t\t<\/div>\n\t\t\t\t<div class=\"elementor-element elementor-element-6ea4f50 elementor-align-center elementor-mobile-align-center elementor-tablet-align-center elementor-widget elementor-widget-button\" data-id=\"6ea4f50\" data-element_type=\"widget\" data-e-type=\"widget\" data-widget_type=\"button.default\">\n\t\t\t\t<div class=\"elementor-widget-container\">\n\t\t\t\t\t\t\t\t\t<div class=\"elementor-button-wrapper\">\n\t\t\t\t\t<a class=\"elementor-button elementor-button-link elementor-size-sm\" href=\"https:\/\/www.savoie-mont-blanc.com\/fiches\/balade-en-segway-dans-les-vignobles-et-degustation-634046\/\" target=\"_blank\">\n\t\t\t\t\t\t<span class=\"elementor-button-content-wrapper\">\n\t\t\t\t\t\t\t\t\t<span class=\"elementor-button-text\">D\u00e9couvrir<\/span>\n\t\t\t\t\t<\/span>\n\t\t\t\t\t<\/a>\n\t\t\t\t<\/div>\n\t\t\t\t\t\t\t\t<\/div>\n\t\t\t\t<\/div>\n\t\t\t\t<div class=\"elementor-element elementor-element-ecb4c2a elementor-hidden-mobile elementor-widget elementor-widget-image\" data-id=\"ecb4c2a\" data-element_type=\"widget\" data-e-type=\"widget\" data-widget_type=\"image.default\">\n\t\t\t\t<div class=\"elementor-widget-container\">\n\t\t\t\t\t\t\t\t\t\t\t\t\t\t\t<img decoding=\"async\" width=\"620\" height=\"450\" src=\"http:\/\/beta.lacledeschamps-hotels.com\/kv1726-ovh\/wp-content\/uploads\/2023\/07\/0-7528006.jpg\" class=\"attachment-large size-large wp-image-770\" alt=\"\" srcset=\"http:\/\/beta.lacledeschamps-hotels.com\/kv1726-ovh\/wp-content\/uploads\/2023\/07\/0-7528006.jpg 620w, http:\/\/beta.lacledeschamps-hotels.com\/kv1726-ovh\/wp-content\/uploads\/2023\/07\/0-7528006-300x218.jpg 300w\" sizes=\"(max-width: 620px) 100vw, 620px\" \/>\t\t\t\t\t\t\t\t\t\t\t\t\t\t\t<\/div>\n\t\t\t\t<\/div>\n\t\t\t\t\t<\/div>\n\t\t<\/div>\n\t\t\t\t<div class=\"elementor-column elementor-col-33 elementor-top-column elementor-element elementor-element-56d1e3a\" data-id=\"56d1e3a\" data-element_type=\"column\" data-e-type=\"column\" data-settings=\"{&quot;motion_fx_motion_fx_scrolling&quot;:&quot;yes&quot;,&quot;motion_fx_translateY_effect&quot;:&quot;yes&quot;,&quot;motion_fx_translateY_direction&quot;:&quot;negative&quot;,&quot;motion_fx_translateY_speed&quot;:{&quot;unit&quot;:&quot;px&quot;,&quot;size&quot;:1,&quot;sizes&quot;:[]},&quot;motion_fx_devices&quot;:[&quot;desktop&quot;],&quot;motion_fx_translateY_affectedRange&quot;:{&quot;unit&quot;:&quot;%&quot;,&quot;size&quot;:&quot;&quot;,&quot;sizes&quot;:{&quot;start&quot;:0,&quot;end&quot;:100}}}\">\n\t\t\t<div class=\"elementor-widget-wrap elementor-element-populated\">\n\t\t\t\t\t\t<div class=\"elementor-element elementor-element-a32cac3 elementor-widget elementor-widget-image\" data-id=\"a32cac3\" data-element_type=\"widget\" data-e-type=\"widget\" data-widget_type=\"image.default\">\n\t\t\t\t<div class=\"elementor-widget-container\">\n\t\t\t\t\t\t\t\t\t\t\t\t\t\t\t<img loading=\"lazy\" decoding=\"async\" width=\"689\" height=\"439\" src=\"http:\/\/beta.lacledeschamps-hotels.com\/kv1726-ovh\/wp-content\/uploads\/2023\/07\/picture_client_format_2_60a821.jpg\" class=\"attachment-large size-large wp-image-772\" alt=\"\" srcset=\"http:\/\/beta.lacledeschamps-hotels.com\/kv1726-ovh\/wp-content\/uploads\/2023\/07\/picture_client_format_2_60a821.jpg 689w, http:\/\/beta.lacledeschamps-hotels.com\/kv1726-ovh\/wp-content\/uploads\/2023\/07\/picture_client_format_2_60a821-300x191.jpg 300w\" sizes=\"(max-width: 689px) 100vw, 689px\" \/>\t\t\t\t\t\t\t\t\t\t\t\t\t\t\t<\/div>\n\t\t\t\t<\/div>\n\t\t\t\t<div class=\"elementor-element elementor-element-ae96f6b elementor-widget elementor-widget-heading\" data-id=\"ae96f6b\" data-element_type=\"widget\" data-e-type=\"widget\" data-widget_type=\"heading.default\">\n\t\t\t\t<div class=\"elementor-widget-container\">\n\t\t\t\t\t<span class=\"elementor-heading-title elementor-size-default\">Visite de caves<\/span>\t\t\t\t<\/div>\n\t\t\t\t<\/div>\n\t\t\t\t<div class=\"elementor-element elementor-element-f0508df elementor-invisible elementor-widget elementor-widget-text-editor\" data-id=\"f0508df\" data-element_type=\"widget\" data-e-type=\"widget\" data-settings=\"{&quot;_animation&quot;:&quot;fadeIn&quot;}\" data-widget_type=\"text-editor.default\">\n\t\t\t\t<div class=\"elementor-widget-container\">\n\t\t\t\t\t\t\t\t\t<p>Le <strong>vignoble Savoyard<\/strong> s\u2019\u00e9tend sur<br \/>3 000ha, il est l\u2019un des plus petits <strong>domaines viticoles<\/strong> fran\u00e7ais, mais ses vins sont d\u2019une qualit\u00e9 <strong>rare<\/strong>, et s\u2019accommodent fort bien avec les plats r\u00e9gionaux.<br \/>Comptant <strong>8 terroirs<\/strong> viticoles diff\u00e9rents et <strong>22 crus<\/strong>, le caract\u00e8re tr\u00e8s typ\u00e9 des vins de Savoie vous ravira !<br \/>De <strong>nombreuses caves<\/strong> sont ouvertes pour vous faire d\u00e9couvrir ces merveilles, vous pouvez visiter les caveaux,<strong> d\u00e9guster les vins<\/strong> et surtout \u00e9changer avec le viticulteur.<\/p>\t\t\t\t\t\t\t\t<\/div>\n\t\t\t\t<\/div>\n\t\t\t\t<div class=\"elementor-element elementor-element-f6a2935 elementor-align-center elementor-mobile-align-center elementor-tablet-align-center elementor-widget elementor-widget-button\" data-id=\"f6a2935\" data-element_type=\"widget\" data-e-type=\"widget\" data-widget_type=\"button.default\">\n\t\t\t\t<div class=\"elementor-widget-container\">\n\t\t\t\t\t\t\t\t\t<div class=\"elementor-button-wrapper\">\n\t\t\t\t\t<a class=\"elementor-button elementor-button-link elementor-size-sm\" href=\"https:\/\/www.savoie-mont-blanc.com\/gastronomie-terroir\/vins-savoie\/routes-vignobles\/\" target=\"_blank\">\n\t\t\t\t\t\t<span class=\"elementor-button-content-wrapper\">\n\t\t\t\t\t\t\t\t\t<span class=\"elementor-button-text\">D\u00e9couvrir<\/span>\n\t\t\t\t\t<\/span>\n\t\t\t\t\t<\/a>\n\t\t\t\t<\/div>\n\t\t\t\t\t\t\t\t<\/div>\n\t\t\t\t<\/div>\n\t\t\t\t\t<\/div>\n\t\t<\/div>\n\t\t\t\t\t<\/div>\n\t\t<\/section>\n\t\t\t\t<section class=\"elementor-section elementor-top-section elementor-element elementor-element-693fc9f elementor-section-boxed elementor-section-height-default elementor-section-height-default\" data-id=\"693fc9f\" data-element_type=\"section\" data-e-type=\"section\" data-settings=\"{&quot;background_background&quot;:&quot;classic&quot;}\">\n\t\t\t\t\t\t<div class=\"elementor-container elementor-column-gap-default\">\n\t\t\t\t\t<div class=\"elementor-column elementor-col-100 elementor-top-column elementor-element elementor-element-f970d0d\" data-id=\"f970d0d\" data-element_type=\"column\" data-e-type=\"column\">\n\t\t\t<div class=\"elementor-widget-wrap elementor-element-populated\">\n\t\t\t\t\t\t<div class=\"elementor-element elementor-element-3d3d622 elementor-invisible elementor-widget elementor-widget-heading\" data-id=\"3d3d622\" data-element_type=\"widget\" data-e-type=\"widget\" data-settings=\"{&quot;_animation&quot;:&quot;fadeInDown&quot;}\" data-widget_type=\"heading.default\">\n\t\t\t\t<div class=\"elementor-widget-container\">\n\t\t\t\t\t<h4 class=\"elementor-heading-title elementor-size-default\">D\u00e9couvrez nos partenaires vignerons et producteurs avec qui nous travaillons<\/h4>\t\t\t\t<\/div>\n\t\t\t\t<\/div>\n\t\t\t\t<section class=\"elementor-section elementor-inner-section elementor-element elementor-element-55f9bac elementor-section-full_width elementor-section-height-default elementor-section-height-default\" data-id=\"55f9bac\" data-element_type=\"section\" data-e-type=\"section\">\n\t\t\t\t\t\t<div class=\"elementor-container elementor-column-gap-default\">\n\t\t\t\t\t<div class=\"elementor-column elementor-col-25 elementor-inner-column elementor-element elementor-element-7bf1a02\" data-id=\"7bf1a02\" data-element_type=\"column\" data-e-type=\"column\">\n\t\t\t<div class=\"elementor-widget-wrap elementor-element-populated\">\n\t\t\t\t\t\t<div class=\"elementor-element elementor-element-00fc4d6 elementor-widget elementor-widget-image\" data-id=\"00fc4d6\" data-element_type=\"widget\" data-e-type=\"widget\" data-widget_type=\"image.default\">\n\t\t\t\t<div class=\"elementor-widget-container\">\n\t\t\t\t\t\t\t\t\t\t\t\t\t\t\t\t<a href=\"https:\/\/www.maisonphilippegrisard.com\/\" target=\"_blank\">\n\t\t\t\t\t\t\t<img loading=\"lazy\" decoding=\"async\" width=\"592\" height=\"422\" src=\"http:\/\/beta.lacledeschamps-hotels.com\/kv1726-ovh\/wp-content\/uploads\/2023\/09\/image-removebg-preview-1.png\" class=\"attachment-large size-large wp-image-2312\" alt=\"\" srcset=\"http:\/\/beta.lacledeschamps-hotels.com\/kv1726-ovh\/wp-content\/uploads\/2023\/09\/image-removebg-preview-1.png 592w, http:\/\/beta.lacledeschamps-hotels.com\/kv1726-ovh\/wp-content\/uploads\/2023\/09\/image-removebg-preview-1-300x214.png 300w\" sizes=\"(max-width: 592px) 100vw, 592px\" \/>\t\t\t\t\t\t\t\t<\/a>\n\t\t\t\t\t\t\t\t\t\t\t\t\t\t\t<\/div>\n\t\t\t\t<\/div>\n\t\t\t\t\t<\/div>\n\t\t<\/div>\n\t\t\t\t<div class=\"elementor-column elementor-col-25 elementor-inner-column elementor-element elementor-element-4a2f55a\" data-id=\"4a2f55a\" data-element_type=\"column\" data-e-type=\"column\">\n\t\t\t<div class=\"elementor-widget-wrap elementor-element-populated\">\n\t\t\t\t\t\t<div class=\"elementor-element elementor-element-d4e3765 elementor-widget elementor-widget-image\" data-id=\"d4e3765\" data-element_type=\"widget\" data-e-type=\"widget\" data-widget_type=\"image.default\">\n\t\t\t\t<div class=\"elementor-widget-container\">\n\t\t\t\t\t\t\t\t\t\t\t\t\t\t\t\t<a href=\"https:\/\/www.domaine-de-mejane.com\/\" target=\"_blank\">\n\t\t\t\t\t\t\t<img loading=\"lazy\" decoding=\"async\" width=\"145\" height=\"72\" src=\"http:\/\/beta.lacledeschamps-hotels.com\/kv1726-ovh\/wp-content\/uploads\/2023\/09\/logo-domaine-mejane.png\" class=\"attachment-large size-large wp-image-2318\" alt=\"\" \/>\t\t\t\t\t\t\t\t<\/a>\n\t\t\t\t\t\t\t\t\t\t\t\t\t\t\t<\/div>\n\t\t\t\t<\/div>\n\t\t\t\t\t<\/div>\n\t\t<\/div>\n\t\t\t\t<div class=\"elementor-column elementor-col-25 elementor-inner-column elementor-element elementor-element-06cab93\" data-id=\"06cab93\" data-element_type=\"column\" data-e-type=\"column\">\n\t\t\t<div class=\"elementor-widget-wrap elementor-element-populated\">\n\t\t\t\t\t\t<div class=\"elementor-element elementor-element-deb524c elementor-widget elementor-widget-image\" data-id=\"deb524c\" data-element_type=\"widget\" data-e-type=\"widget\" data-widget_type=\"image.default\">\n\t\t\t\t<div class=\"elementor-widget-container\">\n\t\t\t\t\t\t\t\t\t\t\t\t\t\t\t\t<a href=\"https:\/\/www.vin-savoie-idylle.fr\/\" target=\"_blank\">\n\t\t\t\t\t\t\t<img loading=\"lazy\" decoding=\"async\" width=\"357\" height=\"75\" src=\"http:\/\/beta.lacledeschamps-hotels.com\/kv1726-ovh\/wp-content\/uploads\/2023\/09\/logo_domaine_idylle_vin_savoie_tiollier-1.png\" class=\"attachment-large size-large wp-image-2319\" alt=\"\" srcset=\"http:\/\/beta.lacledeschamps-hotels.com\/kv1726-ovh\/wp-content\/uploads\/2023\/09\/logo_domaine_idylle_vin_savoie_tiollier-1.png 357w, http:\/\/beta.lacledeschamps-hotels.com\/kv1726-ovh\/wp-content\/uploads\/2023\/09\/logo_domaine_idylle_vin_savoie_tiollier-1-300x63.png 300w\" sizes=\"(max-width: 357px) 100vw, 357px\" \/>\t\t\t\t\t\t\t\t<\/a>\n\t\t\t\t\t\t\t\t\t\t\t\t\t\t\t<\/div>\n\t\t\t\t<\/div>\n\t\t\t\t\t<\/div>\n\t\t<\/div>\n\t\t\t\t<div class=\"elementor-column elementor-col-25 elementor-inner-column elementor-element elementor-element-78cf261\" data-id=\"78cf261\" data-element_type=\"column\" data-e-type=\"column\">\n\t\t\t<div class=\"elementor-widget-wrap elementor-element-populated\">\n\t\t\t\t\t\t<div class=\"elementor-element elementor-element-8b5dc0c elementor-widget elementor-widget-image\" data-id=\"8b5dc0c\" data-element_type=\"widget\" data-e-type=\"widget\" data-widget_type=\"image.default\">\n\t\t\t\t<div class=\"elementor-widget-container\">\n\t\t\t\t\t\t\t\t\t\t\t\t\t\t\t\t<a href=\"https:\/\/www.vins-veyron.com\/\" target=\"_blank\">\n\t\t\t\t\t\t\t<img loading=\"lazy\" decoding=\"async\" width=\"500\" height=\"167\" src=\"http:\/\/beta.lacledeschamps-hotels.com\/kv1726-ovh\/wp-content\/uploads\/2023\/09\/logo-vins-adrien-veyron-savoie-1.png\" class=\"attachment-large size-large wp-image-2320\" alt=\"\" srcset=\"http:\/\/beta.lacledeschamps-hotels.com\/kv1726-ovh\/wp-content\/uploads\/2023\/09\/logo-vins-adrien-veyron-savoie-1.png 500w, http:\/\/beta.lacledeschamps-hotels.com\/kv1726-ovh\/wp-content\/uploads\/2023\/09\/logo-vins-adrien-veyron-savoie-1-300x100.png 300w\" sizes=\"(max-width: 500px) 100vw, 500px\" \/>\t\t\t\t\t\t\t\t<\/a>\n\t\t\t\t\t\t\t\t\t\t\t\t\t\t\t<\/div>\n\t\t\t\t<\/div>\n\t\t\t\t\t<\/div>\n\t\t<\/div>\n\t\t\t\t\t<\/div>\n\t\t<\/section>\n\t\t\t\t<section class=\"elementor-section elementor-inner-section elementor-element elementor-element-c5bc44a elementor-section-full_width elementor-section-height-default elementor-section-height-default\" data-id=\"c5bc44a\" data-element_type=\"section\" data-e-type=\"section\">\n\t\t\t\t\t\t<div class=\"elementor-container elementor-column-gap-default\">\n\t\t\t\t\t<div class=\"elementor-column elementor-col-20 elementor-inner-column elementor-element elementor-element-8dae15a\" data-id=\"8dae15a\" data-element_type=\"column\" data-e-type=\"column\">\n\t\t\t<div class=\"elementor-widget-wrap\">\n\t\t\t\t\t\t\t<\/div>\n\t\t<\/div>\n\t\t\t\t<div class=\"elementor-column elementor-col-20 elementor-inner-column elementor-element elementor-element-5933f2b\" data-id=\"5933f2b\" data-element_type=\"column\" data-e-type=\"column\">\n\t\t\t<div class=\"elementor-widget-wrap elementor-element-populated\">\n\t\t\t\t\t\t<div class=\"elementor-element elementor-element-d810a68 elementor-widget elementor-widget-image\" data-id=\"d810a68\" data-element_type=\"widget\" data-e-type=\"widget\" data-widget_type=\"image.default\">\n\t\t\t\t<div class=\"elementor-widget-container\">\n\t\t\t\t\t\t\t\t\t\t\t\t\t\t\t\t<a href=\"https:\/\/www.am-quenard.fr\/\" target=\"_blank\">\n\t\t\t\t\t\t\t<img loading=\"lazy\" decoding=\"async\" width=\"360\" height=\"105\" src=\"http:\/\/beta.lacledeschamps-hotels.com\/kv1726-ovh\/wp-content\/uploads\/2023\/09\/image-removebg-preview-3-e1694601011541.png\" class=\"attachment-large size-large wp-image-2321\" alt=\"\" srcset=\"http:\/\/beta.lacledeschamps-hotels.com\/kv1726-ovh\/wp-content\/uploads\/2023\/09\/image-removebg-preview-3-e1694601011541.png 360w, http:\/\/beta.lacledeschamps-hotels.com\/kv1726-ovh\/wp-content\/uploads\/2023\/09\/image-removebg-preview-3-e1694601011541-300x88.png 300w\" sizes=\"(max-width: 360px) 100vw, 360px\" \/>\t\t\t\t\t\t\t\t<\/a>\n\t\t\t\t\t\t\t\t\t\t\t\t\t\t\t<\/div>\n\t\t\t\t<\/div>\n\t\t\t\t\t<\/div>\n\t\t<\/div>\n\t\t\t\t<div class=\"elementor-column elementor-col-20 elementor-inner-column elementor-element elementor-element-df41b2b\" data-id=\"df41b2b\" data-element_type=\"column\" data-e-type=\"column\">\n\t\t\t<div class=\"elementor-widget-wrap elementor-element-populated\">\n\t\t\t\t\t\t<div class=\"elementor-element elementor-element-de7833b elementor-widget elementor-widget-image\" data-id=\"de7833b\" data-element_type=\"widget\" data-e-type=\"widget\" data-widget_type=\"image.default\">\n\t\t\t\t<div class=\"elementor-widget-container\">\n\t\t\t\t\t\t\t\t\t\t\t\t\t\t\t\t<a href=\"https:\/\/lecaveaudelasavoyarde.com\/\" target=\"_blank\">\n\t\t\t\t\t\t\t<img loading=\"lazy\" decoding=\"async\" width=\"156\" height=\"40\" src=\"http:\/\/beta.lacledeschamps-hotels.com\/kv1726-ovh\/wp-content\/uploads\/2023\/09\/logo-le-caveau-savoyarde.png\" class=\"attachment-large size-large wp-image-2322\" alt=\"\" \/>\t\t\t\t\t\t\t\t<\/a>\n\t\t\t\t\t\t\t\t\t\t\t\t\t\t\t<\/div>\n\t\t\t\t<\/div>\n\t\t\t\t\t<\/div>\n\t\t<\/div>\n\t\t\t\t<div class=\"elementor-column elementor-col-20 elementor-inner-column elementor-element elementor-element-48452c9\" data-id=\"48452c9\" data-element_type=\"column\" data-e-type=\"column\">\n\t\t\t<div class=\"elementor-widget-wrap elementor-element-populated\">\n\t\t\t\t\t\t<div class=\"elementor-element elementor-element-5cf2739 elementor-widget elementor-widget-image\" data-id=\"5cf2739\" data-element_type=\"widget\" data-e-type=\"widget\" data-widget_type=\"image.default\">\n\t\t\t\t<div class=\"elementor-widget-container\">\n\t\t\t\t\t\t\t\t\t\t\t\t\t\t\t\t<a href=\"https:\/\/rucher-combedesavoie.fr\/\" target=\"_blank\">\n\t\t\t\t\t\t\t<img loading=\"lazy\" decoding=\"async\" width=\"218\" height=\"247\" src=\"http:\/\/beta.lacledeschamps-hotels.com\/kv1726-ovh\/wp-content\/uploads\/2023\/09\/image-removebg-preview-4-e1694601344637.png\" class=\"attachment-large size-large wp-image-2323\" alt=\"\" \/>\t\t\t\t\t\t\t\t<\/a>\n\t\t\t\t\t\t\t\t\t\t\t\t\t\t\t<\/div>\n\t\t\t\t<\/div>\n\t\t\t\t\t<\/div>\n\t\t<\/div>\n\t\t\t\t<div class=\"elementor-column elementor-col-20 elementor-inner-column elementor-element elementor-element-b16cc34\" data-id=\"b16cc34\" data-element_type=\"column\" data-e-type=\"column\">\n\t\t\t<div class=\"elementor-widget-wrap\">\n\t\t\t\t\t\t\t<\/div>\n\t\t<\/div>\n\t\t\t\t\t<\/div>\n\t\t<\/section>\n\t\t\t\t\t<\/div>\n\t\t<\/div>\n\t\t\t\t\t<\/div>\n\t\t<\/section>\n\t\t\t\t<section class=\"elementor-section elementor-top-section elementor-element elementor-element-e07278e elementor-section-full_width elementor-section-height-default elementor-section-height-default\" data-id=\"e07278e\" data-element_type=\"section\" data-e-type=\"section\">\n\t\t\t\t\t\t<div class=\"elementor-container elementor-column-gap-default\">\n\t\t\t\t\t<div class=\"elementor-column elementor-col-50 elementor-top-column elementor-element elementor-element-dea8c7b\" data-id=\"dea8c7b\" data-element_type=\"column\" data-e-type=\"column\">\n\t\t\t<div class=\"elementor-widget-wrap elementor-element-populated\">\n\t\t\t\t\t\t<div class=\"elementor-element elementor-element-b38ebb1 elementor-widget elementor-widget-image\" data-id=\"b38ebb1\" data-element_type=\"widget\" data-e-type=\"widget\" data-settings=\"{&quot;motion_fx_motion_fx_scrolling&quot;:&quot;yes&quot;,&quot;motion_fx_translateY_effect&quot;:&quot;yes&quot;,&quot;motion_fx_translateY_speed&quot;:{&quot;unit&quot;:&quot;px&quot;,&quot;size&quot;:1,&quot;sizes&quot;:[]},&quot;motion_fx_devices&quot;:[&quot;desktop&quot;],&quot;motion_fx_translateY_affectedRange&quot;:{&quot;unit&quot;:&quot;%&quot;,&quot;size&quot;:&quot;&quot;,&quot;sizes&quot;:{&quot;start&quot;:0,&quot;end&quot;:100}}}\" data-widget_type=\"image.default\">\n\t\t\t\t<div class=\"elementor-widget-container\">\n\t\t\t\t\t\t\t\t\t\t\t\t\t\t\t<img loading=\"lazy\" decoding=\"async\" width=\"750\" height=\"499\" src=\"http:\/\/beta.lacledeschamps-hotels.com\/kv1726-ovh\/wp-content\/uploads\/2023\/07\/the-revard-g7ab5a812f_1280-1024x681.jpg\" class=\"attachment-large size-large wp-image-714\" alt=\"\" srcset=\"http:\/\/beta.lacledeschamps-hotels.com\/kv1726-ovh\/wp-content\/uploads\/2023\/07\/the-revard-g7ab5a812f_1280-1024x681.jpg 1024w, http:\/\/beta.lacledeschamps-hotels.com\/kv1726-ovh\/wp-content\/uploads\/2023\/07\/the-revard-g7ab5a812f_1280-300x199.jpg 300w, http:\/\/beta.lacledeschamps-hotels.com\/kv1726-ovh\/wp-content\/uploads\/2023\/07\/the-revard-g7ab5a812f_1280-768x511.jpg 768w, http:\/\/beta.lacledeschamps-hotels.com\/kv1726-ovh\/wp-content\/uploads\/2023\/07\/the-revard-g7ab5a812f_1280-360x240.jpg 360w, http:\/\/beta.lacledeschamps-hotels.com\/kv1726-ovh\/wp-content\/uploads\/2023\/07\/the-revard-g7ab5a812f_1280.jpg 1280w\" sizes=\"(max-width: 750px) 100vw, 750px\" \/>\t\t\t\t\t\t\t\t\t\t\t\t\t\t\t<\/div>\n\t\t\t\t<\/div>\n\t\t\t\t\t<\/div>\n\t\t<\/div>\n\t\t\t\t<div class=\"elementor-column elementor-col-50 elementor-top-column elementor-element elementor-element-0ca288c\" data-id=\"0ca288c\" data-element_type=\"column\" data-e-type=\"column\">\n\t\t\t<div class=\"elementor-widget-wrap elementor-element-populated\">\n\t\t\t\t\t\t<section class=\"elementor-section elementor-inner-section elementor-element elementor-element-6380b7b elementor-section-boxed elementor-section-height-default elementor-section-height-default\" data-id=\"6380b7b\" data-element_type=\"section\" data-e-type=\"section\" data-settings=\"{&quot;background_background&quot;:&quot;classic&quot;,&quot;motion_fx_motion_fx_scrolling&quot;:&quot;yes&quot;,&quot;motion_fx_translateY_effect&quot;:&quot;yes&quot;,&quot;motion_fx_translateY_direction&quot;:&quot;negative&quot;,&quot;motion_fx_translateY_speed&quot;:{&quot;unit&quot;:&quot;px&quot;,&quot;size&quot;:1,&quot;sizes&quot;:[]},&quot;motion_fx_devices&quot;:[&quot;desktop&quot;],&quot;motion_fx_translateY_affectedRange&quot;:{&quot;unit&quot;:&quot;%&quot;,&quot;size&quot;:&quot;&quot;,&quot;sizes&quot;:{&quot;start&quot;:0,&quot;end&quot;:100}}}\">\n\t\t\t\t\t\t<div class=\"elementor-container elementor-column-gap-default\">\n\t\t\t\t\t<div class=\"elementor-column elementor-col-100 elementor-inner-column elementor-element elementor-element-8b637bc\" data-id=\"8b637bc\" data-element_type=\"column\" data-e-type=\"column\">\n\t\t\t<div class=\"elementor-widget-wrap elementor-element-populated\">\n\t\t\t\t\t\t<div class=\"elementor-element elementor-element-799fb72 elementor-invisible elementor-widget elementor-widget-heading\" data-id=\"799fb72\" data-element_type=\"widget\" data-e-type=\"widget\" data-settings=\"{&quot;motion_fx_motion_fx_scrolling&quot;:&quot;yes&quot;,&quot;motion_fx_translateY_effect&quot;:&quot;yes&quot;,&quot;motion_fx_translateY_speed&quot;:{&quot;unit&quot;:&quot;px&quot;,&quot;size&quot;:0.3,&quot;sizes&quot;:[]},&quot;_animation&quot;:&quot;fadeInDown&quot;,&quot;motion_fx_translateY_affectedRange&quot;:{&quot;unit&quot;:&quot;%&quot;,&quot;size&quot;:&quot;&quot;,&quot;sizes&quot;:{&quot;start&quot;:0,&quot;end&quot;:100}},&quot;motion_fx_devices&quot;:[&quot;desktop&quot;,&quot;tablet&quot;,&quot;mobile&quot;]}\" data-widget_type=\"heading.default\">\n\t\t\t\t<div class=\"elementor-widget-container\">\n\t\t\t\t\t<h2 class=\"elementor-heading-title elementor-size-default\">D\u00e9couverte des lacs<\/h2>\t\t\t\t<\/div>\n\t\t\t\t<\/div>\n\t\t\t\t<div class=\"elementor-element elementor-element-10825dc elementor-widget elementor-widget-text-editor\" data-id=\"10825dc\" data-element_type=\"widget\" data-e-type=\"widget\" data-widget_type=\"text-editor.default\">\n\t\t\t\t<div class=\"elementor-widget-container\">\n\t\t\t\t\t\t\t\t\t<p>Les lacs aux alentours de <strong>Montm\u00e9lian<\/strong> offrent un cadre propice \u00e0 la d\u00e9tente et aux loisirs en<strong> pleine nature<\/strong>. Profitez de moments <strong>paisibles<\/strong> au bord des <strong>eaux scintillantes<\/strong> tout en vous impr\u00e9gnant de la<strong> beaut\u00e9<\/strong> naturelle environnante. Que ce soit pour une <strong>balade tranquille<\/strong> le long des rives, une s\u00e9ance de p\u00eache <strong>relaxante<\/strong> ou des <strong>activit\u00e9s nautiques dynamiques<\/strong>, les lacs de la r\u00e9gion sont une invitation \u00e0 <strong>l&#8217;\u00e9vasion et \u00e0 l&#8217;\u00e9merveillement<\/strong>.<\/p>\t\t\t\t\t\t\t\t<\/div>\n\t\t\t\t<\/div>\n\t\t\t\t\t<\/div>\n\t\t<\/div>\n\t\t\t\t\t<\/div>\n\t\t<\/section>\n\t\t\t\t\t<\/div>\n\t\t<\/div>\n\t\t\t\t\t<\/div>\n\t\t<\/section>\n\t\t\t\t<section class=\"elementor-section elementor-top-section elementor-element elementor-element-a014de1 elementor-section-boxed elementor-section-height-default elementor-section-height-default\" data-id=\"a014de1\" data-element_type=\"section\" data-e-type=\"section\" data-settings=\"{&quot;background_background&quot;:&quot;classic&quot;}\">\n\t\t\t\t\t\t<div class=\"elementor-container elementor-column-gap-default\">\n\t\t\t\t\t<div class=\"elementor-column elementor-col-100 elementor-top-column elementor-element elementor-element-b740eb5\" data-id=\"b740eb5\" data-element_type=\"column\" data-e-type=\"column\">\n\t\t\t<div class=\"elementor-widget-wrap elementor-element-populated\">\n\t\t\t\t\t\t<div class=\"elementor-element elementor-element-a1613f6 elementor-invisible elementor-widget elementor-widget-heading\" data-id=\"a1613f6\" data-element_type=\"widget\" data-e-type=\"widget\" data-settings=\"{&quot;_animation&quot;:&quot;fadeInDown&quot;}\" data-widget_type=\"heading.default\">\n\t\t\t\t<div class=\"elementor-widget-container\">\n\t\t\t\t\t<h3 class=\"elementor-heading-title elementor-size-default\">Laissez-vous charmer par ces v\u00e9ritables joyaux aquatiques<\/h3>\t\t\t\t<\/div>\n\t\t\t\t<\/div>\n\t\t\t\t\t<\/div>\n\t\t<\/div>\n\t\t\t\t\t<\/div>\n\t\t<\/section>\n\t\t\t\t<section class=\"elementor-section elementor-top-section elementor-element elementor-element-f041739 elementor-section-boxed elementor-section-height-default elementor-section-height-default\" data-id=\"f041739\" data-element_type=\"section\" data-e-type=\"section\" data-settings=\"{&quot;background_background&quot;:&quot;classic&quot;}\">\n\t\t\t\t\t\t<div class=\"elementor-container elementor-column-gap-default\">\n\t\t\t\t\t<div class=\"elementor-column elementor-col-33 elementor-top-column elementor-element elementor-element-c8fb7b4\" data-id=\"c8fb7b4\" data-element_type=\"column\" data-e-type=\"column\" data-settings=\"{&quot;motion_fx_motion_fx_scrolling&quot;:&quot;yes&quot;,&quot;motion_fx_translateY_effect&quot;:&quot;yes&quot;,&quot;motion_fx_translateY_direction&quot;:&quot;negative&quot;,&quot;motion_fx_translateY_speed&quot;:{&quot;unit&quot;:&quot;px&quot;,&quot;size&quot;:1,&quot;sizes&quot;:[]},&quot;motion_fx_devices&quot;:[&quot;desktop&quot;],&quot;motion_fx_translateY_affectedRange&quot;:{&quot;unit&quot;:&quot;%&quot;,&quot;size&quot;:&quot;&quot;,&quot;sizes&quot;:{&quot;start&quot;:0,&quot;end&quot;:100}}}\">\n\t\t\t<div class=\"elementor-widget-wrap elementor-element-populated\">\n\t\t\t\t\t\t<div class=\"elementor-element elementor-element-07ab787 elementor-widget elementor-widget-image\" data-id=\"07ab787\" data-element_type=\"widget\" data-e-type=\"widget\" data-settings=\"{&quot;motion_fx_motion_fx_scrolling&quot;:&quot;yes&quot;,&quot;motion_fx_devices&quot;:[&quot;desktop&quot;,&quot;tablet&quot;,&quot;mobile&quot;]}\" data-widget_type=\"image.default\">\n\t\t\t\t<div class=\"elementor-widget-container\">\n\t\t\t\t\t\t\t\t\t\t\t\t\t\t\t<img loading=\"lazy\" decoding=\"async\" width=\"750\" height=\"500\" src=\"http:\/\/beta.lacledeschamps-hotels.com\/kv1726-ovh\/wp-content\/uploads\/2023\/07\/DJI_0069-768x512-1.jpg\" class=\"attachment-large size-large wp-image-715\" alt=\"\" srcset=\"http:\/\/beta.lacledeschamps-hotels.com\/kv1726-ovh\/wp-content\/uploads\/2023\/07\/DJI_0069-768x512-1.jpg 768w, http:\/\/beta.lacledeschamps-hotels.com\/kv1726-ovh\/wp-content\/uploads\/2023\/07\/DJI_0069-768x512-1-300x200.jpg 300w, http:\/\/beta.lacledeschamps-hotels.com\/kv1726-ovh\/wp-content\/uploads\/2023\/07\/DJI_0069-768x512-1-360x240.jpg 360w\" sizes=\"(max-width: 750px) 100vw, 750px\" \/>\t\t\t\t\t\t\t\t\t\t\t\t\t\t\t<\/div>\n\t\t\t\t<\/div>\n\t\t\t\t<div class=\"elementor-element elementor-element-5ac0152 elementor-widget elementor-widget-heading\" data-id=\"5ac0152\" data-element_type=\"widget\" data-e-type=\"widget\" data-widget_type=\"heading.default\">\n\t\t\t\t<div class=\"elementor-widget-container\">\n\t\t\t\t\t<span class=\"elementor-heading-title elementor-size-default\">Lac de Saint H\u00e9l\u00e8ne du Lac<\/span>\t\t\t\t<\/div>\n\t\t\t\t<\/div>\n\t\t\t\t<div class=\"elementor-element elementor-element-8ffd21a elementor-invisible elementor-widget elementor-widget-text-editor\" data-id=\"8ffd21a\" data-element_type=\"widget\" data-e-type=\"widget\" data-settings=\"{&quot;_animation&quot;:&quot;fadeIn&quot;}\" data-widget_type=\"text-editor.default\">\n\t\t\t\t<div class=\"elementor-widget-container\">\n\t\t\t\t\t\t\t\t\t<p>Situ\u00e9 \u00e0 seulement quelques kilom\u00e8tres de notre <strong>\u00e9tablissement<\/strong>, vous trouverez le magnifique lac de <strong>St H\u00e9l\u00e8ne du Lac<\/strong>.<br \/>Parfaitement am\u00e9nag\u00e9, vous pouvez faire le tour de ce lac <strong>\u00e0 pied ou en poussette<\/strong>.<\/p>\t\t\t\t\t\t\t\t<\/div>\n\t\t\t\t<\/div>\n\t\t\t\t<div class=\"elementor-element elementor-element-4c94a53 elementor-align-center elementor-mobile-align-center elementor-tablet-align-center elementor-widget elementor-widget-button\" data-id=\"4c94a53\" data-element_type=\"widget\" data-e-type=\"widget\" data-widget_type=\"button.default\">\n\t\t\t\t<div class=\"elementor-widget-container\">\n\t\t\t\t\t\t\t\t\t<div class=\"elementor-button-wrapper\">\n\t\t\t\t\t<a class=\"elementor-button elementor-button-link elementor-size-sm\" href=\"https:\/\/www.savoie-mont-blanc.com\/fiches\/lac-sainte-helene-327139\/\" target=\"_blank\">\n\t\t\t\t\t\t<span class=\"elementor-button-content-wrapper\">\n\t\t\t\t\t\t\t\t\t<span class=\"elementor-button-text\">D\u00e9couvrir<\/span>\n\t\t\t\t\t<\/span>\n\t\t\t\t\t<\/a>\n\t\t\t\t<\/div>\n\t\t\t\t\t\t\t\t<\/div>\n\t\t\t\t<\/div>\n\t\t\t\t\t<\/div>\n\t\t<\/div>\n\t\t\t\t<div class=\"elementor-column elementor-col-33 elementor-top-column elementor-element elementor-element-9400a4a\" data-id=\"9400a4a\" data-element_type=\"column\" data-e-type=\"column\" data-settings=\"{&quot;motion_fx_motion_fx_scrolling&quot;:&quot;yes&quot;,&quot;motion_fx_translateY_effect&quot;:&quot;yes&quot;,&quot;motion_fx_translateY_speed&quot;:{&quot;unit&quot;:&quot;px&quot;,&quot;size&quot;:1,&quot;sizes&quot;:[]},&quot;motion_fx_devices&quot;:[&quot;desktop&quot;],&quot;motion_fx_translateY_affectedRange&quot;:{&quot;unit&quot;:&quot;%&quot;,&quot;size&quot;:&quot;&quot;,&quot;sizes&quot;:{&quot;start&quot;:0,&quot;end&quot;:100}}}\">\n\t\t\t<div class=\"elementor-widget-wrap elementor-element-populated\">\n\t\t\t\t\t\t<div class=\"elementor-element elementor-element-726cff5 elementor-hidden-desktop elementor-hidden-tablet elementor-widget elementor-widget-image\" data-id=\"726cff5\" data-element_type=\"widget\" data-e-type=\"widget\" data-widget_type=\"image.default\">\n\t\t\t\t<div class=\"elementor-widget-container\">\n\t\t\t\t\t\t\t\t\t\t\t\t\t\t\t<img loading=\"lazy\" decoding=\"async\" width=\"750\" height=\"517\" src=\"http:\/\/beta.lacledeschamps-hotels.com\/kv1726-ovh\/wp-content\/uploads\/2023\/07\/lac-du-bourget-e1540744246926-1024x706.jpg\" class=\"attachment-large size-large wp-image-716\" alt=\"\" srcset=\"http:\/\/beta.lacledeschamps-hotels.com\/kv1726-ovh\/wp-content\/uploads\/2023\/07\/lac-du-bourget-e1540744246926-1024x706.jpg 1024w, http:\/\/beta.lacledeschamps-hotels.com\/kv1726-ovh\/wp-content\/uploads\/2023\/07\/lac-du-bourget-e1540744246926-300x207.jpg 300w, http:\/\/beta.lacledeschamps-hotels.com\/kv1726-ovh\/wp-content\/uploads\/2023\/07\/lac-du-bourget-e1540744246926-768x529.jpg 768w, http:\/\/beta.lacledeschamps-hotels.com\/kv1726-ovh\/wp-content\/uploads\/2023\/07\/lac-du-bourget-e1540744246926.jpg 1068w\" sizes=\"(max-width: 750px) 100vw, 750px\" \/>\t\t\t\t\t\t\t\t\t\t\t\t\t\t\t<\/div>\n\t\t\t\t<\/div>\n\t\t\t\t<div class=\"elementor-element elementor-element-d265106 elementor-widget elementor-widget-heading\" data-id=\"d265106\" data-element_type=\"widget\" data-e-type=\"widget\" data-widget_type=\"heading.default\">\n\t\t\t\t<div class=\"elementor-widget-container\">\n\t\t\t\t\t<span class=\"elementor-heading-title elementor-size-default\">Lac du Bourget<\/span>\t\t\t\t<\/div>\n\t\t\t\t<\/div>\n\t\t\t\t<div class=\"elementor-element elementor-element-9b94b47 elementor-invisible elementor-widget elementor-widget-text-editor\" data-id=\"9b94b47\" data-element_type=\"widget\" data-e-type=\"widget\" data-settings=\"{&quot;_animation&quot;:&quot;fadeIn&quot;}\" data-widget_type=\"text-editor.default\">\n\t\t\t\t<div class=\"elementor-widget-container\">\n\t\t\t\t\t\t\t\t\t<p>\u00a0<strong>A 20km<\/strong> de notre h\u00f4tel, vous pouvez aller d\u00e9couvrir le plus <strong>grand lac naturel<\/strong> de France avec ses 18km de long : Le <strong>Lac du Bourget<\/strong>.<br \/>De nombreuses activit\u00e9s y sont propos\u00e9es, mais vous pouvez \u00e9galement vous <strong>promener<\/strong> \u00e0 quelques m\u00e8tre de l&#8217;eau, vous <strong>baigner,<\/strong> <strong>bronzer<\/strong> sur les plages ou encore faire du sport.<br \/>Avec une vue imprenable sur les <strong>massifs<\/strong> qui l&#8217;entourent : l&#8217;Epine, le Mont du Chat, la Chambotte, le Mont Revard et les Bauges.<\/p>\t\t\t\t\t\t\t\t<\/div>\n\t\t\t\t<\/div>\n\t\t\t\t<div class=\"elementor-element elementor-element-ae3155c elementor-align-center elementor-mobile-align-center elementor-tablet-align-center elementor-widget elementor-widget-button\" data-id=\"ae3155c\" data-element_type=\"widget\" data-e-type=\"widget\" data-widget_type=\"button.default\">\n\t\t\t\t<div class=\"elementor-widget-container\">\n\t\t\t\t\t\t\t\t\t<div class=\"elementor-button-wrapper\">\n\t\t\t\t\t<a class=\"elementor-button elementor-button-link elementor-size-sm\" href=\"https:\/\/www.savoie-mont-blanc.com\/grands-lacs\/lac-du-bourget\/\" target=\"_blank\">\n\t\t\t\t\t\t<span class=\"elementor-button-content-wrapper\">\n\t\t\t\t\t\t\t\t\t<span class=\"elementor-button-text\">D\u00e9couvrir<\/span>\n\t\t\t\t\t<\/span>\n\t\t\t\t\t<\/a>\n\t\t\t\t<\/div>\n\t\t\t\t\t\t\t\t<\/div>\n\t\t\t\t<\/div>\n\t\t\t\t<div class=\"elementor-element elementor-element-caf85ff elementor-hidden-mobile elementor-widget elementor-widget-image\" data-id=\"caf85ff\" data-element_type=\"widget\" data-e-type=\"widget\" data-widget_type=\"image.default\">\n\t\t\t\t<div class=\"elementor-widget-container\">\n\t\t\t\t\t\t\t\t\t\t\t\t\t\t\t<img loading=\"lazy\" decoding=\"async\" width=\"750\" height=\"517\" src=\"http:\/\/beta.lacledeschamps-hotels.com\/kv1726-ovh\/wp-content\/uploads\/2023\/07\/lac-du-bourget-e1540744246926-1024x706.jpg\" class=\"attachment-large size-large wp-image-716\" alt=\"\" srcset=\"http:\/\/beta.lacledeschamps-hotels.com\/kv1726-ovh\/wp-content\/uploads\/2023\/07\/lac-du-bourget-e1540744246926-1024x706.jpg 1024w, http:\/\/beta.lacledeschamps-hotels.com\/kv1726-ovh\/wp-content\/uploads\/2023\/07\/lac-du-bourget-e1540744246926-300x207.jpg 300w, http:\/\/beta.lacledeschamps-hotels.com\/kv1726-ovh\/wp-content\/uploads\/2023\/07\/lac-du-bourget-e1540744246926-768x529.jpg 768w, http:\/\/beta.lacledeschamps-hotels.com\/kv1726-ovh\/wp-content\/uploads\/2023\/07\/lac-du-bourget-e1540744246926.jpg 1068w\" sizes=\"(max-width: 750px) 100vw, 750px\" \/>\t\t\t\t\t\t\t\t\t\t\t\t\t\t\t<\/div>\n\t\t\t\t<\/div>\n\t\t\t\t\t<\/div>\n\t\t<\/div>\n\t\t\t\t<div class=\"elementor-column elementor-col-33 elementor-top-column elementor-element elementor-element-9348dbe\" data-id=\"9348dbe\" data-element_type=\"column\" data-e-type=\"column\" data-settings=\"{&quot;motion_fx_motion_fx_scrolling&quot;:&quot;yes&quot;,&quot;motion_fx_translateY_effect&quot;:&quot;yes&quot;,&quot;motion_fx_translateY_direction&quot;:&quot;negative&quot;,&quot;motion_fx_translateY_speed&quot;:{&quot;unit&quot;:&quot;px&quot;,&quot;size&quot;:1,&quot;sizes&quot;:[]},&quot;motion_fx_devices&quot;:[&quot;desktop&quot;],&quot;motion_fx_translateY_affectedRange&quot;:{&quot;unit&quot;:&quot;%&quot;,&quot;size&quot;:&quot;&quot;,&quot;sizes&quot;:{&quot;start&quot;:0,&quot;end&quot;:100}}}\">\n\t\t\t<div class=\"elementor-widget-wrap elementor-element-populated\">\n\t\t\t\t\t\t<div class=\"elementor-element elementor-element-adb30fe elementor-widget elementor-widget-image\" data-id=\"adb30fe\" data-element_type=\"widget\" data-e-type=\"widget\" data-widget_type=\"image.default\">\n\t\t\t\t<div class=\"elementor-widget-container\">\n\t\t\t\t\t\t\t\t\t\t\t\t\t\t\t<img loading=\"lazy\" decoding=\"async\" width=\"750\" height=\"500\" src=\"http:\/\/beta.lacledeschamps-hotels.com\/kv1726-ovh\/wp-content\/uploads\/2023\/07\/st-andre.jpg\" class=\"attachment-large size-large wp-image-717\" alt=\"\" srcset=\"http:\/\/beta.lacledeschamps-hotels.com\/kv1726-ovh\/wp-content\/uploads\/2023\/07\/st-andre.jpg 900w, http:\/\/beta.lacledeschamps-hotels.com\/kv1726-ovh\/wp-content\/uploads\/2023\/07\/st-andre-300x200.jpg 300w, http:\/\/beta.lacledeschamps-hotels.com\/kv1726-ovh\/wp-content\/uploads\/2023\/07\/st-andre-768x512.jpg 768w, http:\/\/beta.lacledeschamps-hotels.com\/kv1726-ovh\/wp-content\/uploads\/2023\/07\/st-andre-360x240.jpg 360w\" sizes=\"(max-width: 750px) 100vw, 750px\" \/>\t\t\t\t\t\t\t\t\t\t\t\t\t\t\t<\/div>\n\t\t\t\t<\/div>\n\t\t\t\t<div class=\"elementor-element elementor-element-1f907a4 elementor-widget elementor-widget-heading\" data-id=\"1f907a4\" data-element_type=\"widget\" data-e-type=\"widget\" data-widget_type=\"heading.default\">\n\t\t\t\t<div class=\"elementor-widget-container\">\n\t\t\t\t\t<span class=\"elementor-heading-title elementor-size-default\">Lac de Saint Andr\u00e9<\/span>\t\t\t\t<\/div>\n\t\t\t\t<\/div>\n\t\t\t\t<div class=\"elementor-element elementor-element-d7235ac elementor-invisible elementor-widget elementor-widget-text-editor\" data-id=\"d7235ac\" data-element_type=\"widget\" data-e-type=\"widget\" data-settings=\"{&quot;_animation&quot;:&quot;fadeIn&quot;}\" data-widget_type=\"text-editor.default\">\n\t\t\t\t<div class=\"elementor-widget-container\">\n\t\t\t\t\t\t\t\t\t<p>A quelques kilom\u00e8tre de notre \u00e9tablissement, vous pouvez d\u00e9couvrir un lac intimiste sur la commune <strong>Les Marches<\/strong>.<br \/>Vous aurez une excellente vue sur le <strong>Mont Granier<\/strong>, et vous serez entour\u00e9s de vignes.<\/p>\t\t\t\t\t\t\t\t<\/div>\n\t\t\t\t<\/div>\n\t\t\t\t<div class=\"elementor-element elementor-element-331491f elementor-align-center elementor-mobile-align-center elementor-tablet-align-center elementor-widget elementor-widget-button\" data-id=\"331491f\" data-element_type=\"widget\" data-e-type=\"widget\" data-widget_type=\"button.default\">\n\t\t\t\t<div class=\"elementor-widget-container\">\n\t\t\t\t\t\t\t\t\t<div class=\"elementor-button-wrapper\">\n\t\t\t\t\t<a class=\"elementor-button elementor-button-link elementor-size-sm\" href=\"https:\/\/www.savoie-mont-blanc.com\/fiches\/lac-saint-andre-327157\/\" target=\"_blank\">\n\t\t\t\t\t\t<span class=\"elementor-button-content-wrapper\">\n\t\t\t\t\t\t\t\t\t<span class=\"elementor-button-text\">D\u00e9couvrir<\/span>\n\t\t\t\t\t<\/span>\n\t\t\t\t\t<\/a>\n\t\t\t\t<\/div>\n\t\t\t\t\t\t\t\t<\/div>\n\t\t\t\t<\/div>\n\t\t\t\t\t<\/div>\n\t\t<\/div>\n\t\t\t\t\t<\/div>\n\t\t<\/section>\n\t\t\t\t<section class=\"elementor-section elementor-top-section elementor-element elementor-element-1a13723 elementor-section-full_width elementor-reverse-tablet elementor-reverse-mobile elementor-section-height-default elementor-section-height-default\" data-id=\"1a13723\" data-element_type=\"section\" data-e-type=\"section\">\n\t\t\t\t\t\t<div class=\"elementor-container elementor-column-gap-default\">\n\t\t\t\t\t<div class=\"elementor-column elementor-col-50 elementor-top-column elementor-element elementor-element-d5afc87\" data-id=\"d5afc87\" data-element_type=\"column\" data-e-type=\"column\">\n\t\t\t<div class=\"elementor-widget-wrap elementor-element-populated\">\n\t\t\t\t\t\t<section class=\"elementor-section elementor-inner-section elementor-element elementor-element-b6a4f6f elementor-section-boxed elementor-section-height-default elementor-section-height-default\" data-id=\"b6a4f6f\" data-element_type=\"section\" data-e-type=\"section\" data-settings=\"{&quot;background_background&quot;:&quot;classic&quot;,&quot;motion_fx_motion_fx_scrolling&quot;:&quot;yes&quot;,&quot;motion_fx_translateY_effect&quot;:&quot;yes&quot;,&quot;motion_fx_translateY_direction&quot;:&quot;negative&quot;,&quot;motion_fx_translateY_speed&quot;:{&quot;unit&quot;:&quot;px&quot;,&quot;size&quot;:1,&quot;sizes&quot;:[]},&quot;motion_fx_devices&quot;:[&quot;desktop&quot;],&quot;motion_fx_translateY_affectedRange&quot;:{&quot;unit&quot;:&quot;%&quot;,&quot;size&quot;:&quot;&quot;,&quot;sizes&quot;:{&quot;start&quot;:0,&quot;end&quot;:100}}}\">\n\t\t\t\t\t\t<div class=\"elementor-container elementor-column-gap-default\">\n\t\t\t\t\t<div class=\"elementor-column elementor-col-100 elementor-inner-column elementor-element elementor-element-6d71de1\" data-id=\"6d71de1\" data-element_type=\"column\" data-e-type=\"column\">\n\t\t\t<div class=\"elementor-widget-wrap elementor-element-populated\">\n\t\t\t\t\t\t<div class=\"elementor-element elementor-element-642ec37 elementor-invisible elementor-widget elementor-widget-heading\" data-id=\"642ec37\" data-element_type=\"widget\" data-e-type=\"widget\" data-settings=\"{&quot;motion_fx_motion_fx_scrolling&quot;:&quot;yes&quot;,&quot;motion_fx_translateY_effect&quot;:&quot;yes&quot;,&quot;motion_fx_translateY_speed&quot;:{&quot;unit&quot;:&quot;px&quot;,&quot;size&quot;:0.3,&quot;sizes&quot;:[]},&quot;_animation&quot;:&quot;fadeInDown&quot;,&quot;motion_fx_devices&quot;:[&quot;desktop&quot;],&quot;motion_fx_translateY_affectedRange&quot;:{&quot;unit&quot;:&quot;%&quot;,&quot;size&quot;:&quot;&quot;,&quot;sizes&quot;:{&quot;start&quot;:0,&quot;end&quot;:100}}}\" data-widget_type=\"heading.default\">\n\t\t\t\t<div class=\"elementor-widget-container\">\n\t\t\t\t\t<h2 class=\"elementor-heading-title elementor-size-default\">Randonn\u00e9es en nature<\/h2>\t\t\t\t<\/div>\n\t\t\t\t<\/div>\n\t\t\t\t<div class=\"elementor-element elementor-element-c8a4638 elementor-widget elementor-widget-text-editor\" data-id=\"c8a4638\" data-element_type=\"widget\" data-e-type=\"widget\" data-widget_type=\"text-editor.default\">\n\t\t\t\t<div class=\"elementor-widget-container\">\n\t\t\t\t\t\t\t\t\t<p>Pour les amoureux de la <strong>nature<\/strong>, notre emplacement privil\u00e9gi\u00e9 vous permet d&#8217;acc\u00e9der facilement \u00e0 des sentiers de <strong>randonn\u00e9e<\/strong> pittoresques offrant des <strong>vues panoramiques<\/strong> sur les montagnes alentour. Que vous soyez un randonneur chevronn\u00e9 ou simplement en qu\u00eate d&#8217;une balade tranquille, nos itin\u00e9raires sauront r\u00e9pondre \u00e0 vos <strong>attentes.<\/strong>\u00a0<\/p>\t\t\t\t\t\t\t\t<\/div>\n\t\t\t\t<\/div>\n\t\t\t\t\t<\/div>\n\t\t<\/div>\n\t\t\t\t\t<\/div>\n\t\t<\/section>\n\t\t\t\t\t<\/div>\n\t\t<\/div>\n\t\t\t\t<div class=\"elementor-column elementor-col-50 elementor-top-column elementor-element elementor-element-835eb77\" data-id=\"835eb77\" data-element_type=\"column\" data-e-type=\"column\">\n\t\t\t<div class=\"elementor-widget-wrap elementor-element-populated\">\n\t\t\t\t\t\t<div class=\"elementor-element elementor-element-e6a26e9 elementor-widget elementor-widget-image\" data-id=\"e6a26e9\" data-element_type=\"widget\" data-e-type=\"widget\" data-settings=\"{&quot;motion_fx_motion_fx_scrolling&quot;:&quot;yes&quot;,&quot;motion_fx_translateY_effect&quot;:&quot;yes&quot;,&quot;motion_fx_translateY_speed&quot;:{&quot;unit&quot;:&quot;px&quot;,&quot;size&quot;:1,&quot;sizes&quot;:[]},&quot;motion_fx_devices&quot;:[&quot;desktop&quot;],&quot;motion_fx_translateY_affectedRange&quot;:{&quot;unit&quot;:&quot;%&quot;,&quot;size&quot;:&quot;&quot;,&quot;sizes&quot;:{&quot;start&quot;:0,&quot;end&quot;:100}}}\" data-widget_type=\"image.default\">\n\t\t\t\t<div class=\"elementor-widget-container\">\n\t\t\t\t\t\t\t\t\t\t\t\t\t\t\t<img loading=\"lazy\" decoding=\"async\" width=\"750\" height=\"500\" src=\"http:\/\/beta.lacledeschamps-hotels.com\/kv1726-ovh\/wp-content\/uploads\/2023\/07\/voyageurs-ruraux-explorant-environs-ensemble-1024x683.jpg\" class=\"attachment-large size-large wp-image-694\" alt=\"\" srcset=\"http:\/\/beta.lacledeschamps-hotels.com\/kv1726-ovh\/wp-content\/uploads\/2023\/07\/voyageurs-ruraux-explorant-environs-ensemble-1024x683.jpg 1024w, http:\/\/beta.lacledeschamps-hotels.com\/kv1726-ovh\/wp-content\/uploads\/2023\/07\/voyageurs-ruraux-explorant-environs-ensemble-300x200.jpg 300w, http:\/\/beta.lacledeschamps-hotels.com\/kv1726-ovh\/wp-content\/uploads\/2023\/07\/voyageurs-ruraux-explorant-environs-ensemble-768x512.jpg 768w, http:\/\/beta.lacledeschamps-hotels.com\/kv1726-ovh\/wp-content\/uploads\/2023\/07\/voyageurs-ruraux-explorant-environs-ensemble-1536x1024.jpg 1536w, http:\/\/beta.lacledeschamps-hotels.com\/kv1726-ovh\/wp-content\/uploads\/2023\/07\/voyageurs-ruraux-explorant-environs-ensemble-2048x1365.jpg 2048w, http:\/\/beta.lacledeschamps-hotels.com\/kv1726-ovh\/wp-content\/uploads\/2023\/07\/voyageurs-ruraux-explorant-environs-ensemble-360x240.jpg 360w\" sizes=\"(max-width: 750px) 100vw, 750px\" \/>\t\t\t\t\t\t\t\t\t\t\t\t\t\t\t<\/div>\n\t\t\t\t<\/div>\n\t\t\t\t\t<\/div>\n\t\t<\/div>\n\t\t\t\t\t<\/div>\n\t\t<\/section>\n\t\t\t\t<section class=\"elementor-section elementor-top-section elementor-element elementor-element-3e037b9 elementor-section-boxed elementor-section-height-default elementor-section-height-default\" data-id=\"3e037b9\" data-element_type=\"section\" data-e-type=\"section\" data-settings=\"{&quot;background_background&quot;:&quot;classic&quot;}\">\n\t\t\t\t\t\t<div class=\"elementor-container elementor-column-gap-default\">\n\t\t\t\t\t<div class=\"elementor-column elementor-col-100 elementor-top-column elementor-element elementor-element-da09f5a\" data-id=\"da09f5a\" data-element_type=\"column\" data-e-type=\"column\">\n\t\t\t<div class=\"elementor-widget-wrap elementor-element-populated\">\n\t\t\t\t\t\t<div class=\"elementor-element elementor-element-1406bce elementor-invisible elementor-widget elementor-widget-heading\" data-id=\"1406bce\" data-element_type=\"widget\" data-e-type=\"widget\" data-settings=\"{&quot;_animation&quot;:&quot;fadeInDown&quot;}\" data-widget_type=\"heading.default\">\n\t\t\t\t<div class=\"elementor-widget-container\">\n\t\t\t\t\t<h3 class=\"elementor-heading-title elementor-size-default\">Explorez la beaut\u00e9 pr\u00e9serv\u00e9e de notre r\u00e9gion tout en vous reconnectant avec la nature.<\/h3>\t\t\t\t<\/div>\n\t\t\t\t<\/div>\n\t\t\t\t\t<\/div>\n\t\t<\/div>\n\t\t\t\t\t<\/div>\n\t\t<\/section>\n\t\t\t\t<section class=\"elementor-section elementor-top-section elementor-element elementor-element-0afbce6 elementor-section-boxed elementor-section-height-default elementor-section-height-default\" data-id=\"0afbce6\" data-element_type=\"section\" data-e-type=\"section\" data-settings=\"{&quot;background_background&quot;:&quot;classic&quot;}\">\n\t\t\t\t\t\t<div class=\"elementor-container elementor-column-gap-default\">\n\t\t\t\t\t<div class=\"elementor-column elementor-col-33 elementor-top-column elementor-element elementor-element-854c70b\" data-id=\"854c70b\" data-element_type=\"column\" data-e-type=\"column\" data-settings=\"{&quot;motion_fx_motion_fx_scrolling&quot;:&quot;yes&quot;,&quot;motion_fx_translateY_effect&quot;:&quot;yes&quot;,&quot;motion_fx_translateY_direction&quot;:&quot;negative&quot;,&quot;motion_fx_translateY_speed&quot;:{&quot;unit&quot;:&quot;px&quot;,&quot;size&quot;:1,&quot;sizes&quot;:[]},&quot;motion_fx_devices&quot;:[&quot;desktop&quot;],&quot;motion_fx_translateY_affectedRange&quot;:{&quot;unit&quot;:&quot;%&quot;,&quot;size&quot;:&quot;&quot;,&quot;sizes&quot;:{&quot;start&quot;:0,&quot;end&quot;:100}}}\">\n\t\t\t<div class=\"elementor-widget-wrap elementor-element-populated\">\n\t\t\t\t\t\t<div class=\"elementor-element elementor-element-f869d34 elementor-widget elementor-widget-image\" data-id=\"f869d34\" data-element_type=\"widget\" data-e-type=\"widget\" data-settings=\"{&quot;motion_fx_motion_fx_scrolling&quot;:&quot;yes&quot;,&quot;motion_fx_devices&quot;:[&quot;desktop&quot;,&quot;tablet&quot;,&quot;mobile&quot;]}\" data-widget_type=\"image.default\">\n\t\t\t\t<div class=\"elementor-widget-container\">\n\t\t\t\t\t\t\t\t\t\t\t\t\t\t\t<img loading=\"lazy\" decoding=\"async\" width=\"750\" height=\"422\" src=\"http:\/\/beta.lacledeschamps-hotels.com\/kv1726-ovh\/wp-content\/uploads\/2023\/07\/110427198_o-1024x576.jpg\" class=\"attachment-large size-large wp-image-695\" alt=\"\" srcset=\"http:\/\/beta.lacledeschamps-hotels.com\/kv1726-ovh\/wp-content\/uploads\/2023\/07\/110427198_o-1024x576.jpg 1024w, http:\/\/beta.lacledeschamps-hotels.com\/kv1726-ovh\/wp-content\/uploads\/2023\/07\/110427198_o-300x169.jpg 300w, http:\/\/beta.lacledeschamps-hotels.com\/kv1726-ovh\/wp-content\/uploads\/2023\/07\/110427198_o-768x432.jpg 768w, http:\/\/beta.lacledeschamps-hotels.com\/kv1726-ovh\/wp-content\/uploads\/2023\/07\/110427198_o-1536x864.jpg 1536w, http:\/\/beta.lacledeschamps-hotels.com\/kv1726-ovh\/wp-content\/uploads\/2023\/07\/110427198_o.jpg 1920w\" sizes=\"(max-width: 750px) 100vw, 750px\" \/>\t\t\t\t\t\t\t\t\t\t\t\t\t\t\t<\/div>\n\t\t\t\t<\/div>\n\t\t\t\t<div class=\"elementor-element elementor-element-fcaa991 elementor-widget elementor-widget-heading\" data-id=\"fcaa991\" data-element_type=\"widget\" data-e-type=\"widget\" data-widget_type=\"heading.default\">\n\t\t\t\t<div class=\"elementor-widget-container\">\n\t\t\t\t\t<span class=\"elementor-heading-title elementor-size-default\">Circuit par le Mont Rochefort et le Col du Mont<\/span>\t\t\t\t<\/div>\n\t\t\t\t<\/div>\n\t\t\t\t<div class=\"elementor-element elementor-element-34703d3 elementor-invisible elementor-widget elementor-widget-text-editor\" data-id=\"34703d3\" data-element_type=\"widget\" data-e-type=\"widget\" data-settings=\"{&quot;_animation&quot;:&quot;fadeIn&quot;}\" data-widget_type=\"text-editor.default\">\n\t\t\t\t<div class=\"elementor-widget-container\">\n\t\t\t\t\t\t\t\t\t<p>Une randonn\u00e9e <strong>facile<\/strong> qui contourne au large le <strong>Lac de la Thuile<\/strong>.<br \/>Le <strong>Mont Rochefort<\/strong> offre une belle vue d&#8217;ensemble sur le village et son lac.<br \/><strong>Panoramas<\/strong> sur Belledonne, les Bauges &#8230;, vue \u00e0 360\u00b0 ou presque !<\/p>\t\t\t\t\t\t\t\t<\/div>\n\t\t\t\t<\/div>\n\t\t\t\t<div class=\"elementor-element elementor-element-4e7c6fc elementor-align-center elementor-mobile-align-center elementor-tablet-align-center elementor-widget elementor-widget-button\" data-id=\"4e7c6fc\" data-element_type=\"widget\" data-e-type=\"widget\" data-widget_type=\"button.default\">\n\t\t\t\t<div class=\"elementor-widget-container\">\n\t\t\t\t\t\t\t\t\t<div class=\"elementor-button-wrapper\">\n\t\t\t\t\t<a class=\"elementor-button elementor-button-link elementor-size-sm\" href=\"https:\/\/www.savoie-mont-blanc.com\/randonnees-et-balades\/en-passant-par-le-mont-rochefort-5776028\/\" target=\"_blank\">\n\t\t\t\t\t\t<span class=\"elementor-button-content-wrapper\">\n\t\t\t\t\t\t\t\t\t<span class=\"elementor-button-text\">D\u00e9couvrir<\/span>\n\t\t\t\t\t<\/span>\n\t\t\t\t\t<\/a>\n\t\t\t\t<\/div>\n\t\t\t\t\t\t\t\t<\/div>\n\t\t\t\t<\/div>\n\t\t\t\t\t<\/div>\n\t\t<\/div>\n\t\t\t\t<div class=\"elementor-column elementor-col-33 elementor-top-column elementor-element elementor-element-7b33e2e\" data-id=\"7b33e2e\" data-element_type=\"column\" data-e-type=\"column\" data-settings=\"{&quot;motion_fx_motion_fx_scrolling&quot;:&quot;yes&quot;,&quot;motion_fx_translateY_effect&quot;:&quot;yes&quot;,&quot;motion_fx_translateY_speed&quot;:{&quot;unit&quot;:&quot;px&quot;,&quot;size&quot;:1,&quot;sizes&quot;:[]},&quot;motion_fx_devices&quot;:[&quot;desktop&quot;],&quot;motion_fx_translateY_affectedRange&quot;:{&quot;unit&quot;:&quot;%&quot;,&quot;size&quot;:&quot;&quot;,&quot;sizes&quot;:{&quot;start&quot;:0,&quot;end&quot;:100}}}\">\n\t\t\t<div class=\"elementor-widget-wrap elementor-element-populated\">\n\t\t\t\t\t\t<div class=\"elementor-element elementor-element-c80344a elementor-hidden-desktop elementor-hidden-tablet elementor-widget elementor-widget-image\" data-id=\"c80344a\" data-element_type=\"widget\" data-e-type=\"widget\" data-widget_type=\"image.default\">\n\t\t\t\t<div class=\"elementor-widget-container\">\n\t\t\t\t\t\t\t\t\t\t\t\t\t\t\t<img loading=\"lazy\" decoding=\"async\" width=\"750\" height=\"563\" src=\"http:\/\/beta.lacledeschamps-hotels.com\/kv1726-ovh\/wp-content\/uploads\/2023\/07\/IMG_20190808_123336-1-1536x1152-1-1024x768.jpg\" class=\"attachment-large size-large wp-image-699\" alt=\"\" srcset=\"http:\/\/beta.lacledeschamps-hotels.com\/kv1726-ovh\/wp-content\/uploads\/2023\/07\/IMG_20190808_123336-1-1536x1152-1-1024x768.jpg 1024w, http:\/\/beta.lacledeschamps-hotels.com\/kv1726-ovh\/wp-content\/uploads\/2023\/07\/IMG_20190808_123336-1-1536x1152-1-300x225.jpg 300w, http:\/\/beta.lacledeschamps-hotels.com\/kv1726-ovh\/wp-content\/uploads\/2023\/07\/IMG_20190808_123336-1-1536x1152-1-768x576.jpg 768w, http:\/\/beta.lacledeschamps-hotels.com\/kv1726-ovh\/wp-content\/uploads\/2023\/07\/IMG_20190808_123336-1-1536x1152-1.jpg 1536w\" sizes=\"(max-width: 750px) 100vw, 750px\" \/>\t\t\t\t\t\t\t\t\t\t\t\t\t\t\t<\/div>\n\t\t\t\t<\/div>\n\t\t\t\t<div class=\"elementor-element elementor-element-26f4132 elementor-widget elementor-widget-heading\" data-id=\"26f4132\" data-element_type=\"widget\" data-e-type=\"widget\" data-widget_type=\"heading.default\">\n\t\t\t\t<div class=\"elementor-widget-container\">\n\t\t\t\t\t<span class=\"elementor-heading-title elementor-size-default\">Tours de Chignin par Montm\u00e9lian et le chemin des vignes<\/span>\t\t\t\t<\/div>\n\t\t\t\t<\/div>\n\t\t\t\t<div class=\"elementor-element elementor-element-6559a51 elementor-invisible elementor-widget elementor-widget-text-editor\" data-id=\"6559a51\" data-element_type=\"widget\" data-e-type=\"widget\" data-settings=\"{&quot;_animation&quot;:&quot;fadeIn&quot;}\" data-widget_type=\"text-editor.default\">\n\t\t\t\t<div class=\"elementor-widget-container\">\n\t\t\t\t\t\t\t\t\t<p>Partez \u00e0 la d\u00e9couverte des myst\u00e9rieuses tours de <strong>Chignin<\/strong> et laissez-vous charmer par ces chemins serpentant au milieu des <strong>vignes<\/strong>.<br \/>Le paysage alentour vos \u00e9galement le d\u00e9tour !<\/p>\t\t\t\t\t\t\t\t<\/div>\n\t\t\t\t<\/div>\n\t\t\t\t<div class=\"elementor-element elementor-element-5b4c249 elementor-align-center elementor-mobile-align-center elementor-tablet-align-center elementor-widget elementor-widget-button\" data-id=\"5b4c249\" data-element_type=\"widget\" data-e-type=\"widget\" data-widget_type=\"button.default\">\n\t\t\t\t<div class=\"elementor-widget-container\">\n\t\t\t\t\t\t\t\t\t<div class=\"elementor-button-wrapper\">\n\t\t\t\t\t<a class=\"elementor-button elementor-button-link elementor-size-sm\" href=\"https:\/\/www.savoie-mont-blanc.com\/randonnees-et-balades\/le-chemin-des-vignes-115458\/\" target=\"_blank\">\n\t\t\t\t\t\t<span class=\"elementor-button-content-wrapper\">\n\t\t\t\t\t\t\t\t\t<span class=\"elementor-button-text\">D\u00e9couvrir<\/span>\n\t\t\t\t\t<\/span>\n\t\t\t\t\t<\/a>\n\t\t\t\t<\/div>\n\t\t\t\t\t\t\t\t<\/div>\n\t\t\t\t<\/div>\n\t\t\t\t<div class=\"elementor-element elementor-element-6cd895c elementor-hidden-mobile elementor-widget elementor-widget-image\" data-id=\"6cd895c\" data-element_type=\"widget\" data-e-type=\"widget\" data-widget_type=\"image.default\">\n\t\t\t\t<div class=\"elementor-widget-container\">\n\t\t\t\t\t\t\t\t\t\t\t\t\t\t\t<img loading=\"lazy\" decoding=\"async\" width=\"750\" height=\"563\" src=\"http:\/\/beta.lacledeschamps-hotels.com\/kv1726-ovh\/wp-content\/uploads\/2023\/07\/IMG_20190808_123336-1-1536x1152-1-1024x768.jpg\" class=\"attachment-large size-large wp-image-699\" alt=\"\" srcset=\"http:\/\/beta.lacledeschamps-hotels.com\/kv1726-ovh\/wp-content\/uploads\/2023\/07\/IMG_20190808_123336-1-1536x1152-1-1024x768.jpg 1024w, http:\/\/beta.lacledeschamps-hotels.com\/kv1726-ovh\/wp-content\/uploads\/2023\/07\/IMG_20190808_123336-1-1536x1152-1-300x225.jpg 300w, http:\/\/beta.lacledeschamps-hotels.com\/kv1726-ovh\/wp-content\/uploads\/2023\/07\/IMG_20190808_123336-1-1536x1152-1-768x576.jpg 768w, http:\/\/beta.lacledeschamps-hotels.com\/kv1726-ovh\/wp-content\/uploads\/2023\/07\/IMG_20190808_123336-1-1536x1152-1.jpg 1536w\" sizes=\"(max-width: 750px) 100vw, 750px\" \/>\t\t\t\t\t\t\t\t\t\t\t\t\t\t\t<\/div>\n\t\t\t\t<\/div>\n\t\t\t\t\t<\/div>\n\t\t<\/div>\n\t\t\t\t<div class=\"elementor-column elementor-col-33 elementor-top-column elementor-element elementor-element-b58d29f\" data-id=\"b58d29f\" data-element_type=\"column\" data-e-type=\"column\" data-settings=\"{&quot;motion_fx_motion_fx_scrolling&quot;:&quot;yes&quot;,&quot;motion_fx_translateY_effect&quot;:&quot;yes&quot;,&quot;motion_fx_translateY_direction&quot;:&quot;negative&quot;,&quot;motion_fx_translateY_speed&quot;:{&quot;unit&quot;:&quot;px&quot;,&quot;size&quot;:1,&quot;sizes&quot;:[]},&quot;motion_fx_devices&quot;:[&quot;desktop&quot;],&quot;motion_fx_translateY_affectedRange&quot;:{&quot;unit&quot;:&quot;%&quot;,&quot;size&quot;:&quot;&quot;,&quot;sizes&quot;:{&quot;start&quot;:0,&quot;end&quot;:100}}}\">\n\t\t\t<div class=\"elementor-widget-wrap elementor-element-populated\">\n\t\t\t\t\t\t<div class=\"elementor-element elementor-element-cbf0f95 elementor-widget elementor-widget-image\" data-id=\"cbf0f95\" data-element_type=\"widget\" data-e-type=\"widget\" data-widget_type=\"image.default\">\n\t\t\t\t<div class=\"elementor-widget-container\">\n\t\t\t\t\t\t\t\t\t\t\t\t\t\t\t<img loading=\"lazy\" decoding=\"async\" width=\"750\" height=\"422\" src=\"http:\/\/beta.lacledeschamps-hotels.com\/kv1726-ovh\/wp-content\/uploads\/2023\/07\/maxresdefault-1024x576.jpg\" class=\"attachment-large size-large wp-image-700\" alt=\"\" srcset=\"http:\/\/beta.lacledeschamps-hotels.com\/kv1726-ovh\/wp-content\/uploads\/2023\/07\/maxresdefault-1024x576.jpg 1024w, http:\/\/beta.lacledeschamps-hotels.com\/kv1726-ovh\/wp-content\/uploads\/2023\/07\/maxresdefault-300x169.jpg 300w, http:\/\/beta.lacledeschamps-hotels.com\/kv1726-ovh\/wp-content\/uploads\/2023\/07\/maxresdefault-768x432.jpg 768w, http:\/\/beta.lacledeschamps-hotels.com\/kv1726-ovh\/wp-content\/uploads\/2023\/07\/maxresdefault.jpg 1280w\" sizes=\"(max-width: 750px) 100vw, 750px\" \/>\t\t\t\t\t\t\t\t\t\t\t\t\t\t\t<\/div>\n\t\t\t\t<\/div>\n\t\t\t\t<div class=\"elementor-element elementor-element-fdf6430 elementor-widget elementor-widget-heading\" data-id=\"fdf6430\" data-element_type=\"widget\" data-e-type=\"widget\" data-widget_type=\"heading.default\">\n\t\t\t\t<div class=\"elementor-widget-container\">\n\t\t\t\t\t<span class=\"elementor-heading-title elementor-size-default\">Circuit du Lac Noir de Montsapey (2014m) par le Pas des Ch\u00e8vres<\/span>\t\t\t\t<\/div>\n\t\t\t\t<\/div>\n\t\t\t\t<div class=\"elementor-element elementor-element-d99dcfd elementor-invisible elementor-widget elementor-widget-text-editor\" data-id=\"d99dcfd\" data-element_type=\"widget\" data-e-type=\"widget\" data-settings=\"{&quot;_animation&quot;:&quot;fadeIn&quot;}\" data-widget_type=\"text-editor.default\">\n\t\t\t\t<div class=\"elementor-widget-container\">\n\t\t\t\t\t\t\t\t\t<p>Comment profiter rapidement de notre <strong>bon air<\/strong> savoyard\u2026.<br \/>Un parcours bien expos\u00e9 au <strong>soleil<\/strong> avec des <strong>paysages<\/strong> vari\u00e9s par vallons et ar\u00eates,<br \/>il permet de d\u00e9couvrir tous les aspects du massif du Grand Arc : <strong>for\u00eat, p\u00e2turages, cr\u00eate, \u00e9tangs et lac<\/strong>.<br \/>Une partie en cr\u00eate \u00e0 2000m offre une vue panoramique extraordinaire.<\/p>\t\t\t\t\t\t\t\t<\/div>\n\t\t\t\t<\/div>\n\t\t\t\t<div class=\"elementor-element elementor-element-1785ba1 elementor-align-center elementor-mobile-align-center elementor-tablet-align-center elementor-widget elementor-widget-button\" data-id=\"1785ba1\" data-element_type=\"widget\" data-e-type=\"widget\" data-widget_type=\"button.default\">\n\t\t\t\t<div class=\"elementor-widget-container\">\n\t\t\t\t\t\t\t\t\t<div class=\"elementor-button-wrapper\">\n\t\t\t\t\t<a class=\"elementor-button elementor-button-link elementor-size-sm\" href=\"https:\/\/www.savoie-mont-blanc.com\/montagne-ete\/\" target=\"_blank\">\n\t\t\t\t\t\t<span class=\"elementor-button-content-wrapper\">\n\t\t\t\t\t\t\t\t\t<span class=\"elementor-button-text\">D\u00e9couvrir<\/span>\n\t\t\t\t\t<\/span>\n\t\t\t\t\t<\/a>\n\t\t\t\t<\/div>\n\t\t\t\t\t\t\t\t<\/div>\n\t\t\t\t<\/div>\n\t\t\t\t\t<\/div>\n\t\t<\/div>\n\t\t\t\t\t<\/div>\n\t\t<\/section>\n\t\t\t\t<section class=\"elementor-section elementor-top-section elementor-element elementor-element-19541f2 elementor-section-full_width elementor-reverse-tablet elementor-reverse-mobile elementor-section-height-default elementor-section-height-default\" data-id=\"19541f2\" data-element_type=\"section\" data-e-type=\"section\">\n\t\t\t\t\t\t<div class=\"elementor-container elementor-column-gap-default\">\n\t\t\t\t\t<div class=\"elementor-column elementor-col-50 elementor-top-column elementor-element elementor-element-dc92c02\" data-id=\"dc92c02\" data-element_type=\"column\" data-e-type=\"column\">\n\t\t\t<div class=\"elementor-widget-wrap elementor-element-populated\">\n\t\t\t\t\t\t<section class=\"elementor-section elementor-inner-section elementor-element elementor-element-5cc5453 elementor-section-boxed elementor-section-height-default elementor-section-height-default\" data-id=\"5cc5453\" data-element_type=\"section\" data-e-type=\"section\" data-settings=\"{&quot;background_background&quot;:&quot;classic&quot;,&quot;motion_fx_motion_fx_scrolling&quot;:&quot;yes&quot;,&quot;motion_fx_translateY_effect&quot;:&quot;yes&quot;,&quot;motion_fx_translateY_direction&quot;:&quot;negative&quot;,&quot;motion_fx_translateY_speed&quot;:{&quot;unit&quot;:&quot;px&quot;,&quot;size&quot;:1,&quot;sizes&quot;:[]},&quot;motion_fx_devices&quot;:[&quot;desktop&quot;],&quot;motion_fx_translateY_affectedRange&quot;:{&quot;unit&quot;:&quot;%&quot;,&quot;size&quot;:&quot;&quot;,&quot;sizes&quot;:{&quot;start&quot;:0,&quot;end&quot;:100}}}\">\n\t\t\t\t\t\t<div class=\"elementor-container elementor-column-gap-default\">\n\t\t\t\t\t<div class=\"elementor-column elementor-col-100 elementor-inner-column elementor-element elementor-element-7033a7e\" data-id=\"7033a7e\" data-element_type=\"column\" data-e-type=\"column\">\n\t\t\t<div class=\"elementor-widget-wrap elementor-element-populated\">\n\t\t\t\t\t\t<div class=\"elementor-element elementor-element-adb5770 elementor-invisible elementor-widget elementor-widget-heading\" data-id=\"adb5770\" data-element_type=\"widget\" data-e-type=\"widget\" data-settings=\"{&quot;motion_fx_motion_fx_scrolling&quot;:&quot;yes&quot;,&quot;motion_fx_translateY_effect&quot;:&quot;yes&quot;,&quot;motion_fx_translateY_speed&quot;:{&quot;unit&quot;:&quot;px&quot;,&quot;size&quot;:0.3,&quot;sizes&quot;:[]},&quot;_animation&quot;:&quot;fadeInDown&quot;,&quot;motion_fx_devices&quot;:[&quot;desktop&quot;],&quot;motion_fx_translateY_affectedRange&quot;:{&quot;unit&quot;:&quot;%&quot;,&quot;size&quot;:&quot;&quot;,&quot;sizes&quot;:{&quot;start&quot;:0,&quot;end&quot;:100}}}\" data-widget_type=\"heading.default\">\n\t\t\t\t<div class=\"elementor-widget-container\">\n\t\t\t\t\t<h2 class=\"elementor-heading-title elementor-size-default\">Parcours en v\u00e9lo<\/h2>\t\t\t\t<\/div>\n\t\t\t\t<\/div>\n\t\t\t\t<div class=\"elementor-element elementor-element-5bcdf30 elementor-widget elementor-widget-text-editor\" data-id=\"5bcdf30\" data-element_type=\"widget\" data-e-type=\"widget\" data-widget_type=\"text-editor.default\">\n\t\t\t\t<div class=\"elementor-widget-container\">\n\t\t\t\t\t\t\t\t\t<p>Les balades \u00e0 v\u00e9lo autour de <strong>Montm\u00e9lian<\/strong> sont une v\u00e9ritable invitation \u00e0 l&#8217;aventure et \u00e0 la d\u00e9couverte de <strong>paysages enchanteurs<\/strong>. Notre r\u00e9gion offre un r\u00e9seau de<strong> pistes cyclables<\/strong> vari\u00e9es, adapt\u00e9es \u00e0 tous les niveaux de pratique, vous permettant ainsi de partir \u00e0 la d\u00e9couverte des <strong>charmes<\/strong> environnants \u00e0 votre rythme. Que vous soyez un cycliste chevronn\u00e9 ou que vous souhaitiez simplement profiter d&#8217;une promenade tranquille, les itin\u00e9raires <strong>pittoresques<\/strong> et bien entretenus vous m\u00e8neront \u00e0 travers des vignobles verdoyants, des villages pittoresques et des sentiers bord\u00e9s de verdure.<\/p>\t\t\t\t\t\t\t\t<\/div>\n\t\t\t\t<\/div>\n\t\t\t\t\t<\/div>\n\t\t<\/div>\n\t\t\t\t\t<\/div>\n\t\t<\/section>\n\t\t\t\t\t<\/div>\n\t\t<\/div>\n\t\t\t\t<div class=\"elementor-column elementor-col-50 elementor-top-column elementor-element elementor-element-9fbb86d\" data-id=\"9fbb86d\" data-element_type=\"column\" data-e-type=\"column\">\n\t\t\t<div class=\"elementor-widget-wrap elementor-element-populated\">\n\t\t\t\t\t\t<div class=\"elementor-element elementor-element-4ee1a31 elementor-widget elementor-widget-image\" data-id=\"4ee1a31\" data-element_type=\"widget\" data-e-type=\"widget\" data-settings=\"{&quot;motion_fx_motion_fx_scrolling&quot;:&quot;yes&quot;,&quot;motion_fx_translateY_effect&quot;:&quot;yes&quot;,&quot;motion_fx_translateY_speed&quot;:{&quot;unit&quot;:&quot;px&quot;,&quot;size&quot;:1,&quot;sizes&quot;:[]},&quot;motion_fx_devices&quot;:[&quot;desktop&quot;],&quot;motion_fx_translateY_affectedRange&quot;:{&quot;unit&quot;:&quot;%&quot;,&quot;size&quot;:&quot;&quot;,&quot;sizes&quot;:{&quot;start&quot;:0,&quot;end&quot;:100}}}\" data-widget_type=\"image.default\">\n\t\t\t\t<div class=\"elementor-widget-container\">\n\t\t\t\t\t\t\t\t\t\t\t\t\t\t\t<img loading=\"lazy\" decoding=\"async\" width=\"750\" height=\"513\" src=\"http:\/\/beta.lacledeschamps-hotels.com\/kv1726-ovh\/wp-content\/uploads\/2023\/07\/young-man-riding-mountain-bike-downhill-style-1024x701.jpg\" class=\"attachment-large size-large wp-image-763\" alt=\"\" srcset=\"http:\/\/beta.lacledeschamps-hotels.com\/kv1726-ovh\/wp-content\/uploads\/2023\/07\/young-man-riding-mountain-bike-downhill-style-1024x701.jpg 1024w, http:\/\/beta.lacledeschamps-hotels.com\/kv1726-ovh\/wp-content\/uploads\/2023\/07\/young-man-riding-mountain-bike-downhill-style-300x205.jpg 300w, http:\/\/beta.lacledeschamps-hotels.com\/kv1726-ovh\/wp-content\/uploads\/2023\/07\/young-man-riding-mountain-bike-downhill-style-768x526.jpg 768w, http:\/\/beta.lacledeschamps-hotels.com\/kv1726-ovh\/wp-content\/uploads\/2023\/07\/young-man-riding-mountain-bike-downhill-style-1536x1052.jpg 1536w, http:\/\/beta.lacledeschamps-hotels.com\/kv1726-ovh\/wp-content\/uploads\/2023\/07\/young-man-riding-mountain-bike-downhill-style-2048x1402.jpg 2048w\" sizes=\"(max-width: 750px) 100vw, 750px\" \/>\t\t\t\t\t\t\t\t\t\t\t\t\t\t\t<\/div>\n\t\t\t\t<\/div>\n\t\t\t\t\t<\/div>\n\t\t<\/div>\n\t\t\t\t\t<\/div>\n\t\t<\/section>\n\t\t\t\t<section class=\"elementor-section elementor-top-section elementor-element elementor-element-f6eb553 elementor-section-boxed elementor-section-height-default elementor-section-height-default\" data-id=\"f6eb553\" data-element_type=\"section\" data-e-type=\"section\" data-settings=\"{&quot;background_background&quot;:&quot;classic&quot;}\">\n\t\t\t\t\t\t<div class=\"elementor-container elementor-column-gap-default\">\n\t\t\t\t\t<div class=\"elementor-column elementor-col-100 elementor-top-column elementor-element elementor-element-f57ed99\" data-id=\"f57ed99\" data-element_type=\"column\" data-e-type=\"column\">\n\t\t\t<div class=\"elementor-widget-wrap elementor-element-populated\">\n\t\t\t\t\t\t<div class=\"elementor-element elementor-element-89a1691 elementor-invisible elementor-widget elementor-widget-heading\" data-id=\"89a1691\" data-element_type=\"widget\" data-e-type=\"widget\" data-settings=\"{&quot;_animation&quot;:&quot;fadeInDown&quot;}\" data-widget_type=\"heading.default\">\n\t\t\t\t<div class=\"elementor-widget-container\">\n\t\t\t\t\t<h3 class=\"elementor-heading-title elementor-size-default\">Profitez de cette occasion unique pour explorer notre belle r\u00e9gion \u00e0 deux roues<\/h3>\t\t\t\t<\/div>\n\t\t\t\t<\/div>\n\t\t\t\t\t<\/div>\n\t\t<\/div>\n\t\t\t\t\t<\/div>\n\t\t<\/section>\n\t\t\t\t<section class=\"elementor-section elementor-top-section elementor-element elementor-element-a444215 elementor-section-boxed elementor-section-height-default elementor-section-height-default\" data-id=\"a444215\" data-element_type=\"section\" data-e-type=\"section\" data-settings=\"{&quot;background_background&quot;:&quot;classic&quot;}\">\n\t\t\t\t\t\t<div class=\"elementor-container elementor-column-gap-default\">\n\t\t\t\t\t<div class=\"elementor-column elementor-col-33 elementor-top-column elementor-element elementor-element-c99bd3b\" data-id=\"c99bd3b\" data-element_type=\"column\" data-e-type=\"column\" data-settings=\"{&quot;motion_fx_motion_fx_scrolling&quot;:&quot;yes&quot;,&quot;motion_fx_translateY_effect&quot;:&quot;yes&quot;,&quot;motion_fx_translateY_direction&quot;:&quot;negative&quot;,&quot;motion_fx_translateY_speed&quot;:{&quot;unit&quot;:&quot;px&quot;,&quot;size&quot;:1,&quot;sizes&quot;:[]},&quot;motion_fx_devices&quot;:[&quot;desktop&quot;],&quot;motion_fx_translateY_affectedRange&quot;:{&quot;unit&quot;:&quot;%&quot;,&quot;size&quot;:&quot;&quot;,&quot;sizes&quot;:{&quot;start&quot;:0,&quot;end&quot;:100}}}\">\n\t\t\t<div class=\"elementor-widget-wrap elementor-element-populated\">\n\t\t\t\t\t\t<div class=\"elementor-element elementor-element-a2fde59 elementor-widget elementor-widget-image\" data-id=\"a2fde59\" data-element_type=\"widget\" data-e-type=\"widget\" data-settings=\"{&quot;motion_fx_motion_fx_scrolling&quot;:&quot;yes&quot;,&quot;motion_fx_devices&quot;:[&quot;desktop&quot;,&quot;tablet&quot;,&quot;mobile&quot;]}\" data-widget_type=\"image.default\">\n\t\t\t\t<div class=\"elementor-widget-container\">\n\t\t\t\t\t\t\t\t\t\t\t\t\t\t\t<img loading=\"lazy\" decoding=\"async\" width=\"300\" height=\"224\" src=\"http:\/\/beta.lacledeschamps-hotels.com\/kv1726-ovh\/wp-content\/uploads\/2023\/07\/800x600_457724-smbt_ctq07517_savoiemontblanc_teso_quenard-300x224-1.jpg\" class=\"attachment-large size-large wp-image-740\" alt=\"\" \/>\t\t\t\t\t\t\t\t\t\t\t\t\t\t\t<\/div>\n\t\t\t\t<\/div>\n\t\t\t\t<div class=\"elementor-element elementor-element-f47ef13 elementor-widget elementor-widget-heading\" data-id=\"f47ef13\" data-element_type=\"widget\" data-e-type=\"widget\" data-widget_type=\"heading.default\">\n\t\t\t\t<div class=\"elementor-widget-container\">\n\t\t\t\t\t<span class=\"elementor-heading-title elementor-size-default\">La travers\u00e9e du Marocaz<\/span>\t\t\t\t<\/div>\n\t\t\t\t<\/div>\n\t\t\t\t<div class=\"elementor-element elementor-element-a30d05e elementor-invisible elementor-widget elementor-widget-text-editor\" data-id=\"a30d05e\" data-element_type=\"widget\" data-e-type=\"widget\" data-settings=\"{&quot;_animation&quot;:&quot;fadeIn&quot;}\" data-widget_type=\"text-editor.default\">\n\t\t\t\t<div class=\"elementor-widget-container\">\n\t\t\t\t\t\t\t\t\t<p>Apr\u00e8s avoir gravi le <strong>col de Marocaz<\/strong> sur une route tr\u00e8s tranquille, faire absolument un crochet pour voir le <strong>charmant petit lac<\/strong> de La Thuile.<br \/>Parcours noir ( difficile) : Distance 49 km, d\u00e9nivel\u00e9 cumul\u00e9 positif 810 m.<\/p>\t\t\t\t\t\t\t\t<\/div>\n\t\t\t\t<\/div>\n\t\t\t\t<div class=\"elementor-element elementor-element-f949715 elementor-align-center elementor-mobile-align-center elementor-tablet-align-center elementor-widget elementor-widget-button\" data-id=\"f949715\" data-element_type=\"widget\" data-e-type=\"widget\" data-widget_type=\"button.default\">\n\t\t\t\t<div class=\"elementor-widget-container\">\n\t\t\t\t\t\t\t\t\t<div class=\"elementor-button-wrapper\">\n\t\t\t\t\t<a class=\"elementor-button elementor-button-link elementor-size-sm\" href=\"https:\/\/www.savoie-mont-blanc.com\/itineraires-velo\/12-traversee-du-marocaz-333160\/\" target=\"_blank\">\n\t\t\t\t\t\t<span class=\"elementor-button-content-wrapper\">\n\t\t\t\t\t\t\t\t\t<span class=\"elementor-button-text\">D\u00e9couvrir<\/span>\n\t\t\t\t\t<\/span>\n\t\t\t\t\t<\/a>\n\t\t\t\t<\/div>\n\t\t\t\t\t\t\t\t<\/div>\n\t\t\t\t<\/div>\n\t\t\t\t\t<\/div>\n\t\t<\/div>\n\t\t\t\t<div class=\"elementor-column elementor-col-33 elementor-top-column elementor-element elementor-element-7453a64\" data-id=\"7453a64\" data-element_type=\"column\" data-e-type=\"column\" data-settings=\"{&quot;motion_fx_motion_fx_scrolling&quot;:&quot;yes&quot;,&quot;motion_fx_translateY_effect&quot;:&quot;yes&quot;,&quot;motion_fx_translateY_speed&quot;:{&quot;unit&quot;:&quot;px&quot;,&quot;size&quot;:1,&quot;sizes&quot;:[]},&quot;motion_fx_devices&quot;:[&quot;desktop&quot;],&quot;motion_fx_translateY_affectedRange&quot;:{&quot;unit&quot;:&quot;%&quot;,&quot;size&quot;:&quot;&quot;,&quot;sizes&quot;:{&quot;start&quot;:0,&quot;end&quot;:100}}}\">\n\t\t\t<div class=\"elementor-widget-wrap elementor-element-populated\">\n\t\t\t\t\t\t<div class=\"elementor-element elementor-element-cca68dd elementor-hidden-desktop elementor-hidden-tablet elementor-widget elementor-widget-image\" data-id=\"cca68dd\" data-element_type=\"widget\" data-e-type=\"widget\" data-widget_type=\"image.default\">\n\t\t\t\t<div class=\"elementor-widget-container\">\n\t\t\t\t\t\t\t\t\t\t\t\t\t\t\t<img loading=\"lazy\" decoding=\"async\" width=\"750\" height=\"499\" src=\"http:\/\/beta.lacledeschamps-hotels.com\/kv1726-ovh\/wp-content\/uploads\/2023\/07\/387668-diaporama-768x511-1.jpg\" class=\"attachment-large size-large wp-image-741\" alt=\"\" srcset=\"http:\/\/beta.lacledeschamps-hotels.com\/kv1726-ovh\/wp-content\/uploads\/2023\/07\/387668-diaporama-768x511-1.jpg 768w, http:\/\/beta.lacledeschamps-hotels.com\/kv1726-ovh\/wp-content\/uploads\/2023\/07\/387668-diaporama-768x511-1-300x200.jpg 300w, http:\/\/beta.lacledeschamps-hotels.com\/kv1726-ovh\/wp-content\/uploads\/2023\/07\/387668-diaporama-768x511-1-360x240.jpg 360w\" sizes=\"(max-width: 750px) 100vw, 750px\" \/>\t\t\t\t\t\t\t\t\t\t\t\t\t\t\t<\/div>\n\t\t\t\t<\/div>\n\t\t\t\t<div class=\"elementor-element elementor-element-c3f4f82 elementor-widget elementor-widget-heading\" data-id=\"c3f4f82\" data-element_type=\"widget\" data-e-type=\"widget\" data-widget_type=\"heading.default\">\n\t\t\t\t<div class=\"elementor-widget-container\">\n\t\t\t\t\t<span class=\"elementor-heading-title elementor-size-default\">La Transbeaufortaine en VTT<\/span>\t\t\t\t<\/div>\n\t\t\t\t<\/div>\n\t\t\t\t<div class=\"elementor-element elementor-element-e47670a elementor-invisible elementor-widget elementor-widget-text-editor\" data-id=\"e47670a\" data-element_type=\"widget\" data-e-type=\"widget\" data-settings=\"{&quot;_animation&quot;:&quot;fadeIn&quot;}\" data-widget_type=\"text-editor.default\">\n\t\t\t\t<div class=\"elementor-widget-container\">\n\t\t\t\t\t\t\t\t\t<p>Au d\u00e9part d&#8217;<strong>Albertville<\/strong>, vous emprunterez notamment l&#8217;ancienne route de <strong>Beaufort<\/strong>. A 2 km de l&#8217;arriv\u00e9e, dans un cadre magnifique au bord de l&#8217;\u00e9tang de <strong>Marc\u00f4t<\/strong>, une petite halte bien m\u00e9rit\u00e9e&#8230;<br \/>Ce parcours peut vous conduire jusqu&#8217;\u00e0 <strong>Hauteluce<\/strong> \u00e0 travers for\u00eats et hameaux pittoresques. A d\u00e9couvrir !<br \/>Parcours noir ( difficile) : Distance 22 km, d\u00e9nivel\u00e9 cumul\u00e9 positif 810 m.<\/p>\t\t\t\t\t\t\t\t<\/div>\n\t\t\t\t<\/div>\n\t\t\t\t<div class=\"elementor-element elementor-element-0cbd1d5 elementor-align-center elementor-mobile-align-center elementor-tablet-align-center elementor-widget elementor-widget-button\" data-id=\"0cbd1d5\" data-element_type=\"widget\" data-e-type=\"widget\" data-widget_type=\"button.default\">\n\t\t\t\t<div class=\"elementor-widget-container\">\n\t\t\t\t\t\t\t\t\t<div class=\"elementor-button-wrapper\">\n\t\t\t\t\t<a class=\"elementor-button elementor-button-link elementor-size-sm\" href=\"https:\/\/www.savoie-mont-blanc.com\/vtt\/la-transbeaufortaine-en-vtt-93509\/\" target=\"_blank\">\n\t\t\t\t\t\t<span class=\"elementor-button-content-wrapper\">\n\t\t\t\t\t\t\t\t\t<span class=\"elementor-button-text\">D\u00e9couvrir<\/span>\n\t\t\t\t\t<\/span>\n\t\t\t\t\t<\/a>\n\t\t\t\t<\/div>\n\t\t\t\t\t\t\t\t<\/div>\n\t\t\t\t<\/div>\n\t\t\t\t<div class=\"elementor-element elementor-element-f620598 elementor-hidden-mobile elementor-widget elementor-widget-image\" data-id=\"f620598\" data-element_type=\"widget\" data-e-type=\"widget\" data-widget_type=\"image.default\">\n\t\t\t\t<div class=\"elementor-widget-container\">\n\t\t\t\t\t\t\t\t\t\t\t\t\t\t\t<img loading=\"lazy\" decoding=\"async\" width=\"750\" height=\"499\" src=\"http:\/\/beta.lacledeschamps-hotels.com\/kv1726-ovh\/wp-content\/uploads\/2023\/07\/387668-diaporama-768x511-1.jpg\" class=\"attachment-large size-large wp-image-741\" alt=\"\" srcset=\"http:\/\/beta.lacledeschamps-hotels.com\/kv1726-ovh\/wp-content\/uploads\/2023\/07\/387668-diaporama-768x511-1.jpg 768w, http:\/\/beta.lacledeschamps-hotels.com\/kv1726-ovh\/wp-content\/uploads\/2023\/07\/387668-diaporama-768x511-1-300x200.jpg 300w, http:\/\/beta.lacledeschamps-hotels.com\/kv1726-ovh\/wp-content\/uploads\/2023\/07\/387668-diaporama-768x511-1-360x240.jpg 360w\" sizes=\"(max-width: 750px) 100vw, 750px\" \/>\t\t\t\t\t\t\t\t\t\t\t\t\t\t\t<\/div>\n\t\t\t\t<\/div>\n\t\t\t\t\t<\/div>\n\t\t<\/div>\n\t\t\t\t<div class=\"elementor-column elementor-col-33 elementor-top-column elementor-element elementor-element-f38211b\" data-id=\"f38211b\" data-element_type=\"column\" data-e-type=\"column\" data-settings=\"{&quot;motion_fx_motion_fx_scrolling&quot;:&quot;yes&quot;,&quot;motion_fx_translateY_effect&quot;:&quot;yes&quot;,&quot;motion_fx_translateY_direction&quot;:&quot;negative&quot;,&quot;motion_fx_translateY_speed&quot;:{&quot;unit&quot;:&quot;px&quot;,&quot;size&quot;:1,&quot;sizes&quot;:[]},&quot;motion_fx_devices&quot;:[&quot;desktop&quot;],&quot;motion_fx_translateY_affectedRange&quot;:{&quot;unit&quot;:&quot;%&quot;,&quot;size&quot;:&quot;&quot;,&quot;sizes&quot;:{&quot;start&quot;:0,&quot;end&quot;:100}}}\">\n\t\t\t<div class=\"elementor-widget-wrap elementor-element-populated\">\n\t\t\t\t\t\t<div class=\"elementor-element elementor-element-14811c5 elementor-widget elementor-widget-image\" data-id=\"14811c5\" data-element_type=\"widget\" data-e-type=\"widget\" data-widget_type=\"image.default\">\n\t\t\t\t<div class=\"elementor-widget-container\">\n\t\t\t\t\t\t\t\t\t\t\t\t\t\t\t<img loading=\"lazy\" decoding=\"async\" width=\"750\" height=\"563\" src=\"http:\/\/beta.lacledeschamps-hotels.com\/kv1726-ovh\/wp-content\/uploads\/2023\/07\/457291-apidae1-1024x768-1.png\" class=\"attachment-large size-large wp-image-742\" alt=\"\" srcset=\"http:\/\/beta.lacledeschamps-hotels.com\/kv1726-ovh\/wp-content\/uploads\/2023\/07\/457291-apidae1-1024x768-1.png 1024w, http:\/\/beta.lacledeschamps-hotels.com\/kv1726-ovh\/wp-content\/uploads\/2023\/07\/457291-apidae1-1024x768-1-300x225.png 300w, http:\/\/beta.lacledeschamps-hotels.com\/kv1726-ovh\/wp-content\/uploads\/2023\/07\/457291-apidae1-1024x768-1-768x576.png 768w\" sizes=\"(max-width: 750px) 100vw, 750px\" \/>\t\t\t\t\t\t\t\t\t\t\t\t\t\t\t<\/div>\n\t\t\t\t<\/div>\n\t\t\t\t<div class=\"elementor-element elementor-element-3c72a3b elementor-widget elementor-widget-heading\" data-id=\"3c72a3b\" data-element_type=\"widget\" data-e-type=\"widget\" data-widget_type=\"heading.default\">\n\t\t\t\t<div class=\"elementor-widget-container\">\n\t\t\t\t\t<span class=\"elementor-heading-title elementor-size-default\">Tour du Colombier d'Aillon<\/span>\t\t\t\t<\/div>\n\t\t\t\t<\/div>\n\t\t\t\t<div class=\"elementor-element elementor-element-115b587 elementor-invisible elementor-widget elementor-widget-text-editor\" data-id=\"115b587\" data-element_type=\"widget\" data-e-type=\"widget\" data-settings=\"{&quot;_animation&quot;:&quot;fadeIn&quot;}\" data-widget_type=\"text-editor.default\">\n\t\t\t\t<div class=\"elementor-widget-container\">\n\t\t\t\t\t\t\t\t\t<p>L\u2019ascension du col des<strong> Pr\u00e9s<\/strong> par lequel d\u00e9bute ce circuit est rude, mais r\u00e9compens\u00e9e ensuite par une magnifique plong\u00e9e au c\u0153ur du <strong>G\u00e9oparc des Bauges.<\/strong><br \/>N&#8217;oubliez pas de vous arr\u00eater chez l&#8217;un des producteurs laitiers <strong>&#8220;V\u00e9lo et Fromages&#8221;<\/strong> pour go\u00fbter la fameuse Tome des Bauges<br \/>Parcours noir ( difficile) : Distance 80 km, d\u00e9nivel\u00e9 cumul\u00e9 positif 1350 m.<\/p>\t\t\t\t\t\t\t\t<\/div>\n\t\t\t\t<\/div>\n\t\t\t\t<div class=\"elementor-element elementor-element-4fa865d elementor-align-center elementor-mobile-align-center elementor-tablet-align-center elementor-widget elementor-widget-button\" data-id=\"4fa865d\" data-element_type=\"widget\" data-e-type=\"widget\" data-widget_type=\"button.default\">\n\t\t\t\t<div class=\"elementor-widget-container\">\n\t\t\t\t\t\t\t\t\t<div class=\"elementor-button-wrapper\">\n\t\t\t\t\t<a class=\"elementor-button elementor-button-link elementor-size-sm\" href=\"https:\/\/www.savoie-mont-blanc.com\/itineraires-velo\/tour-du-colombier-daillon-333155\/\" target=\"_blank\">\n\t\t\t\t\t\t<span class=\"elementor-button-content-wrapper\">\n\t\t\t\t\t\t\t\t\t<span class=\"elementor-button-text\">D\u00e9couvrir<\/span>\n\t\t\t\t\t<\/span>\n\t\t\t\t\t<\/a>\n\t\t\t\t<\/div>\n\t\t\t\t\t\t\t\t<\/div>\n\t\t\t\t<\/div>\n\t\t\t\t\t<\/div>\n\t\t<\/div>\n\t\t\t\t\t<\/div>\n\t\t<\/section>\n\t\t\t\t<section class=\"elementor-section elementor-top-section elementor-element elementor-element-7fc40f6 elementor-section-full_width elementor-section-height-default elementor-section-height-default\" data-id=\"7fc40f6\" data-element_type=\"section\" data-e-type=\"section\">\n\t\t\t\t\t\t<div class=\"elementor-container elementor-column-gap-default\">\n\t\t\t\t\t<div class=\"elementor-column elementor-col-50 elementor-top-column elementor-element elementor-element-0c5331c\" data-id=\"0c5331c\" data-element_type=\"column\" data-e-type=\"column\">\n\t\t\t<div class=\"elementor-widget-wrap elementor-element-populated\">\n\t\t\t\t\t\t<div class=\"elementor-element elementor-element-3ad7be9 elementor-widget elementor-widget-image\" data-id=\"3ad7be9\" data-element_type=\"widget\" data-e-type=\"widget\" data-settings=\"{&quot;motion_fx_motion_fx_scrolling&quot;:&quot;yes&quot;,&quot;motion_fx_translateY_effect&quot;:&quot;yes&quot;,&quot;motion_fx_translateY_speed&quot;:{&quot;unit&quot;:&quot;px&quot;,&quot;size&quot;:1,&quot;sizes&quot;:[]},&quot;motion_fx_devices&quot;:[&quot;desktop&quot;],&quot;motion_fx_translateY_affectedRange&quot;:{&quot;unit&quot;:&quot;%&quot;,&quot;size&quot;:&quot;&quot;,&quot;sizes&quot;:{&quot;start&quot;:0,&quot;end&quot;:100}}}\" data-widget_type=\"image.default\">\n\t\t\t\t<div class=\"elementor-widget-container\">\n\t\t\t\t\t\t\t\t\t\t\t\t\t\t\t<img loading=\"lazy\" decoding=\"async\" width=\"750\" height=\"500\" src=\"http:\/\/beta.lacledeschamps-hotels.com\/kv1726-ovh\/wp-content\/uploads\/2023\/09\/a0937fbfaf681fd9684735200eaf597a-10120474-1745x1163-1-1024x682.jpg\" class=\"attachment-large size-large wp-image-2227\" alt=\"\" srcset=\"http:\/\/beta.lacledeschamps-hotels.com\/kv1726-ovh\/wp-content\/uploads\/2023\/09\/a0937fbfaf681fd9684735200eaf597a-10120474-1745x1163-1-1024x682.jpg 1024w, http:\/\/beta.lacledeschamps-hotels.com\/kv1726-ovh\/wp-content\/uploads\/2023\/09\/a0937fbfaf681fd9684735200eaf597a-10120474-1745x1163-1-300x200.jpg 300w, http:\/\/beta.lacledeschamps-hotels.com\/kv1726-ovh\/wp-content\/uploads\/2023\/09\/a0937fbfaf681fd9684735200eaf597a-10120474-1745x1163-1-768x512.jpg 768w, http:\/\/beta.lacledeschamps-hotels.com\/kv1726-ovh\/wp-content\/uploads\/2023\/09\/a0937fbfaf681fd9684735200eaf597a-10120474-1745x1163-1-1536x1024.jpg 1536w, http:\/\/beta.lacledeschamps-hotels.com\/kv1726-ovh\/wp-content\/uploads\/2023\/09\/a0937fbfaf681fd9684735200eaf597a-10120474-1745x1163-1-360x240.jpg 360w, http:\/\/beta.lacledeschamps-hotels.com\/kv1726-ovh\/wp-content\/uploads\/2023\/09\/a0937fbfaf681fd9684735200eaf597a-10120474-1745x1163-1.jpg 1745w\" sizes=\"(max-width: 750px) 100vw, 750px\" \/>\t\t\t\t\t\t\t\t\t\t\t\t\t\t\t<\/div>\n\t\t\t\t<\/div>\n\t\t\t\t\t<\/div>\n\t\t<\/div>\n\t\t\t\t<div class=\"elementor-column elementor-col-50 elementor-top-column elementor-element elementor-element-af020b3\" data-id=\"af020b3\" data-element_type=\"column\" data-e-type=\"column\">\n\t\t\t<div class=\"elementor-widget-wrap elementor-element-populated\">\n\t\t\t\t\t\t<section class=\"elementor-section elementor-inner-section elementor-element elementor-element-ee0c80f elementor-section-boxed elementor-section-height-default elementor-section-height-default\" data-id=\"ee0c80f\" data-element_type=\"section\" data-e-type=\"section\" data-settings=\"{&quot;background_background&quot;:&quot;classic&quot;,&quot;motion_fx_motion_fx_scrolling&quot;:&quot;yes&quot;,&quot;motion_fx_translateY_effect&quot;:&quot;yes&quot;,&quot;motion_fx_translateY_direction&quot;:&quot;negative&quot;,&quot;motion_fx_translateY_speed&quot;:{&quot;unit&quot;:&quot;px&quot;,&quot;size&quot;:1,&quot;sizes&quot;:[]},&quot;motion_fx_devices&quot;:[&quot;desktop&quot;],&quot;motion_fx_translateY_affectedRange&quot;:{&quot;unit&quot;:&quot;%&quot;,&quot;size&quot;:&quot;&quot;,&quot;sizes&quot;:{&quot;start&quot;:0,&quot;end&quot;:100}}}\">\n\t\t\t\t\t\t<div class=\"elementor-container elementor-column-gap-default\">\n\t\t\t\t\t<div class=\"elementor-column elementor-col-100 elementor-inner-column elementor-element elementor-element-a06005c\" data-id=\"a06005c\" data-element_type=\"column\" data-e-type=\"column\">\n\t\t\t<div class=\"elementor-widget-wrap elementor-element-populated\">\n\t\t\t\t\t\t<div class=\"elementor-element elementor-element-f5de397 elementor-invisible elementor-widget elementor-widget-heading\" data-id=\"f5de397\" data-element_type=\"widget\" data-e-type=\"widget\" data-settings=\"{&quot;motion_fx_motion_fx_scrolling&quot;:&quot;yes&quot;,&quot;motion_fx_translateY_effect&quot;:&quot;yes&quot;,&quot;motion_fx_translateY_speed&quot;:{&quot;unit&quot;:&quot;px&quot;,&quot;size&quot;:0.3,&quot;sizes&quot;:[]},&quot;_animation&quot;:&quot;fadeInDown&quot;,&quot;motion_fx_devices&quot;:[&quot;desktop&quot;],&quot;motion_fx_translateY_affectedRange&quot;:{&quot;unit&quot;:&quot;%&quot;,&quot;size&quot;:&quot;&quot;,&quot;sizes&quot;:{&quot;start&quot;:0,&quot;end&quot;:100}}}\" data-widget_type=\"heading.default\">\n\t\t\t\t<div class=\"elementor-widget-container\">\n\t\t\t\t\t<h2 class=\"elementor-heading-title elementor-size-default\">Mus\u00e9e &amp; Patrimoine<\/h2>\t\t\t\t<\/div>\n\t\t\t\t<\/div>\n\t\t\t\t<div class=\"elementor-element elementor-element-8f897e8 elementor-widget elementor-widget-text-editor\" data-id=\"8f897e8\" data-element_type=\"widget\" data-e-type=\"widget\" data-widget_type=\"text-editor.default\">\n\t\t\t\t<div class=\"elementor-widget-container\">\n\t\t\t\t\t\t\t\t\t<p>Les <strong>amoureux<\/strong> d&#8217;histoire et de patrimoine seront <strong>combl\u00e9s<\/strong> par les tr\u00e9sors <strong>culturels<\/strong> qui jalonnent la r\u00e9gion autour de <strong>Montm\u00e9lian<\/strong>. \u00c0 proximit\u00e9 de notre \u00e9tablissement, vous pourrez d\u00e9couvrir des mus\u00e9es fascinants qui vous plongeront au c\u0153ur du pass\u00e9. Explorez les expositions riches et vari\u00e9es qui mettent en lumi\u00e8re <strong>l&#8217;histoire<\/strong>, la tradition et <strong>l&#8217;artisanat local<\/strong>. Des ch\u00e2teaux majestueux t\u00e9moignent \u00e9galement du riche patrimoine architectural de la r\u00e9gion.<\/p>\t\t\t\t\t\t\t\t<\/div>\n\t\t\t\t<\/div>\n\t\t\t\t\t<\/div>\n\t\t<\/div>\n\t\t\t\t\t<\/div>\n\t\t<\/section>\n\t\t\t\t\t<\/div>\n\t\t<\/div>\n\t\t\t\t\t<\/div>\n\t\t<\/section>\n\t\t\t\t<section class=\"elementor-section elementor-top-section elementor-element elementor-element-e204b5b elementor-section-boxed elementor-section-height-default elementor-section-height-default\" data-id=\"e204b5b\" data-element_type=\"section\" data-e-type=\"section\" data-settings=\"{&quot;background_background&quot;:&quot;classic&quot;}\">\n\t\t\t\t\t\t<div class=\"elementor-container elementor-column-gap-default\">\n\t\t\t\t\t<div class=\"elementor-column elementor-col-100 elementor-top-column elementor-element elementor-element-8007850\" data-id=\"8007850\" data-element_type=\"column\" data-e-type=\"column\">\n\t\t\t<div class=\"elementor-widget-wrap elementor-element-populated\">\n\t\t\t\t\t\t<div class=\"elementor-element elementor-element-32bd84a elementor-invisible elementor-widget elementor-widget-heading\" data-id=\"32bd84a\" data-element_type=\"widget\" data-e-type=\"widget\" data-settings=\"{&quot;_animation&quot;:&quot;fadeInDown&quot;}\" data-widget_type=\"heading.default\">\n\t\t\t\t<div class=\"elementor-widget-container\">\n\t\t\t\t\t<h3 class=\"elementor-heading-title elementor-size-default\">Laissez-vous charmer par une visite guid\u00e9e captivante ou une balade \u00e0 travers les vestiges historiques<\/h3>\t\t\t\t<\/div>\n\t\t\t\t<\/div>\n\t\t\t\t\t<\/div>\n\t\t<\/div>\n\t\t\t\t\t<\/div>\n\t\t<\/section>\n\t\t\t\t<section class=\"elementor-section elementor-top-section elementor-element elementor-element-248063f elementor-section-boxed elementor-section-height-default elementor-section-height-default\" data-id=\"248063f\" data-element_type=\"section\" data-e-type=\"section\" data-settings=\"{&quot;background_background&quot;:&quot;classic&quot;}\">\n\t\t\t\t\t\t<div class=\"elementor-container elementor-column-gap-default\">\n\t\t\t\t\t<div class=\"elementor-column elementor-col-33 elementor-top-column elementor-element elementor-element-e9f0051\" data-id=\"e9f0051\" data-element_type=\"column\" data-e-type=\"column\" data-settings=\"{&quot;motion_fx_motion_fx_scrolling&quot;:&quot;yes&quot;,&quot;motion_fx_translateY_effect&quot;:&quot;yes&quot;,&quot;motion_fx_translateY_direction&quot;:&quot;negative&quot;,&quot;motion_fx_translateY_speed&quot;:{&quot;unit&quot;:&quot;px&quot;,&quot;size&quot;:1,&quot;sizes&quot;:[]},&quot;motion_fx_devices&quot;:[&quot;desktop&quot;],&quot;motion_fx_translateY_affectedRange&quot;:{&quot;unit&quot;:&quot;%&quot;,&quot;size&quot;:&quot;&quot;,&quot;sizes&quot;:{&quot;start&quot;:0,&quot;end&quot;:100}}}\">\n\t\t\t<div class=\"elementor-widget-wrap elementor-element-populated\">\n\t\t\t\t\t\t<div class=\"elementor-element elementor-element-12fc2fb elementor-widget elementor-widget-image\" data-id=\"12fc2fb\" data-element_type=\"widget\" data-e-type=\"widget\" data-settings=\"{&quot;motion_fx_motion_fx_scrolling&quot;:&quot;yes&quot;,&quot;motion_fx_devices&quot;:[&quot;desktop&quot;,&quot;tablet&quot;,&quot;mobile&quot;]}\" data-widget_type=\"image.default\">\n\t\t\t\t<div class=\"elementor-widget-container\">\n\t\t\t\t\t\t\t\t\t\t\t\t\t\t\t<img loading=\"lazy\" decoding=\"async\" width=\"750\" height=\"450\" src=\"http:\/\/beta.lacledeschamps-hotels.com\/kv1726-ovh\/wp-content\/uploads\/2023\/07\/place-des-elephants.jpg\" class=\"attachment-large size-large wp-image-759\" alt=\"\" srcset=\"http:\/\/beta.lacledeschamps-hotels.com\/kv1726-ovh\/wp-content\/uploads\/2023\/07\/place-des-elephants.jpg 1000w, http:\/\/beta.lacledeschamps-hotels.com\/kv1726-ovh\/wp-content\/uploads\/2023\/07\/place-des-elephants-300x180.jpg 300w, http:\/\/beta.lacledeschamps-hotels.com\/kv1726-ovh\/wp-content\/uploads\/2023\/07\/place-des-elephants-768x461.jpg 768w\" sizes=\"(max-width: 750px) 100vw, 750px\" \/>\t\t\t\t\t\t\t\t\t\t\t\t\t\t\t<\/div>\n\t\t\t\t<\/div>\n\t\t\t\t<div class=\"elementor-element elementor-element-830dc4f elementor-widget elementor-widget-heading\" data-id=\"830dc4f\" data-element_type=\"widget\" data-e-type=\"widget\" data-widget_type=\"heading.default\">\n\t\t\t\t<div class=\"elementor-widget-container\">\n\t\t\t\t\t<span class=\"elementor-heading-title elementor-size-default\">Ville de Chamb\u00e9ry<\/span>\t\t\t\t<\/div>\n\t\t\t\t<\/div>\n\t\t\t\t<div class=\"elementor-element elementor-element-f238c2c elementor-invisible elementor-widget elementor-widget-text-editor\" data-id=\"f238c2c\" data-element_type=\"widget\" data-e-type=\"widget\" data-settings=\"{&quot;_animation&quot;:&quot;fadeIn&quot;}\" data-widget_type=\"text-editor.default\">\n\t\t\t\t<div class=\"elementor-widget-container\">\n\t\t\t\t\t\t\t\t\t<p>La commune est <strong>encadr\u00e9e<\/strong> par les massifs de la <strong>Chartreuse et des Bauges<\/strong>. Capitale historique des comtes de <strong>Savoie<\/strong> depuis le d\u00e9but du <strong>XIVe si\u00e8cle<\/strong>.<br \/>Vous pourrez d\u00e9couvrir dans ses <strong>magnifiques<\/strong> ruelles, des monuments splendides comme le palais de justice, la mairie, le ch\u00e2teau ou encore la fontaine des \u00e9l\u00e9phants.<br \/><strong>Bonne d\u00e9couverte !<\/strong><\/p>\t\t\t\t\t\t\t\t<\/div>\n\t\t\t\t<\/div>\n\t\t\t\t<div class=\"elementor-element elementor-element-a17d055 elementor-align-center elementor-mobile-align-center elementor-tablet-align-center elementor-widget elementor-widget-button\" data-id=\"a17d055\" data-element_type=\"widget\" data-e-type=\"widget\" data-widget_type=\"button.default\">\n\t\t\t\t<div class=\"elementor-widget-container\">\n\t\t\t\t\t\t\t\t\t<div class=\"elementor-button-wrapper\">\n\t\t\t\t\t<a class=\"elementor-button elementor-button-link elementor-size-sm\" href=\"https:\/\/www.savoie-mont-blanc.com\/sites-culturels\/chambery-et-sa-vallee-561\/\" target=\"_blank\">\n\t\t\t\t\t\t<span class=\"elementor-button-content-wrapper\">\n\t\t\t\t\t\t\t\t\t<span class=\"elementor-button-text\">D\u00e9couvrir<\/span>\n\t\t\t\t\t<\/span>\n\t\t\t\t\t<\/a>\n\t\t\t\t<\/div>\n\t\t\t\t\t\t\t\t<\/div>\n\t\t\t\t<\/div>\n\t\t\t\t\t<\/div>\n\t\t<\/div>\n\t\t\t\t<div class=\"elementor-column elementor-col-33 elementor-top-column elementor-element elementor-element-601cf02\" data-id=\"601cf02\" data-element_type=\"column\" data-e-type=\"column\" data-settings=\"{&quot;motion_fx_motion_fx_scrolling&quot;:&quot;yes&quot;,&quot;motion_fx_translateY_effect&quot;:&quot;yes&quot;,&quot;motion_fx_translateY_speed&quot;:{&quot;unit&quot;:&quot;px&quot;,&quot;size&quot;:1,&quot;sizes&quot;:[]},&quot;motion_fx_devices&quot;:[&quot;desktop&quot;],&quot;motion_fx_translateY_affectedRange&quot;:{&quot;unit&quot;:&quot;%&quot;,&quot;size&quot;:&quot;&quot;,&quot;sizes&quot;:{&quot;start&quot;:0,&quot;end&quot;:100}}}\">\n\t\t\t<div class=\"elementor-widget-wrap elementor-element-populated\">\n\t\t\t\t\t\t<div class=\"elementor-element elementor-element-ab7f1b0 elementor-hidden-desktop elementor-hidden-tablet elementor-widget elementor-widget-image\" data-id=\"ab7f1b0\" data-element_type=\"widget\" data-e-type=\"widget\" data-widget_type=\"image.default\">\n\t\t\t\t<div class=\"elementor-widget-container\">\n\t\t\t\t\t\t\t\t\t\t\t\t\t\t\t<img loading=\"lazy\" decoding=\"async\" width=\"509\" height=\"339\" src=\"http:\/\/beta.lacledeschamps-hotels.com\/kv1726-ovh\/wp-content\/uploads\/2023\/07\/istockphoto-838767518-170667a.jpg\" class=\"attachment-large size-large wp-image-758\" alt=\"\" srcset=\"http:\/\/beta.lacledeschamps-hotels.com\/kv1726-ovh\/wp-content\/uploads\/2023\/07\/istockphoto-838767518-170667a.jpg 509w, http:\/\/beta.lacledeschamps-hotels.com\/kv1726-ovh\/wp-content\/uploads\/2023\/07\/istockphoto-838767518-170667a-300x200.jpg 300w, http:\/\/beta.lacledeschamps-hotels.com\/kv1726-ovh\/wp-content\/uploads\/2023\/07\/istockphoto-838767518-170667a-360x240.jpg 360w\" sizes=\"(max-width: 509px) 100vw, 509px\" \/>\t\t\t\t\t\t\t\t\t\t\t\t\t\t\t<\/div>\n\t\t\t\t<\/div>\n\t\t\t\t<div class=\"elementor-element elementor-element-692a31f elementor-widget elementor-widget-heading\" data-id=\"692a31f\" data-element_type=\"widget\" data-e-type=\"widget\" data-widget_type=\"heading.default\">\n\t\t\t\t<div class=\"elementor-widget-container\">\n\t\t\t\t\t<span class=\"elementor-heading-title elementor-size-default\">Abbaye de Hautecombe<\/span>\t\t\t\t<\/div>\n\t\t\t\t<\/div>\n\t\t\t\t<div class=\"elementor-element elementor-element-451b529 elementor-invisible elementor-widget elementor-widget-text-editor\" data-id=\"451b529\" data-element_type=\"widget\" data-e-type=\"widget\" data-settings=\"{&quot;_animation&quot;:&quot;fadeIn&quot;}\" data-widget_type=\"text-editor.default\">\n\t\t\t\t<div class=\"elementor-widget-container\">\n\t\t\t\t\t\t\t\t\t<p>Entrez dans l&#8217;histoire de l&#8217;<strong>Abbaye royale d&#8217;Hautecombe<\/strong>, un lieu unique en Savoie.<br \/>Abbaye cistercienne du XIIe si\u00e8cle, elle abrite la n\u00e9cropole des <strong>Princes de Savoie<\/strong>.<br \/>D\u2019une <strong>architecture gothique<\/strong>, l\u2019\u00e9difice qui surplombe le lac fait partie des sites les plus visit\u00e9s.<br \/>Des offices de pri\u00e8res sont propos\u00e9s chaque jour.<\/p>\t\t\t\t\t\t\t\t<\/div>\n\t\t\t\t<\/div>\n\t\t\t\t<div class=\"elementor-element elementor-element-5686760 elementor-align-center elementor-mobile-align-center elementor-tablet-align-center elementor-widget elementor-widget-button\" data-id=\"5686760\" data-element_type=\"widget\" data-e-type=\"widget\" data-widget_type=\"button.default\">\n\t\t\t\t<div class=\"elementor-widget-container\">\n\t\t\t\t\t\t\t\t\t<div class=\"elementor-button-wrapper\">\n\t\t\t\t\t<a class=\"elementor-button elementor-button-link elementor-size-sm\" href=\"https:\/\/www.savoie-mont-blanc.com\/visite-culture\/sites-incontournables\/abbaye-hautecombe\/\" target=\"_blank\">\n\t\t\t\t\t\t<span class=\"elementor-button-content-wrapper\">\n\t\t\t\t\t\t\t\t\t<span class=\"elementor-button-text\">D\u00e9couvrir<\/span>\n\t\t\t\t\t<\/span>\n\t\t\t\t\t<\/a>\n\t\t\t\t<\/div>\n\t\t\t\t\t\t\t\t<\/div>\n\t\t\t\t<\/div>\n\t\t\t\t<div class=\"elementor-element elementor-element-26e512a elementor-hidden-mobile elementor-widget elementor-widget-image\" data-id=\"26e512a\" data-element_type=\"widget\" data-e-type=\"widget\" data-widget_type=\"image.default\">\n\t\t\t\t<div class=\"elementor-widget-container\">\n\t\t\t\t\t\t\t\t\t\t\t\t\t\t\t<img loading=\"lazy\" decoding=\"async\" width=\"509\" height=\"339\" src=\"http:\/\/beta.lacledeschamps-hotels.com\/kv1726-ovh\/wp-content\/uploads\/2023\/07\/istockphoto-838767518-170667a.jpg\" class=\"attachment-large size-large wp-image-758\" alt=\"\" srcset=\"http:\/\/beta.lacledeschamps-hotels.com\/kv1726-ovh\/wp-content\/uploads\/2023\/07\/istockphoto-838767518-170667a.jpg 509w, http:\/\/beta.lacledeschamps-hotels.com\/kv1726-ovh\/wp-content\/uploads\/2023\/07\/istockphoto-838767518-170667a-300x200.jpg 300w, http:\/\/beta.lacledeschamps-hotels.com\/kv1726-ovh\/wp-content\/uploads\/2023\/07\/istockphoto-838767518-170667a-360x240.jpg 360w\" sizes=\"(max-width: 509px) 100vw, 509px\" \/>\t\t\t\t\t\t\t\t\t\t\t\t\t\t\t<\/div>\n\t\t\t\t<\/div>\n\t\t\t\t\t<\/div>\n\t\t<\/div>\n\t\t\t\t<div class=\"elementor-column elementor-col-33 elementor-top-column elementor-element elementor-element-0b6d87c\" data-id=\"0b6d87c\" data-element_type=\"column\" data-e-type=\"column\" data-settings=\"{&quot;motion_fx_motion_fx_scrolling&quot;:&quot;yes&quot;,&quot;motion_fx_translateY_effect&quot;:&quot;yes&quot;,&quot;motion_fx_translateY_direction&quot;:&quot;negative&quot;,&quot;motion_fx_translateY_speed&quot;:{&quot;unit&quot;:&quot;px&quot;,&quot;size&quot;:1,&quot;sizes&quot;:[]},&quot;motion_fx_devices&quot;:[&quot;desktop&quot;],&quot;motion_fx_translateY_affectedRange&quot;:{&quot;unit&quot;:&quot;%&quot;,&quot;size&quot;:&quot;&quot;,&quot;sizes&quot;:{&quot;start&quot;:0,&quot;end&quot;:100}}}\">\n\t\t\t<div class=\"elementor-widget-wrap elementor-element-populated\">\n\t\t\t\t\t\t<div class=\"elementor-element elementor-element-cbe618d elementor-widget elementor-widget-image\" data-id=\"cbe618d\" data-element_type=\"widget\" data-e-type=\"widget\" data-widget_type=\"image.default\">\n\t\t\t\t<div class=\"elementor-widget-container\">\n\t\t\t\t\t\t\t\t\t\t\t\t\t\t\t<img loading=\"lazy\" decoding=\"async\" width=\"750\" height=\"422\" src=\"http:\/\/beta.lacledeschamps-hotels.com\/kv1726-ovh\/wp-content\/uploads\/2023\/07\/B9721600029Z.1_20191115150931_000GB6ESP8GT.2-0-1024x576.jpg\" class=\"attachment-large size-large wp-image-757\" alt=\"\" srcset=\"http:\/\/beta.lacledeschamps-hotels.com\/kv1726-ovh\/wp-content\/uploads\/2023\/07\/B9721600029Z.1_20191115150931_000GB6ESP8GT.2-0-1024x576.jpg 1024w, http:\/\/beta.lacledeschamps-hotels.com\/kv1726-ovh\/wp-content\/uploads\/2023\/07\/B9721600029Z.1_20191115150931_000GB6ESP8GT.2-0-300x169.jpg 300w, http:\/\/beta.lacledeschamps-hotels.com\/kv1726-ovh\/wp-content\/uploads\/2023\/07\/B9721600029Z.1_20191115150931_000GB6ESP8GT.2-0-768x432.jpg 768w, http:\/\/beta.lacledeschamps-hotels.com\/kv1726-ovh\/wp-content\/uploads\/2023\/07\/B9721600029Z.1_20191115150931_000GB6ESP8GT.2-0.jpg 1192w\" sizes=\"(max-width: 750px) 100vw, 750px\" \/>\t\t\t\t\t\t\t\t\t\t\t\t\t\t\t<\/div>\n\t\t\t\t<\/div>\n\t\t\t\t<div class=\"elementor-element elementor-element-09718b9 elementor-widget elementor-widget-heading\" data-id=\"09718b9\" data-element_type=\"widget\" data-e-type=\"widget\" data-widget_type=\"heading.default\">\n\t\t\t\t<div class=\"elementor-widget-container\">\n\t\t\t\t\t<span class=\"elementor-heading-title elementor-size-default\">Ch\u00e2teau de Miolans<\/span>\t\t\t\t<\/div>\n\t\t\t\t<\/div>\n\t\t\t\t<div class=\"elementor-element elementor-element-ba99a0f elementor-invisible elementor-widget elementor-widget-text-editor\" data-id=\"ba99a0f\" data-element_type=\"widget\" data-e-type=\"widget\" data-settings=\"{&quot;_animation&quot;:&quot;fadeIn&quot;}\" data-widget_type=\"text-editor.default\">\n\t\t\t\t<div class=\"elementor-widget-container\">\n\t\t\t\t\t\t\t\t\t<p>Le <strong>ch\u00e2teau de Miolans<\/strong>, est un ancien ch\u00e2teau fort situ\u00e9 \u00e0 550m d&#8217;altitude sur un escarpement rocheux qui domine la <strong>Combe de Savoie<\/strong>, class\u00e9 monument historique depuis 1944.<br \/><strong>Miolans<\/strong> est l\u2019un des monuments les plus importants du <strong>patrimoine savoyard<\/strong>. Le ch\u00e2teau a \u00e9t\u00e9 une prison de 1564 \u00e0 1792.<\/p>\t\t\t\t\t\t\t\t<\/div>\n\t\t\t\t<\/div>\n\t\t\t\t<div class=\"elementor-element elementor-element-1261b22 elementor-align-center elementor-mobile-align-center elementor-tablet-align-center elementor-widget elementor-widget-button\" data-id=\"1261b22\" data-element_type=\"widget\" data-e-type=\"widget\" data-widget_type=\"button.default\">\n\t\t\t\t<div class=\"elementor-widget-container\">\n\t\t\t\t\t\t\t\t\t<div class=\"elementor-button-wrapper\">\n\t\t\t\t\t<a class=\"elementor-button elementor-button-link elementor-size-sm\" href=\"https:\/\/www.savoie-mont-blanc.com\/sites-culturels\/chateau-de-miolans-258228\/\" target=\"_blank\">\n\t\t\t\t\t\t<span class=\"elementor-button-content-wrapper\">\n\t\t\t\t\t\t\t\t\t<span class=\"elementor-button-text\">D\u00e9couvrir<\/span>\n\t\t\t\t\t<\/span>\n\t\t\t\t\t<\/a>\n\t\t\t\t<\/div>\n\t\t\t\t\t\t\t\t<\/div>\n\t\t\t\t<\/div>\n\t\t\t\t\t<\/div>\n\t\t<\/div>\n\t\t\t\t\t<\/div>\n\t\t<\/section>\n\t\t\t\t<section class=\"elementor-section elementor-top-section elementor-element elementor-element-2d09944 elementor-section-full_width elementor-section-height-default elementor-section-height-default\" data-id=\"2d09944\" data-element_type=\"section\" data-e-type=\"section\">\n\t\t\t\t\t\t<div class=\"elementor-container elementor-column-gap-default\">\n\t\t\t\t\t<div class=\"elementor-column elementor-col-50 elementor-top-column elementor-element elementor-element-e553847\" data-id=\"e553847\" data-element_type=\"column\" data-e-type=\"column\">\n\t\t\t<div class=\"elementor-widget-wrap elementor-element-populated\">\n\t\t\t\t\t\t<div class=\"elementor-element elementor-element-301d9df elementor-widget elementor-widget-image\" data-id=\"301d9df\" data-element_type=\"widget\" data-e-type=\"widget\" data-settings=\"{&quot;motion_fx_motion_fx_scrolling&quot;:&quot;yes&quot;,&quot;motion_fx_translateY_effect&quot;:&quot;yes&quot;,&quot;motion_fx_translateY_speed&quot;:{&quot;unit&quot;:&quot;px&quot;,&quot;size&quot;:1,&quot;sizes&quot;:[]},&quot;motion_fx_devices&quot;:[&quot;desktop&quot;],&quot;motion_fx_translateY_affectedRange&quot;:{&quot;unit&quot;:&quot;%&quot;,&quot;size&quot;:&quot;&quot;,&quot;sizes&quot;:{&quot;start&quot;:0,&quot;end&quot;:100}}}\" data-widget_type=\"image.default\">\n\t\t\t\t<div class=\"elementor-widget-container\">\n\t\t\t\t\t\t\t\t\t\t\t\t\t\t\t<img loading=\"lazy\" decoding=\"async\" width=\"750\" height=\"500\" src=\"http:\/\/beta.lacledeschamps-hotels.com\/kv1726-ovh\/wp-content\/uploads\/2023\/07\/boy-g9d2e0ff6f_1280-1024x683.jpg\" class=\"attachment-large size-large wp-image-784\" alt=\"\" srcset=\"http:\/\/beta.lacledeschamps-hotels.com\/kv1726-ovh\/wp-content\/uploads\/2023\/07\/boy-g9d2e0ff6f_1280-1024x683.jpg 1024w, http:\/\/beta.lacledeschamps-hotels.com\/kv1726-ovh\/wp-content\/uploads\/2023\/07\/boy-g9d2e0ff6f_1280-300x200.jpg 300w, http:\/\/beta.lacledeschamps-hotels.com\/kv1726-ovh\/wp-content\/uploads\/2023\/07\/boy-g9d2e0ff6f_1280-768x512.jpg 768w, http:\/\/beta.lacledeschamps-hotels.com\/kv1726-ovh\/wp-content\/uploads\/2023\/07\/boy-g9d2e0ff6f_1280-360x240.jpg 360w, http:\/\/beta.lacledeschamps-hotels.com\/kv1726-ovh\/wp-content\/uploads\/2023\/07\/boy-g9d2e0ff6f_1280.jpg 1280w\" sizes=\"(max-width: 750px) 100vw, 750px\" \/>\t\t\t\t\t\t\t\t\t\t\t\t\t\t\t<\/div>\n\t\t\t\t<\/div>\n\t\t\t\t\t<\/div>\n\t\t<\/div>\n\t\t\t\t<div class=\"elementor-column elementor-col-50 elementor-top-column elementor-element elementor-element-b14712c\" data-id=\"b14712c\" data-element_type=\"column\" data-e-type=\"column\">\n\t\t\t<div class=\"elementor-widget-wrap elementor-element-populated\">\n\t\t\t\t\t\t<section class=\"elementor-section elementor-inner-section elementor-element elementor-element-5cbdcbb elementor-section-boxed elementor-section-height-default elementor-section-height-default\" data-id=\"5cbdcbb\" data-element_type=\"section\" data-e-type=\"section\" data-settings=\"{&quot;background_background&quot;:&quot;classic&quot;,&quot;motion_fx_motion_fx_scrolling&quot;:&quot;yes&quot;,&quot;motion_fx_translateY_effect&quot;:&quot;yes&quot;,&quot;motion_fx_translateY_direction&quot;:&quot;negative&quot;,&quot;motion_fx_translateY_speed&quot;:{&quot;unit&quot;:&quot;px&quot;,&quot;size&quot;:1,&quot;sizes&quot;:[]},&quot;motion_fx_devices&quot;:[&quot;desktop&quot;],&quot;motion_fx_translateY_affectedRange&quot;:{&quot;unit&quot;:&quot;%&quot;,&quot;size&quot;:&quot;&quot;,&quot;sizes&quot;:{&quot;start&quot;:0,&quot;end&quot;:100}}}\">\n\t\t\t\t\t\t<div class=\"elementor-container elementor-column-gap-default\">\n\t\t\t\t\t<div class=\"elementor-column elementor-col-100 elementor-inner-column elementor-element elementor-element-5c40956\" data-id=\"5c40956\" data-element_type=\"column\" data-e-type=\"column\">\n\t\t\t<div class=\"elementor-widget-wrap elementor-element-populated\">\n\t\t\t\t\t\t<div class=\"elementor-element elementor-element-52b21ea elementor-invisible elementor-widget elementor-widget-heading\" data-id=\"52b21ea\" data-element_type=\"widget\" data-e-type=\"widget\" data-settings=\"{&quot;motion_fx_motion_fx_scrolling&quot;:&quot;yes&quot;,&quot;motion_fx_translateY_effect&quot;:&quot;yes&quot;,&quot;motion_fx_translateY_speed&quot;:{&quot;unit&quot;:&quot;px&quot;,&quot;size&quot;:0.3,&quot;sizes&quot;:[]},&quot;_animation&quot;:&quot;fadeInDown&quot;,&quot;motion_fx_devices&quot;:[&quot;desktop&quot;],&quot;motion_fx_translateY_affectedRange&quot;:{&quot;unit&quot;:&quot;%&quot;,&quot;size&quot;:&quot;&quot;,&quot;sizes&quot;:{&quot;start&quot;:0,&quot;end&quot;:100}}}\" data-widget_type=\"heading.default\">\n\t\t\t\t<div class=\"elementor-widget-container\">\n\t\t\t\t\t<h2 class=\"elementor-heading-title elementor-size-default\">Autres activit\u00e9s<\/h2>\t\t\t\t<\/div>\n\t\t\t\t<\/div>\n\t\t\t\t<div class=\"elementor-element elementor-element-861a5f1 elementor-widget elementor-widget-text-editor\" data-id=\"861a5f1\" data-element_type=\"widget\" data-e-type=\"widget\" data-widget_type=\"text-editor.default\">\n\t\t\t\t<div class=\"elementor-widget-container\">\n\t\t\t\t\t\t\t\t\t<p>Montm\u00e9lian et sa r\u00e9gion regorgent d&#8217;<strong>activit\u00e9s<\/strong> pour tous les go\u00fbts. Des balades en plein air aux sports d&#8217;aventure, en passant par les visites culturelles et les d\u00e9gustations de vin, chacun trouvera <strong>son bonheur<\/strong>.<br \/>N&#8217;h\u00e9sitez pas \u00e0 consulter le site <strong><a href=\"https:\/\/www.savoie-mont-blanc.com\/\" style=\"color: #a9151d;\" target=\"_blank\" rel=\"noopener\">Savoie Mont Blanc<\/a><\/strong> pour d\u00e9couvrir plus d&#8217;activit\u00e9s<\/p>\t\t\t\t\t\t\t\t<\/div>\n\t\t\t\t<\/div>\n\t\t\t\t\t<\/div>\n\t\t<\/div>\n\t\t\t\t\t<\/div>\n\t\t<\/section>\n\t\t\t\t\t<\/div>\n\t\t<\/div>\n\t\t\t\t\t<\/div>\n\t\t<\/section>\n\t\t\t\t<section class=\"elementor-section elementor-top-section elementor-element elementor-element-3c3ce76 elementor-section-boxed elementor-section-height-default elementor-section-height-default\" data-id=\"3c3ce76\" data-element_type=\"section\" data-e-type=\"section\" data-settings=\"{&quot;background_background&quot;:&quot;classic&quot;}\">\n\t\t\t\t\t\t<div class=\"elementor-container elementor-column-gap-default\">\n\t\t\t\t\t<div class=\"elementor-column elementor-col-100 elementor-top-column elementor-element elementor-element-b4dd6b0\" data-id=\"b4dd6b0\" data-element_type=\"column\" data-e-type=\"column\">\n\t\t\t<div class=\"elementor-widget-wrap elementor-element-populated\">\n\t\t\t\t\t\t<div class=\"elementor-element elementor-element-a922024 elementor-invisible elementor-widget elementor-widget-heading\" data-id=\"a922024\" data-element_type=\"widget\" data-e-type=\"widget\" data-settings=\"{&quot;_animation&quot;:&quot;fadeInDown&quot;}\" data-widget_type=\"heading.default\">\n\t\t\t\t<div class=\"elementor-widget-container\">\n\t\t\t\t\t<h3 class=\"elementor-heading-title elementor-size-default\">Profitez de cette diversit\u00e9 d'exp\u00e9riences pour cr\u00e9er des souvenirs inoubliables <\/h3>\t\t\t\t<\/div>\n\t\t\t\t<\/div>\n\t\t\t\t\t<\/div>\n\t\t<\/div>\n\t\t\t\t\t<\/div>\n\t\t<\/section>\n\t\t\t\t<section class=\"elementor-section elementor-top-section elementor-element elementor-element-31c1d48 elementor-section-boxed elementor-section-height-default elementor-section-height-default\" data-id=\"31c1d48\" data-element_type=\"section\" data-e-type=\"section\" data-settings=\"{&quot;background_background&quot;:&quot;classic&quot;}\">\n\t\t\t\t\t\t<div class=\"elementor-container elementor-column-gap-default\">\n\t\t\t\t\t<div class=\"elementor-column elementor-col-33 elementor-top-column elementor-element elementor-element-c95adb6\" data-id=\"c95adb6\" data-element_type=\"column\" data-e-type=\"column\" data-settings=\"{&quot;motion_fx_motion_fx_scrolling&quot;:&quot;yes&quot;,&quot;motion_fx_translateY_effect&quot;:&quot;yes&quot;,&quot;motion_fx_translateY_direction&quot;:&quot;negative&quot;,&quot;motion_fx_translateY_speed&quot;:{&quot;unit&quot;:&quot;px&quot;,&quot;size&quot;:1,&quot;sizes&quot;:[]},&quot;motion_fx_devices&quot;:[&quot;desktop&quot;],&quot;motion_fx_translateY_affectedRange&quot;:{&quot;unit&quot;:&quot;%&quot;,&quot;size&quot;:&quot;&quot;,&quot;sizes&quot;:{&quot;start&quot;:0,&quot;end&quot;:100}}}\">\n\t\t\t<div class=\"elementor-widget-wrap elementor-element-populated\">\n\t\t\t\t\t\t<div class=\"elementor-element elementor-element-99c45fb elementor-widget elementor-widget-image\" data-id=\"99c45fb\" data-element_type=\"widget\" data-e-type=\"widget\" data-settings=\"{&quot;motion_fx_motion_fx_scrolling&quot;:&quot;yes&quot;,&quot;motion_fx_devices&quot;:[&quot;desktop&quot;,&quot;tablet&quot;,&quot;mobile&quot;]}\" data-widget_type=\"image.default\">\n\t\t\t\t<div class=\"elementor-widget-container\">\n\t\t\t\t\t\t\t\t\t\t\t\t\t\t\t<img loading=\"lazy\" decoding=\"async\" width=\"613\" height=\"460\" src=\"http:\/\/beta.lacledeschamps-hotels.com\/kv1726-ovh\/wp-content\/uploads\/2023\/07\/33d60e0a39f204381f49e8daed1809fa_w613.jpg\" class=\"attachment-large size-large wp-image-785\" alt=\"\" srcset=\"http:\/\/beta.lacledeschamps-hotels.com\/kv1726-ovh\/wp-content\/uploads\/2023\/07\/33d60e0a39f204381f49e8daed1809fa_w613.jpg 613w, http:\/\/beta.lacledeschamps-hotels.com\/kv1726-ovh\/wp-content\/uploads\/2023\/07\/33d60e0a39f204381f49e8daed1809fa_w613-300x225.jpg 300w\" sizes=\"(max-width: 613px) 100vw, 613px\" \/>\t\t\t\t\t\t\t\t\t\t\t\t\t\t\t<\/div>\n\t\t\t\t<\/div>\n\t\t\t\t<div class=\"elementor-element elementor-element-3c10d2d elementor-widget elementor-widget-heading\" data-id=\"3c10d2d\" data-element_type=\"widget\" data-e-type=\"widget\" data-widget_type=\"heading.default\">\n\t\t\t\t<div class=\"elementor-widget-container\">\n\t\t\t\t\t<span class=\"elementor-heading-title elementor-size-default\">Base de loisirs de Carouge<\/span>\t\t\t\t<\/div>\n\t\t\t\t<\/div>\n\t\t\t\t<div class=\"elementor-element elementor-element-c84564d elementor-invisible elementor-widget elementor-widget-text-editor\" data-id=\"c84564d\" data-element_type=\"widget\" data-e-type=\"widget\" data-settings=\"{&quot;_animation&quot;:&quot;fadeIn&quot;}\" data-widget_type=\"text-editor.default\">\n\t\t\t\t<div class=\"elementor-widget-container\">\n\t\t\t\t\t\t\t\t\t<p>Elle accueille toute la famille pour des journ\u00e9es de d\u00e9tente au <strong>bord de l&#8217;eau<\/strong>.<br \/>Sur une surface de pr\u00e8s de 10 hectares, les activit\u00e9s ne manquent pas :<strong> baignade, p\u00eache, p\u00e9dalo, jeux pour les enfants ou simple balade autour du lac<\/strong>.<br \/>Zone de baignade surveill\u00e9e de <strong>13h \u00e0 19h<\/strong> durant la saison estivale.<\/p>\t\t\t\t\t\t\t\t<\/div>\n\t\t\t\t<\/div>\n\t\t\t\t<div class=\"elementor-element elementor-element-5c0646b elementor-align-center elementor-mobile-align-center elementor-tablet-align-center elementor-widget elementor-widget-button\" data-id=\"5c0646b\" data-element_type=\"widget\" data-e-type=\"widget\" data-widget_type=\"button.default\">\n\t\t\t\t<div class=\"elementor-widget-container\">\n\t\t\t\t\t\t\t\t\t<div class=\"elementor-button-wrapper\">\n\t\t\t\t\t<a class=\"elementor-button elementor-button-link elementor-size-sm\" href=\"https:\/\/www.savoie-mont-blanc.com\/plages-et-activites-nautiques\/plage-du-lac-de-carouge-81521\/\" target=\"_blank\">\n\t\t\t\t\t\t<span class=\"elementor-button-content-wrapper\">\n\t\t\t\t\t\t\t\t\t<span class=\"elementor-button-text\">D\u00e9couvrir<\/span>\n\t\t\t\t\t<\/span>\n\t\t\t\t\t<\/a>\n\t\t\t\t<\/div>\n\t\t\t\t\t\t\t\t<\/div>\n\t\t\t\t<\/div>\n\t\t\t\t\t<\/div>\n\t\t<\/div>\n\t\t\t\t<div class=\"elementor-column elementor-col-33 elementor-top-column elementor-element elementor-element-70dba30\" data-id=\"70dba30\" data-element_type=\"column\" data-e-type=\"column\" data-settings=\"{&quot;motion_fx_motion_fx_scrolling&quot;:&quot;yes&quot;,&quot;motion_fx_translateY_effect&quot;:&quot;yes&quot;,&quot;motion_fx_translateY_speed&quot;:{&quot;unit&quot;:&quot;px&quot;,&quot;size&quot;:1,&quot;sizes&quot;:[]},&quot;motion_fx_devices&quot;:[&quot;desktop&quot;],&quot;motion_fx_translateY_affectedRange&quot;:{&quot;unit&quot;:&quot;%&quot;,&quot;size&quot;:&quot;&quot;,&quot;sizes&quot;:{&quot;start&quot;:0,&quot;end&quot;:100}}}\">\n\t\t\t<div class=\"elementor-widget-wrap elementor-element-populated\">\n\t\t\t\t\t\t<div class=\"elementor-element elementor-element-cc1e1fc elementor-hidden-desktop elementor-hidden-tablet elementor-widget elementor-widget-image\" data-id=\"cc1e1fc\" data-element_type=\"widget\" data-e-type=\"widget\" data-widget_type=\"image.default\">\n\t\t\t\t<div class=\"elementor-widget-container\">\n\t\t\t\t\t\t\t\t\t\t\t\t\t\t\t<img loading=\"lazy\" decoding=\"async\" width=\"606\" height=\"460\" src=\"http:\/\/beta.lacledeschamps-hotels.com\/kv1726-ovh\/wp-content\/uploads\/2023\/07\/logo.png\" class=\"attachment-large size-large wp-image-786\" alt=\"\" srcset=\"http:\/\/beta.lacledeschamps-hotels.com\/kv1726-ovh\/wp-content\/uploads\/2023\/07\/logo.png 606w, http:\/\/beta.lacledeschamps-hotels.com\/kv1726-ovh\/wp-content\/uploads\/2023\/07\/logo-300x228.png 300w\" sizes=\"(max-width: 606px) 100vw, 606px\" \/>\t\t\t\t\t\t\t\t\t\t\t\t\t\t\t<\/div>\n\t\t\t\t<\/div>\n\t\t\t\t<div class=\"elementor-element elementor-element-403adbf elementor-widget elementor-widget-heading\" data-id=\"403adbf\" data-element_type=\"widget\" data-e-type=\"widget\" data-widget_type=\"heading.default\">\n\t\t\t\t<div class=\"elementor-widget-container\">\n\t\t\t\t\t<span class=\"elementor-heading-title elementor-size-default\">Escape game<\/span>\t\t\t\t<\/div>\n\t\t\t\t<\/div>\n\t\t\t\t<div class=\"elementor-element elementor-element-6f3832b elementor-invisible elementor-widget elementor-widget-text-editor\" data-id=\"6f3832b\" data-element_type=\"widget\" data-e-type=\"widget\" data-settings=\"{&quot;_animation&quot;:&quot;fadeIn&quot;}\" data-widget_type=\"text-editor.default\">\n\t\t\t\t<div class=\"elementor-widget-container\">\n\t\t\t\t\t\t\t\t\t<p>Il pleut, vous ne savez pas quoi faire ?<br \/>A quelques kilom\u00e8tres de chez nous, d\u00e9couvrez le centre d\u2019<strong>Escape Game<\/strong> de Challes les eaux : devenez, <strong>agents secrets<\/strong> et venez vivre un moment unique d\u2019\u00e9vasion gr\u00e2ce \u00e0 nos univers originaux et in\u00e9dits :<br \/>des aventures en salle, des aventures urbaines et m\u00eame des missions enqu\u00eates vous attendent !<\/p>\t\t\t\t\t\t\t\t<\/div>\n\t\t\t\t<\/div>\n\t\t\t\t<div class=\"elementor-element elementor-element-6a6bd35 elementor-align-center elementor-mobile-align-center elementor-tablet-align-center elementor-widget elementor-widget-button\" data-id=\"6a6bd35\" data-element_type=\"widget\" data-e-type=\"widget\" data-widget_type=\"button.default\">\n\t\t\t\t<div class=\"elementor-widget-container\">\n\t\t\t\t\t\t\t\t\t<div class=\"elementor-button-wrapper\">\n\t\t\t\t\t<a class=\"elementor-button elementor-button-link elementor-size-sm\" href=\"https:\/\/www.savoie-mont-blanc.com\/fiches\/escape-game-5783275\/\" target=\"_blank\">\n\t\t\t\t\t\t<span class=\"elementor-button-content-wrapper\">\n\t\t\t\t\t\t\t\t\t<span class=\"elementor-button-text\">D\u00e9couvrir<\/span>\n\t\t\t\t\t<\/span>\n\t\t\t\t\t<\/a>\n\t\t\t\t<\/div>\n\t\t\t\t\t\t\t\t<\/div>\n\t\t\t\t<\/div>\n\t\t\t\t<div class=\"elementor-element elementor-element-c2badb4 elementor-hidden-mobile elementor-widget elementor-widget-image\" data-id=\"c2badb4\" data-element_type=\"widget\" data-e-type=\"widget\" data-widget_type=\"image.default\">\n\t\t\t\t<div class=\"elementor-widget-container\">\n\t\t\t\t\t\t\t\t\t\t\t\t\t\t\t<img loading=\"lazy\" decoding=\"async\" width=\"606\" height=\"460\" src=\"http:\/\/beta.lacledeschamps-hotels.com\/kv1726-ovh\/wp-content\/uploads\/2023\/07\/logo.png\" class=\"attachment-large size-large wp-image-786\" alt=\"\" srcset=\"http:\/\/beta.lacledeschamps-hotels.com\/kv1726-ovh\/wp-content\/uploads\/2023\/07\/logo.png 606w, http:\/\/beta.lacledeschamps-hotels.com\/kv1726-ovh\/wp-content\/uploads\/2023\/07\/logo-300x228.png 300w\" sizes=\"(max-width: 606px) 100vw, 606px\" \/>\t\t\t\t\t\t\t\t\t\t\t\t\t\t\t<\/div>\n\t\t\t\t<\/div>\n\t\t\t\t\t<\/div>\n\t\t<\/div>\n\t\t\t\t<div class=\"elementor-column elementor-col-33 elementor-top-column elementor-element elementor-element-9f587a7\" data-id=\"9f587a7\" data-element_type=\"column\" data-e-type=\"column\" data-settings=\"{&quot;motion_fx_motion_fx_scrolling&quot;:&quot;yes&quot;,&quot;motion_fx_translateY_effect&quot;:&quot;yes&quot;,&quot;motion_fx_translateY_direction&quot;:&quot;negative&quot;,&quot;motion_fx_translateY_speed&quot;:{&quot;unit&quot;:&quot;px&quot;,&quot;size&quot;:1,&quot;sizes&quot;:[]},&quot;motion_fx_devices&quot;:[&quot;desktop&quot;],&quot;motion_fx_translateY_affectedRange&quot;:{&quot;unit&quot;:&quot;%&quot;,&quot;size&quot;:&quot;&quot;,&quot;sizes&quot;:{&quot;start&quot;:0,&quot;end&quot;:100}}}\">\n\t\t\t<div class=\"elementor-widget-wrap elementor-element-populated\">\n\t\t\t\t\t\t<div class=\"elementor-element elementor-element-76f4ea4 elementor-widget elementor-widget-image\" data-id=\"76f4ea4\" data-element_type=\"widget\" data-e-type=\"widget\" data-widget_type=\"image.default\">\n\t\t\t\t<div class=\"elementor-widget-container\">\n\t\t\t\t\t\t\t\t\t\t\t\t\t\t\t<img loading=\"lazy\" decoding=\"async\" width=\"750\" height=\"493\" src=\"http:\/\/beta.lacledeschamps-hotels.com\/kv1726-ovh\/wp-content\/uploads\/2023\/07\/thermes-allevard.jpg\" class=\"attachment-large size-large wp-image-787\" alt=\"\" srcset=\"http:\/\/beta.lacledeschamps-hotels.com\/kv1726-ovh\/wp-content\/uploads\/2023\/07\/thermes-allevard.jpg 1015w, http:\/\/beta.lacledeschamps-hotels.com\/kv1726-ovh\/wp-content\/uploads\/2023\/07\/thermes-allevard-300x197.jpg 300w, http:\/\/beta.lacledeschamps-hotels.com\/kv1726-ovh\/wp-content\/uploads\/2023\/07\/thermes-allevard-768x505.jpg 768w\" sizes=\"(max-width: 750px) 100vw, 750px\" \/>\t\t\t\t\t\t\t\t\t\t\t\t\t\t\t<\/div>\n\t\t\t\t<\/div>\n\t\t\t\t<div class=\"elementor-element elementor-element-53fe677 elementor-widget elementor-widget-heading\" data-id=\"53fe677\" data-element_type=\"widget\" data-e-type=\"widget\" data-widget_type=\"heading.default\">\n\t\t\t\t<div class=\"elementor-widget-container\">\n\t\t\t\t\t<span class=\"elementor-heading-title elementor-size-default\">Les thermes d'Allevard<\/span>\t\t\t\t<\/div>\n\t\t\t\t<\/div>\n\t\t\t\t<div class=\"elementor-element elementor-element-b5a99d2 elementor-invisible elementor-widget elementor-widget-text-editor\" data-id=\"b5a99d2\" data-element_type=\"widget\" data-e-type=\"widget\" data-settings=\"{&quot;_animation&quot;:&quot;fadeIn&quot;}\" data-widget_type=\"text-editor.default\">\n\t\t\t\t<div class=\"elementor-widget-container\">\n\t\t\t\t\t\t\t\t\t<p>Envie de vous ressourcer ?<br \/>Les <strong>thermes d&#8217;Allevard<\/strong> sont id\u00e9ales, situ\u00e9es au c\u0153ur des <strong>Alpes<\/strong><br \/>La puret\u00e9 de l\u2019air, environnement de moyenne montagne, magnifique <strong>parc thermal<\/strong>, loin de toute pollution urbaine\u2026 Tout est r\u00e9uni pour vous accueillir dans les meilleures conditions.<br \/>Pour une <strong>cure thermale<\/strong>, ou tout simplement une 1\/2 journ\u00e9e d\u00e9tente avec <strong>massage &amp; spa<\/strong><br \/>N&#8217;h\u00e9sitez plus, c&#8217;est le lieu id\u00e9al !<\/p>\t\t\t\t\t\t\t\t<\/div>\n\t\t\t\t<\/div>\n\t\t\t\t<div class=\"elementor-element elementor-element-0c0770d elementor-align-center elementor-mobile-align-center elementor-tablet-align-center elementor-widget elementor-widget-button\" data-id=\"0c0770d\" data-element_type=\"widget\" data-e-type=\"widget\" data-widget_type=\"button.default\">\n\t\t\t\t<div class=\"elementor-widget-container\">\n\t\t\t\t\t\t\t\t\t<div class=\"elementor-button-wrapper\">\n\t\t\t\t\t<a class=\"elementor-button elementor-button-link elementor-size-sm\" href=\"http:\/\/www.thermes-allevard.com\/\" target=\"_blank\">\n\t\t\t\t\t\t<span class=\"elementor-button-content-wrapper\">\n\t\t\t\t\t\t\t\t\t<span class=\"elementor-button-text\">D\u00e9couvrir<\/span>\n\t\t\t\t\t<\/span>\n\t\t\t\t\t<\/a>\n\t\t\t\t<\/div>\n\t\t\t\t\t\t\t\t<\/div>\n\t\t\t\t<\/div>\n\t\t\t\t\t<\/div>\n\t\t<\/div>\n\t\t\t\t\t<\/div>\n\t\t<\/section>\n\t\t\t\t<section class=\"elementor-section elementor-top-section elementor-element elementor-element-2bc6018 elementor-section-boxed elementor-section-height-default elementor-section-height-default\" data-id=\"2bc6018\" data-element_type=\"section\" data-e-type=\"section\" data-settings=\"{&quot;background_background&quot;:&quot;classic&quot;}\">\n\t\t\t\t\t\t<div class=\"elementor-container elementor-column-gap-default\">\n\t\t\t\t\t<div class=\"elementor-column elementor-col-100 elementor-top-column elementor-element elementor-element-c9cff0b\" data-id=\"c9cff0b\" data-element_type=\"column\" data-e-type=\"column\">\n\t\t\t<div class=\"elementor-widget-wrap elementor-element-populated\">\n\t\t\t\t\t\t<div class=\"elementor-element elementor-element-3ca5a3b elementor-widget elementor-widget-text-editor\" data-id=\"3ca5a3b\" data-element_type=\"widget\" data-e-type=\"widget\" data-widget_type=\"text-editor.default\">\n\t\t\t\t<div class=\"elementor-widget-container\">\n\t\t\t\t\t\t\t\t\tN&#8217;h\u00e9sitez pas \u00e0 nous contacter par <strong><a href=\"http:\/\/beta.lacledeschamps-hotels.com\/kv1726-ovh\/contact\/\" style=\"color: #4b4b4b;\">e-mail<\/a><\/strong> ou par t\u00e9l\u00e9phone au <strong><a href=\"tel:0479841201\" style=\"color: #4b4b4b;\">04 79 84 12 01<\/a><\/strong> pour avoir plus d&#8217;informations.\t\t\t\t\t\t\t\t<\/div>\n\t\t\t\t<\/div>\n\t\t\t\t\t<\/div>\n\t\t<\/div>\n\t\t\t\t\t<\/div>\n\t\t<\/section>\n\t\t\t\t<\/div>\n\t\t","protected":false},"excerpt":{"rendered":"<p>Nos activit\u00e9s H\u00f4tel \u00e0 Montm\u00e9lian D\u00e9couvrez nos activit\u00e9s Situ\u00e9 \u00e0 Montm\u00e9lian, La Cl\u00e9 des Champs vous propose une multitude d&#8217;activit\u00e9s captivantes lors de votre s\u00e9jour. Nich\u00e9 au c\u0153ur d&#8217;un environnement naturel exceptionnel, notre h\u00f4tel vous offre un acc\u00e8s privil\u00e9gi\u00e9 \u00e0 une vari\u00e9t\u00e9 d&#8217;exp\u00e9riences passionnantes. Que vous soyez amateur de randonn\u00e9e, [&hellip;]<\/p>\n","protected":false},"author":1,"featured_media":0,"parent":0,"menu_order":0,"comment_status":"closed","ping_status":"closed","template":"page-templates\/template-pagebuilder-full-width.php","meta":{"inline_featured_image":false,"footnotes":""},"class_list":["post-20","page","type-page","status-publish","hentry"],"yoast_head":"<!-- This site is optimized with the Yoast SEO plugin v27.5 - https:\/\/yoast.com\/product\/yoast-seo-wordpress\/ -->\n<title>Activit\u00e9s - la cl\u00e9 des champs<\/title>\n<meta name=\"robots\" content=\"index, follow, max-snippet:-1, max-image-preview:large, max-video-preview:-1\" \/>\n<link rel=\"canonical\" href=\"https:\/\/beta.lacledeschamps-hotels.com\/kv1726-ovh\/activites\/\" \/>\n<meta property=\"og:locale\" content=\"fr_FR\" \/>\n<meta property=\"og:type\" content=\"article\" \/>\n<meta property=\"og:title\" content=\"Activit\u00e9s - la cl\u00e9 des champs\" \/>\n<meta property=\"og:description\" content=\"Nos activit\u00e9s H\u00f4tel \u00e0 Montm\u00e9lian D\u00e9couvrez nos activit\u00e9s Situ\u00e9 \u00e0 Montm\u00e9lian, La Cl\u00e9 des Champs vous propose une multitude d&#8217;activit\u00e9s captivantes lors de votre s\u00e9jour. Nich\u00e9 au c\u0153ur d&#8217;un environnement naturel exceptionnel, notre h\u00f4tel vous offre un acc\u00e8s privil\u00e9gi\u00e9 \u00e0 une vari\u00e9t\u00e9 d&#8217;exp\u00e9riences passionnantes. Que vous soyez amateur de randonn\u00e9e, [&hellip;]\" \/>\n<meta property=\"og:url\" content=\"https:\/\/beta.lacledeschamps-hotels.com\/kv1726-ovh\/activites\/\" \/>\n<meta property=\"og:site_name\" content=\"la cl\u00e9 des champs\" \/>\n<meta property=\"article:modified_time\" content=\"2023-09-13T11:47:37+00:00\" \/>\n<meta property=\"og:image\" content=\"http:\/\/beta.lacledeschamps-hotels.com\/kv1726-ovh\/wp-content\/uploads\/2023\/07\/vin-dans-vignoble-region-viticole-moravie-du-sud-republique-tcheque-1024x683.jpg\" \/>\n<meta name=\"twitter:card\" content=\"summary_large_image\" \/>\n<script type=\"application\/ld+json\" class=\"yoast-schema-graph\">{\"@context\":\"https:\\\/\\\/schema.org\",\"@graph\":[{\"@type\":\"WebPage\",\"@id\":\"https:\\\/\\\/beta.lacledeschamps-hotels.com\\\/kv1726-ovh\\\/activites\\\/\",\"url\":\"https:\\\/\\\/beta.lacledeschamps-hotels.com\\\/kv1726-ovh\\\/activites\\\/\",\"name\":\"Activit\u00e9s - la cl\u00e9 des champs\",\"isPartOf\":{\"@id\":\"http:\\\/\\\/beta.lacledeschamps-hotels.com\\\/kv1726-ovh\\\/#website\"},\"primaryImageOfPage\":{\"@id\":\"https:\\\/\\\/beta.lacledeschamps-hotels.com\\\/kv1726-ovh\\\/activites\\\/#primaryimage\"},\"image\":{\"@id\":\"https:\\\/\\\/beta.lacledeschamps-hotels.com\\\/kv1726-ovh\\\/activites\\\/#primaryimage\"},\"thumbnailUrl\":\"http:\\\/\\\/beta.lacledeschamps-hotels.com\\\/kv1726-ovh\\\/wp-content\\\/uploads\\\/2023\\\/07\\\/vin-dans-vignoble-region-viticole-moravie-du-sud-republique-tcheque-1024x683.jpg\",\"datePublished\":\"2023-07-21T09:03:41+00:00\",\"dateModified\":\"2023-09-13T11:47:37+00:00\",\"breadcrumb\":{\"@id\":\"https:\\\/\\\/beta.lacledeschamps-hotels.com\\\/kv1726-ovh\\\/activites\\\/#breadcrumb\"},\"inLanguage\":\"fr-FR\",\"potentialAction\":[{\"@type\":\"ReadAction\",\"target\":[\"https:\\\/\\\/beta.lacledeschamps-hotels.com\\\/kv1726-ovh\\\/activites\\\/\"]}]},{\"@type\":\"ImageObject\",\"inLanguage\":\"fr-FR\",\"@id\":\"https:\\\/\\\/beta.lacledeschamps-hotels.com\\\/kv1726-ovh\\\/activites\\\/#primaryimage\",\"url\":\"http:\\\/\\\/beta.lacledeschamps-hotels.com\\\/kv1726-ovh\\\/wp-content\\\/uploads\\\/2023\\\/07\\\/vin-dans-vignoble-region-viticole-moravie-du-sud-republique-tcheque-scaled.jpg\",\"contentUrl\":\"http:\\\/\\\/beta.lacledeschamps-hotels.com\\\/kv1726-ovh\\\/wp-content\\\/uploads\\\/2023\\\/07\\\/vin-dans-vignoble-region-viticole-moravie-du-sud-republique-tcheque-scaled.jpg\",\"width\":2560,\"height\":1707,\"caption\":\"The wine in the vineyard. Wine region of South Moravia Czech Republic.\"},{\"@type\":\"BreadcrumbList\",\"@id\":\"https:\\\/\\\/beta.lacledeschamps-hotels.com\\\/kv1726-ovh\\\/activites\\\/#breadcrumb\",\"itemListElement\":[{\"@type\":\"ListItem\",\"position\":1,\"name\":\"Accueil\",\"item\":\"http:\\\/\\\/beta.lacledeschamps-hotels.com\\\/kv1726-ovh\\\/\"},{\"@type\":\"ListItem\",\"position\":2,\"name\":\"Activit\u00e9s\"}]},{\"@type\":\"WebSite\",\"@id\":\"http:\\\/\\\/beta.lacledeschamps-hotels.com\\\/kv1726-ovh\\\/#website\",\"url\":\"http:\\\/\\\/beta.lacledeschamps-hotels.com\\\/kv1726-ovh\\\/\",\"name\":\"la cl\u00e9 des champs\",\"description\":\"\",\"publisher\":{\"@id\":\"http:\\\/\\\/beta.lacledeschamps-hotels.com\\\/kv1726-ovh\\\/#organization\"},\"potentialAction\":[{\"@type\":\"SearchAction\",\"target\":{\"@type\":\"EntryPoint\",\"urlTemplate\":\"http:\\\/\\\/beta.lacledeschamps-hotels.com\\\/kv1726-ovh\\\/?s={search_term_string}\"},\"query-input\":{\"@type\":\"PropertyValueSpecification\",\"valueRequired\":true,\"valueName\":\"search_term_string\"}}],\"inLanguage\":\"fr-FR\"},{\"@type\":\"Organization\",\"@id\":\"http:\\\/\\\/beta.lacledeschamps-hotels.com\\\/kv1726-ovh\\\/#organization\",\"name\":\"la cl\u00e9 des champs\",\"url\":\"http:\\\/\\\/beta.lacledeschamps-hotels.com\\\/kv1726-ovh\\\/\",\"logo\":{\"@type\":\"ImageObject\",\"inLanguage\":\"fr-FR\",\"@id\":\"http:\\\/\\\/beta.lacledeschamps-hotels.com\\\/kv1726-ovh\\\/#\\\/schema\\\/logo\\\/image\\\/\",\"url\":\"http:\\\/\\\/beta.lacledeschamps-hotels.com\\\/kv1726-ovh\\\/wp-content\\\/uploads\\\/2023\\\/07\\\/Logo_la_cle_des_champs.jpg\",\"contentUrl\":\"http:\\\/\\\/beta.lacledeschamps-hotels.com\\\/kv1726-ovh\\\/wp-content\\\/uploads\\\/2023\\\/07\\\/Logo_la_cle_des_champs.jpg\",\"width\":161,\"height\":127,\"caption\":\"la cl\u00e9 des champs\"},\"image\":{\"@id\":\"http:\\\/\\\/beta.lacledeschamps-hotels.com\\\/kv1726-ovh\\\/#\\\/schema\\\/logo\\\/image\\\/\"}}]}<\/script>\n<!-- \/ Yoast SEO plugin. -->","yoast_head_json":{"title":"Activit\u00e9s - la cl\u00e9 des champs","robots":{"index":"index","follow":"follow","max-snippet":"max-snippet:-1","max-image-preview":"max-image-preview:large","max-video-preview":"max-video-preview:-1"},"canonical":"https:\/\/beta.lacledeschamps-hotels.com\/kv1726-ovh\/activites\/","og_locale":"fr_FR","og_type":"article","og_title":"Activit\u00e9s - la cl\u00e9 des champs","og_description":"Nos activit\u00e9s H\u00f4tel \u00e0 Montm\u00e9lian D\u00e9couvrez nos activit\u00e9s Situ\u00e9 \u00e0 Montm\u00e9lian, La Cl\u00e9 des Champs vous propose une multitude d&#8217;activit\u00e9s captivantes lors de votre s\u00e9jour. Nich\u00e9 au c\u0153ur d&#8217;un environnement naturel exceptionnel, notre h\u00f4tel vous offre un acc\u00e8s privil\u00e9gi\u00e9 \u00e0 une vari\u00e9t\u00e9 d&#8217;exp\u00e9riences passionnantes. Que vous soyez amateur de randonn\u00e9e, [&hellip;]","og_url":"https:\/\/beta.lacledeschamps-hotels.com\/kv1726-ovh\/activites\/","og_site_name":"la cl\u00e9 des champs","article_modified_time":"2023-09-13T11:47:37+00:00","og_image":[{"url":"http:\/\/beta.lacledeschamps-hotels.com\/kv1726-ovh\/wp-content\/uploads\/2023\/07\/vin-dans-vignoble-region-viticole-moravie-du-sud-republique-tcheque-1024x683.jpg","type":"","width":"","height":""}],"twitter_card":"summary_large_image","schema":{"@context":"https:\/\/schema.org","@graph":[{"@type":"WebPage","@id":"https:\/\/beta.lacledeschamps-hotels.com\/kv1726-ovh\/activites\/","url":"https:\/\/beta.lacledeschamps-hotels.com\/kv1726-ovh\/activites\/","name":"Activit\u00e9s - la cl\u00e9 des champs","isPartOf":{"@id":"http:\/\/beta.lacledeschamps-hotels.com\/kv1726-ovh\/#website"},"primaryImageOfPage":{"@id":"https:\/\/beta.lacledeschamps-hotels.com\/kv1726-ovh\/activites\/#primaryimage"},"image":{"@id":"https:\/\/beta.lacledeschamps-hotels.com\/kv1726-ovh\/activites\/#primaryimage"},"thumbnailUrl":"http:\/\/beta.lacledeschamps-hotels.com\/kv1726-ovh\/wp-content\/uploads\/2023\/07\/vin-dans-vignoble-region-viticole-moravie-du-sud-republique-tcheque-1024x683.jpg","datePublished":"2023-07-21T09:03:41+00:00","dateModified":"2023-09-13T11:47:37+00:00","breadcrumb":{"@id":"https:\/\/beta.lacledeschamps-hotels.com\/kv1726-ovh\/activites\/#breadcrumb"},"inLanguage":"fr-FR","potentialAction":[{"@type":"ReadAction","target":["https:\/\/beta.lacledeschamps-hotels.com\/kv1726-ovh\/activites\/"]}]},{"@type":"ImageObject","inLanguage":"fr-FR","@id":"https:\/\/beta.lacledeschamps-hotels.com\/kv1726-ovh\/activites\/#primaryimage","url":"http:\/\/beta.lacledeschamps-hotels.com\/kv1726-ovh\/wp-content\/uploads\/2023\/07\/vin-dans-vignoble-region-viticole-moravie-du-sud-republique-tcheque-scaled.jpg","contentUrl":"http:\/\/beta.lacledeschamps-hotels.com\/kv1726-ovh\/wp-content\/uploads\/2023\/07\/vin-dans-vignoble-region-viticole-moravie-du-sud-republique-tcheque-scaled.jpg","width":2560,"height":1707,"caption":"The wine in the vineyard. Wine region of South Moravia Czech Republic."},{"@type":"BreadcrumbList","@id":"https:\/\/beta.lacledeschamps-hotels.com\/kv1726-ovh\/activites\/#breadcrumb","itemListElement":[{"@type":"ListItem","position":1,"name":"Accueil","item":"http:\/\/beta.lacledeschamps-hotels.com\/kv1726-ovh\/"},{"@type":"ListItem","position":2,"name":"Activit\u00e9s"}]},{"@type":"WebSite","@id":"http:\/\/beta.lacledeschamps-hotels.com\/kv1726-ovh\/#website","url":"http:\/\/beta.lacledeschamps-hotels.com\/kv1726-ovh\/","name":"la cl\u00e9 des champs","description":"","publisher":{"@id":"http:\/\/beta.lacledeschamps-hotels.com\/kv1726-ovh\/#organization"},"potentialAction":[{"@type":"SearchAction","target":{"@type":"EntryPoint","urlTemplate":"http:\/\/beta.lacledeschamps-hotels.com\/kv1726-ovh\/?s={search_term_string}"},"query-input":{"@type":"PropertyValueSpecification","valueRequired":true,"valueName":"search_term_string"}}],"inLanguage":"fr-FR"},{"@type":"Organization","@id":"http:\/\/beta.lacledeschamps-hotels.com\/kv1726-ovh\/#organization","name":"la cl\u00e9 des champs","url":"http:\/\/beta.lacledeschamps-hotels.com\/kv1726-ovh\/","logo":{"@type":"ImageObject","inLanguage":"fr-FR","@id":"http:\/\/beta.lacledeschamps-hotels.com\/kv1726-ovh\/#\/schema\/logo\/image\/","url":"http:\/\/beta.lacledeschamps-hotels.com\/kv1726-ovh\/wp-content\/uploads\/2023\/07\/Logo_la_cle_des_champs.jpg","contentUrl":"http:\/\/beta.lacledeschamps-hotels.com\/kv1726-ovh\/wp-content\/uploads\/2023\/07\/Logo_la_cle_des_champs.jpg","width":161,"height":127,"caption":"la cl\u00e9 des champs"},"image":{"@id":"http:\/\/beta.lacledeschamps-hotels.com\/kv1726-ovh\/#\/schema\/logo\/image\/"}}]}},"_links":{"self":[{"href":"http:\/\/beta.lacledeschamps-hotels.com\/kv1726-ovh\/wp-json\/wp\/v2\/pages\/20","targetHints":{"allow":["GET"]}}],"collection":[{"href":"http:\/\/beta.lacledeschamps-hotels.com\/kv1726-ovh\/wp-json\/wp\/v2\/pages"}],"about":[{"href":"http:\/\/beta.lacledeschamps-hotels.com\/kv1726-ovh\/wp-json\/wp\/v2\/types\/page"}],"author":[{"embeddable":true,"href":"http:\/\/beta.lacledeschamps-hotels.com\/kv1726-ovh\/wp-json\/wp\/v2\/users\/1"}],"replies":[{"embeddable":true,"href":"http:\/\/beta.lacledeschamps-hotels.com\/kv1726-ovh\/wp-json\/wp\/v2\/comments?post=20"}],"version-history":[{"count":145,"href":"http:\/\/beta.lacledeschamps-hotels.com\/kv1726-ovh\/wp-json\/wp\/v2\/pages\/20\/revisions"}],"predecessor-version":[{"id":2344,"href":"http:\/\/beta.lacledeschamps-hotels.com\/kv1726-ovh\/wp-json\/wp\/v2\/pages\/20\/revisions\/2344"}],"wp:attachment":[{"href":"http:\/\/beta.lacledeschamps-hotels.com\/kv1726-ovh\/wp-json\/wp\/v2\/media?parent=20"}],"curies":[{"name":"wp","href":"https:\/\/api.w.org\/{rel}","templated":true}]}}